{"id":23257,"date":"2025-06-19T16:34:07","date_gmt":"2025-06-19T15:34:07","guid":{"rendered":"https:\/\/www.accompagnementfga.ca\/isp\/foire-aux-questions-informations-generales-copy\/"},"modified":"2025-11-12T19:40:12","modified_gmt":"2025-11-12T18:40:12","slug":"faq-financement-declaration-et-frequentation","status":"publish","type":"page","link":"https:\/\/www.accompagnementfga.ca\/isp\/faq-financement-declaration-et-frequentation\/","title":{"rendered":"FAQ &#8211; Financement, d\u00e9claration et fr\u00e9quentation"},"content":{"rendered":"<div class=\"wpb-content-wrapper\"><p>[vc_row css_animation=\u00a0\u00bb\u00a0\u00bb row_type=\u00a0\u00bbrow\u00a0\u00bb use_row_as_full_screen_section=\u00a0\u00bbno\u00a0\u00bb type=\u00a0\u00bbfull_width\u00a0\u00bb text_align=\u00a0\u00bbleft\u00a0\u00bb padding_bottom=\u00a0\u00bb22&Prime;][vc_column][vc_column_text]<\/p>\n<h3>Financement, d\u00e9claration et fr\u00e9quentation<\/h3>\n<p>[\/vc_column_text][\/vc_column][\/vc_row][vc_row css_animation=\u00a0\u00bb\u00a0\u00bb row_type=\u00a0\u00bbrow\u00a0\u00bb use_row_as_full_screen_section=\u00a0\u00bbno\u00a0\u00bb type=\u00a0\u00bbfull_width\u00a0\u00bb text_align=\u00a0\u00bbleft\u00a0\u00bb padding_bottom=\u00a0\u00bb60&Prime;][vc_column][vc_separator type=\u00a0\u00bbtransparent\u00a0\u00bb border_style=\u00a0\u00bb\u00a0\u00bb][vc_column_text]<\/p>\n<p class=\"x_MsoNormal\"><b><span data-olk-copy-source=\"MessageBody\">Pour toutes questions concernant les r\u00e8gles budg\u00e9taires ou le financement en ISP, ou pour les certifications et la RAC-CFMS<br \/>\nv<\/span><\/b><b><span data-olk-copy-source=\"MessageBody\">ous pouvez adresser votre demande \u00e0 cette adresse\u00a0:\u00a0<a title=\"mailto:financement@education.gouv.qc.ca\" href=\"mailto:financement@education.gouv.qc.ca\" data-linkindex=\"0\">financement@education.gouv.qc.ca<\/a><\/span><\/b><b><\/b><\/p>\n<p>[\/vc_column_text][vc_separator type=\u00a0\u00bbtransparent\u00a0\u00bb border_style=\u00a0\u00bb\u00a0\u00bb][vc_column_text]<\/p>\n<p class=\"x_MsoNormal\"><b>Pour toutes questions concernant les d\u00e9clarations ou fr\u00e9quentations dans les syst\u00e8mes Jade ou Charlemagne concernant les CFMS, CFISA ou RAC-FMS<br \/>\n<\/b><b>vous pouvez contacter\u00a0:\u00a0<a title=\"mailto:Charlemagne-SAU@education.gouv.qc.ca\" href=\"mailto:Charlemagne-SAU@education.gouv.qc.ca\" data-linkindex=\"1\">Charlemagne-SAU@education.gouv.qc.ca<\/a><\/b><\/p>\n<p>[\/vc_column_text][\/vc_column][\/vc_row][vc_row css_animation=\u00a0\u00bb\u00a0\u00bb row_type=\u00a0\u00bbrow\u00a0\u00bb use_row_as_full_screen_section=\u00a0\u00bbno\u00a0\u00bb type=\u00a0\u00bbfull_width\u00a0\u00bb text_align=\u00a0\u00bbleft\u00a0\u00bb padding_bottom=\u00a0\u00bb60&Prime;][vc_column][vc_separator type=\u00a0\u00bbtransparent\u00a0\u00bb border_style=\u00a0\u00bb\u00a0\u00bb][vc_separator type=\u00a0\u00bbtransparent\u00a0\u00bb border_style=\u00a0\u00bb\u00a0\u00bb][vc_separator type=\u00a0\u00bbtransparent\u00a0\u00bb border_style=\u00a0\u00bb\u00a0\u00bb][vc_separator type=\u00a0\u00bbtransparent\u00a0\u00bb border_style=\u00a0\u00bb\u00a0\u00bb][\/vc_column][\/vc_row]<\/p>\n<\/div>","protected":false},"excerpt":{"rendered":"<p>[vc_row css_animation=\u00a0\u00bb\u00a0\u00bb row_type=\u00a0\u00bbrow\u00a0\u00bb use_row_as_full_screen_section=\u00a0\u00bbno\u00a0\u00bb type=\u00a0\u00bbfull_width\u00a0\u00bb text_align=\u00a0\u00bbleft\u00a0\u00bb padding_bottom=\u00a0\u00bb22&Prime;][vc_column][vc_column_text] Financement, d\u00e9claration et fr\u00e9quentation [\/vc_column_text][\/vc_column][\/vc_row][vc_row css_animation=\u00a0\u00bb\u00a0\u00bb row_type=\u00a0\u00bbrow\u00a0\u00bb use_row_as_full_screen_section=\u00a0\u00bbno\u00a0\u00bb type=\u00a0\u00bbfull_width\u00a0\u00bb text_align=\u00a0\u00bbleft\u00a0\u00bb padding_bottom=\u00a0\u00bb60&Prime;][vc_column][vc_separator type=\u00a0\u00bbtransparent\u00a0\u00bb border_style=\u00a0\u00bb\u00a0\u00bb][vc_column_text] Pour toutes questions concernant les r\u00e8gles budg\u00e9taires ou le financement en ISP, ou pour les certifications et la RAC-CFMS vous pouvez adresser votre demande \u00e0&#8230;<\/p>\n","protected":false},"author":1,"featured_media":0,"parent":0,"menu_order":0,"comment_status":"closed","ping_status":"closed","template":"","meta":{"footnotes":"","_links_to":"","_links_to_target":""},"_links":{"self":[{"href":"https:\/\/www.accompagnementfga.ca\/isp\/wp-json\/wp\/v2\/pages\/23257"}],"collection":[{"href":"https:\/\/www.accompagnementfga.ca\/isp\/wp-json\/wp\/v2\/pages"}],"about":[{"href":"https:\/\/www.accompagnementfga.ca\/isp\/wp-json\/wp\/v2\/types\/page"}],"author":[{"embeddable":true,"href":"https:\/\/www.accompagnementfga.ca\/isp\/wp-json\/wp\/v2\/users\/1"}],"replies":[{"embeddable":true,"href":"https:\/\/www.accompagnementfga.ca\/isp\/wp-json\/wp\/v2\/comments?post=23257"}],"version-history":[{"count":6,"href":"https:\/\/www.accompagnementfga.ca\/isp\/wp-json\/wp\/v2\/pages\/23257\/revisions"}],"predecessor-version":[{"id":23291,"href":"https:\/\/www.accompagnementfga.ca\/isp\/wp-json\/wp\/v2\/pages\/23257\/revisions\/23291"}],"wp:attachment":[{"href":"https:\/\/www.accompagnementfga.ca\/isp\/wp-json\/wp\/v2\/media?parent=23257"}],"curies":[{"name":"wp","href":"https:\/\/api.w.org\/{rel}","templated":true}]}}