{"id":22935,"date":"2019-02-15T15:27:03","date_gmt":"2019-02-15T14:27:03","guid":{"rendered":"http:\/\/www.accompagnementfga.ca\/isp\/bibliotheque-copy\/"},"modified":"2025-03-18T15:19:53","modified_gmt":"2025-03-18T14:19:53","slug":"rac-fms","status":"publish","type":"page","link":"https:\/\/www.accompagnementfga.ca\/isp\/rac-fms\/","title":{"rendered":"RAC-FMS"},"content":{"rendered":"<div class=\"wpb-content-wrapper\"><p>[vc_row css_animation=\u00a0\u00bb\u00a0\u00bb row_type=\u00a0\u00bbrow\u00a0\u00bb use_row_as_full_screen_section=\u00a0\u00bbno\u00a0\u00bb type=\u00a0\u00bbgrid\u00a0\u00bb text_align=\u00a0\u00bbleft\u00a0\u00bb padding_top=\u00a0\u00bb40&Prime; padding_bottom=\u00a0\u00bb20&Prime; css=\u00a0\u00bb.vc_custom_1486481161194{background-color: #ffffff !important;}\u00a0\u00bb][vc_column width=\u00a0\u00bb2\/3&Prime;][vc_separator type=\u00a0\u00bbtransparent\u00a0\u00bb border_style=\u00a0\u00bb\u00a0\u00bb][vc_row_inner row_type=\u00a0\u00bbrow\u00a0\u00bb type=\u00a0\u00bbfull_width\u00a0\u00bb use_row_as_full_screen_section_slide=\u00a0\u00bbno\u00a0\u00bb text_align=\u00a0\u00bbleft\u00a0\u00bb css_animation=\u00a0\u00bb\u00a0\u00bb][vc_column_inner][vc_column_text]Reconnaissance des acquis et des comp\u00e9tences pour l&rsquo;obtention du certificat de formation \u00e0 un m\u00e9tier semi-sp\u00e9cialis\u00e9 (RAC-FMS)[\/vc_column_text][vc_separator type=\u00a0\u00bbtransparent\u00a0\u00bb border_style=\u00a0\u00bb\u00a0\u00bb][vc_column_text][\/vc_column_text][vc_column_text]<strong>Guide administratif<\/strong><\/p>\n<p>Ce guide fournit des directives et un encadrement pour la reconnaissance des acquis et des comp\u00e9tences (RAC) menant \u00e0 l\u2019obtention d\u2019un certificat de formation \u00e0 un m\u00e9tier semi-sp\u00e9cialis\u00e9 (CFMS). Il est destin\u00e9 au personnel de gestion, professionnel, enseignant ou de soutien des centres de services scolaires qui offriront le service de RAC pour les m\u00e9tiers semi-sp\u00e9cialis\u00e9s (RAC-FMS).<\/p>\n<p><a href=\"https:\/\/www.accompagnementfga.ca\/isp\/wp-content\/uploads\/sites\/13\/2019\/02\/Guide_administratif_RAC-FMS.pdf\" class=\"mtli_attachment mtli_pdf\" target=\"_blank\" rel=\"noopener\">Guide_administratif_RAC-FMS<\/a>\u00a0 \u00a0 \u00a0<a href=\"https:\/\/www.accompagnementfga.ca\/isp\/wp-content\/uploads\/sites\/13\/2019\/02\/Administrative_Guide_RAC-TCST.pdf\" class=\"mtli_attachment mtli_pdf\" target=\"_blank\" rel=\"noopener\">Administrative_Guide_RAC-TCST<\/a><\/p>\n<p><strong>Guide de la personne candidate<\/strong><\/p>\n<p>Ce guide est disponible en version WEB, pour visualiser \u00e0 l\u2019\u00e9cran et imprimer avec une imprimante ordinaire, et en version IMPRESSION, pour une impression professionnelle selon les directives d\u2019impression suivantes\u00a0:<\/p>\n<ul>\n<li>Carton 18 X 12 pouces;<\/li>\n<li>Taille r\u00e9elle du document;<\/li>\n<li>Paysage;<\/li>\n<li>Impression recto verso et retourner sur les bords courts;<\/li>\n<li>Plier en 3 \u00e0 l&rsquo;aide des marques de pli;<\/li>\n<li>Couper l&rsquo;exc\u00e9dent de papier selon les marques de ces coupes.<\/li>\n<\/ul>\n<p><a href=\"https:\/\/www.accompagnementfga.ca\/isp\/wp-content\/uploads\/sites\/13\/2019\/02\/Guide_du_candidat_version_WEB_NL.pdf\" class=\"mtli_attachment mtli_pdf\" target=\"_blank\" rel=\"noopener\">Guide_du_candidat_version_WEB_NL<\/a>\u00a0 \u00a0 \u00a0 \u00a0 \u00a0 \u00a0 \u00a0 \u00a0 \u00a0<a href=\"https:\/\/www.accompagnementfga.ca\/isp\/wp-content\/uploads\/sites\/13\/2019\/02\/Candidate_Guide_RAC-TCST_WEB_NL.pdf\" class=\"mtli_attachment mtli_pdf\" target=\"_blank\" rel=\"noopener\">Candidate_Guide_RAC-TCST_WEB_NL<\/a><\/p>\n<p><a href=\"https:\/\/www.accompagnementfga.ca\/isp\/wp-content\/uploads\/sites\/13\/2019\/02\/Guide_du_candidat_pour_IMPRESSION_NL.pdf\" class=\"mtli_attachment mtli_pdf\" target=\"_blank\" rel=\"noopener\">Guide_du_candidat_pour_IMPRESSION_NL<\/a>\u00a0 \u00a0 \u00a0 \u00a0\u00a0<a href=\"https:\/\/www.accompagnementfga.ca\/isp\/wp-content\/uploads\/sites\/13\/2019\/02\/Candidate_Guide_RAC-TCST_IMPRESSION_NL.pdf\" class=\"mtli_attachment mtli_pdf\" target=\"_blank\" rel=\"noopener\">Candidate_Guide_RAC-TCST_IMPRESSION_NL<\/a><\/p>\n<p><strong>Document de pr\u00e9sentation \u00e0 l&#8217;employeur<\/strong><\/p>\n<p>Ce document peut \u00eatre modifi\u00e9 et personnalis\u00e9 au besoin.<\/p>\n<p><a href=\"https:\/\/www.accompagnementfga.ca\/isp\/wp-content\/uploads\/sites\/13\/2019\/02\/Document_Presentation_RAC-FMS_Employeur.docx\" class=\"mtli_attachment mtli_docx\" target=\"_blank\" rel=\"noopener\">Document_de_pr\u00e9sentation_de_la_RAC-FMS_\u00e0_l&#8217;employeur<\/a><\/p>\n<p><strong>Plan d&rsquo;action RAC-FMS<\/strong><\/p>\n<p>Ce document peut \u00eatre modifi\u00e9 et personnalis\u00e9 selon les besoins.<\/p>\n<p><a href=\"https:\/\/www.accompagnementfga.ca\/isp\/wp-content\/uploads\/sites\/13\/2019\/02\/PlanAction_RAC-FMS_Employeur.docx\" class=\"mtli_attachment mtli_docx\" target=\"_blank\" rel=\"noopener\">PlanAction_RAC-FMS_Employeur<\/a><\/p>\n<p><strong>Guide de l&#8217;employeur<\/strong><\/p>\n<p><a href=\"https:\/\/www.accompagnementfga.ca\/isp\/wp-content\/uploads\/sites\/13\/2019\/02\/Guide_Employeur_RAC-FMS_IMPRESSION.pdf\" class=\"mtli_attachment mtli_pdf\" target=\"_blank\" rel=\"noopener\">Guide_Employeur_RAC-FMS_IMPRESSION<\/a>\u00a0 \u00a0 \u00a0<a href=\"https:\/\/www.accompagnementfga.ca\/isp\/wp-content\/uploads\/sites\/13\/2019\/02\/Guide_Employeur_RAC-FMS_WEB.pdf\" class=\"mtli_attachment mtli_pdf\" target=\"_blank\" rel=\"noopener\">Guide_Employeur_RAC-FMS_WEB<\/a><\/p>\n<p><strong>Tableau de suivi des candidats et des employeurs<\/strong><\/p>\n<p><a href=\"https:\/\/www.accompagnementfga.ca\/isp\/wp-content\/uploads\/sites\/13\/2019\/02\/Tableau_suivi_RAC-FMS.xlsx\" class=\"mtli_attachment mtli_xlsx\" target=\"_blank\" rel=\"noopener\">Tableau_suivi_RAC-FMS<\/a><\/p>\n<p><strong>Plan d&rsquo;organisation de la RAC-FMS<\/strong><\/p>\n<p><a href=\"https:\/\/www.accompagnementfga.ca\/isp\/wp-content\/uploads\/sites\/13\/2019\/02\/PlanOrganisation_RAC_FMS_Modele.docx\" class=\"mtli_attachment mtli_docx\" target=\"_blank\" rel=\"noopener\">PlanOrganisation_RAC_FMS_Modele<\/a>[\/vc_column_text][\/vc_column_inner][\/vc_row_inner][vc_row_inner row_type=\u00a0\u00bbrow\u00a0\u00bb type=\u00a0\u00bbfull_width\u00a0\u00bb use_row_as_full_screen_section_slide=\u00a0\u00bbno\u00a0\u00bb text_align=\u00a0\u00bbleft\u00a0\u00bb css_animation=\u00a0\u00bb\u00a0\u00bb][vc_column_inner width=\u00a0\u00bb1\/2&Prime;][vc_column_text][\/vc_column_text][\/vc_column_inner][vc_column_inner width=\u00a0\u00bb1\/2&Prime;][vc_column_text][\/vc_column_text][\/vc_column_inner][\/vc_row_inner][\/vc_column][vc_column width=\u00a0\u00bb1\/3&Prime; css=\u00a0\u00bb.vc_custom_1599145036836{background-color: #f7f7f7 !important;}\u00a0\u00bb][vc_column_text]<\/p>\n<h3 style=\"text-align: center;\">Vid\u00e9os de formation<\/h3>\n<p style=\"text-align: center;\"><strong>Reconnaissance des acquis et des comp\u00e9tences pour le certificat de formation \u00e0 un m\u00e9tier semi-sp\u00e9cialis\u00e9 (RAC-FMS)<\/strong><\/p>\n<p>[\/vc_column_text][vc_separator type=\u00a0\u00bbtransparent\u00a0\u00bb border_style=\u00a0\u00bb\u00a0\u00bb][vc_column_text]<a href=\"https:\/\/www.youtube.com\/watch?v=s_vK7KIjIBw&amp;t=1s\" target=\"_blank\" rel=\"noopener\"><span class=\"q_font_awsome_icon q_icon_shortcode q_font_awsome_icon_holder   \" style=\"font-size: 20px;px; \"><i class=\"fa fa-youtube-play\"><\/i><\/span> La RAC FMS de A a\u0300 Z, 9 novembre 2023<\/a>[\/vc_column_text][vc_column_text]<a href=\"https:\/\/www.youtube.com\/watch?v=H9TxqAcvvLA\" target=\"_blank\" rel=\"noopener\"><span class=\"q_font_awsome_icon q_icon_shortcode q_font_awsome_icon_holder   \" style=\"font-size: 20px;px; \"><i class=\"fa fa-youtube-play\"><\/i><\/span> Contexte et modalit\u00e9s administratives<\/a>[\/vc_column_text][vc_column_text]<a href=\"https:\/\/www.youtube.com\/watch?v=hfxnScVYUBg\" target=\"_blank\" rel=\"noopener\"><span class=\"q_font_awsome_icon q_icon_shortcode q_font_awsome_icon_holder   \" style=\"font-size: 20px;px; \"><i class=\"fa fa-youtube-play\"><\/i><\/span> D\u00e9marche de RAC-FMS &#8211; De l&rsquo;accueil \u00e0 l&rsquo;entrevue de validation<\/a>[\/vc_column_text][vc_column_text]<a href=\"https:\/\/www.youtube.com\/watch?v=tvsXEEll-mE\" target=\"_blank\" rel=\"noopener\"><span class=\"q_font_awsome_icon q_icon_shortcode q_font_awsome_icon_holder   \" style=\"font-size: 20px;px; \"><i class=\"fa fa-youtube-play\"><\/i><\/span> D\u00e9marche de RAC-FMS &#8211; De l&rsquo;observation des comp\u00e9tences \u00e0 l&rsquo;\u00e9valuation<\/a>[\/vc_column_text][vc_column_text]<\/p>\n<h3 style=\"text-align: center;\">Joignez-vous \u00e0 l&rsquo;Apr\u00e8s-cours RAC-FMS<\/h3>\n<p style=\"text-align: center;\"><a href=\"https:\/\/docs.google.com\/forms\/d\/e\/1FAIpQLScjCHLIswegEJdM5zmG9jajXwsbVkDaqkw6bOIpHaxMLmQAnA\/viewform\" target=\"_blank\" rel=\"noopener\">Cliquez ici pour vous inscrire.<\/a><\/p>\n<p>[\/vc_column_text][vc_column_text]<\/p>\n<h3 style=\"text-align: center;\">Session de formation<\/h3>\n<h3 style=\"text-align: center;\">6 octobre 2020<\/h3>\n<p style=\"text-align: center;\">Document de pr\u00e9sentation<\/p>\n<p style=\"text-align: center;\"><a href=\"http:\/\/www.accompagnementfga.ca\/isp\/wp-content\/uploads\/sites\/13\/2019\/02\/PPT_RAC-FMS_session_dinfo_06-10-2020.pdf\" class=\"mtli_attachment mtli_pdf\" target=\"_blank\" rel=\"noopener\">PPT_RAC-FMS_session_dinfo_06-10-2020<\/a><\/p>\n<p>[\/vc_column_text][vc_column_text]<\/p>\n<h3 style=\"text-align: center;\">Les distinctions entre la RAC FP et la RAC-FMS<\/h3>\n<h3 style=\"text-align: center;\">16 f\u00e9vrier 2021<\/h3>\n<p style=\"text-align: center;\">Pour acc\u00e9der \u00e0 la formation :<\/p>\n<p style=\"text-align: center;\"><a href=\"https:\/\/www.youtube.com\/watch?v=1zt4OJlVBds\" target=\"_blank\" rel=\"noopener\">https:\/\/www.youtube.com\/watch?v=1zt4OJlVBds<\/a><\/p>\n<p>[\/vc_column_text][\/vc_column][\/vc_row][vc_row css_animation=\u00a0\u00bb\u00a0\u00bb row_type=\u00a0\u00bbrow\u00a0\u00bb use_row_as_full_screen_section=\u00a0\u00bbno\u00a0\u00bb type=\u00a0\u00bbgrid\u00a0\u00bb text_align=\u00a0\u00bbleft\u00a0\u00bb padding_top=\u00a0\u00bb40&Prime; padding_bottom=\u00a0\u00bb20&Prime;][vc_column width=\u00a0\u00bb1\/2&Prime;][vc_separator type=\u00a0\u00bbtransparent\u00a0\u00bb border_style=\u00a0\u00bb\u00a0\u00bb][\/vc_column][vc_column width=\u00a0\u00bb1\/2&Prime;][vc_separator type=\u00a0\u00bbtransparent\u00a0\u00bb border_style=\u00a0\u00bb\u00a0\u00bb][\/vc_column][\/vc_row]<\/p>\n<\/div>","protected":false},"excerpt":{"rendered":"<p>[vc_row css_animation=\u00a0\u00bb\u00a0\u00bb row_type=\u00a0\u00bbrow\u00a0\u00bb use_row_as_full_screen_section=\u00a0\u00bbno\u00a0\u00bb type=\u00a0\u00bbgrid\u00a0\u00bb text_align=\u00a0\u00bbleft\u00a0\u00bb padding_top=\u00a0\u00bb40&Prime; padding_bottom=\u00a0\u00bb20&Prime; css=\u00a0\u00bb.vc_custom_1486481161194{background-color: #ffffff !important;}\u00a0\u00bb][vc_column width=\u00a0\u00bb2\/3&Prime;][vc_separator type=\u00a0\u00bbtransparent\u00a0\u00bb border_style=\u00a0\u00bb\u00a0\u00bb][vc_row_inner row_type=\u00a0\u00bbrow\u00a0\u00bb type=\u00a0\u00bbfull_width\u00a0\u00bb use_row_as_full_screen_section_slide=\u00a0\u00bbno\u00a0\u00bb text_align=\u00a0\u00bbleft\u00a0\u00bb css_animation=\u00a0\u00bb\u00a0\u00bb][vc_column_inner][vc_column_text]Reconnaissance des acquis et des comp\u00e9tences pour l&rsquo;obtention du certificat de formation \u00e0 un m\u00e9tier semi-sp\u00e9cialis\u00e9 (RAC-FMS)[\/vc_column_text][vc_separator type=\u00a0\u00bbtransparent\u00a0\u00bb border_style=\u00a0\u00bb\u00a0\u00bb][vc_column_text][\/vc_column_text][vc_column_text]Guide administratif Ce guide fournit des directives et un&#8230;<\/p>\n","protected":false},"author":1,"featured_media":0,"parent":0,"menu_order":0,"comment_status":"closed","ping_status":"closed","template":"full_width.php","meta":{"footnotes":"","_links_to":"","_links_to_target":""},"_links":{"self":[{"href":"https:\/\/www.accompagnementfga.ca\/isp\/wp-json\/wp\/v2\/pages\/22935"}],"collection":[{"href":"https:\/\/www.accompagnementfga.ca\/isp\/wp-json\/wp\/v2\/pages"}],"about":[{"href":"https:\/\/www.accompagnementfga.ca\/isp\/wp-json\/wp\/v2\/types\/page"}],"author":[{"embeddable":true,"href":"https:\/\/www.accompagnementfga.ca\/isp\/wp-json\/wp\/v2\/users\/1"}],"replies":[{"embeddable":true,"href":"https:\/\/www.accompagnementfga.ca\/isp\/wp-json\/wp\/v2\/comments?post=22935"}],"version-history":[{"count":28,"href":"https:\/\/www.accompagnementfga.ca\/isp\/wp-json\/wp\/v2\/pages\/22935\/revisions"}],"predecessor-version":[{"id":23243,"href":"https:\/\/www.accompagnementfga.ca\/isp\/wp-json\/wp\/v2\/pages\/22935\/revisions\/23243"}],"wp:attachment":[{"href":"https:\/\/www.accompagnementfga.ca\/isp\/wp-json\/wp\/v2\/media?parent=22935"}],"curies":[{"name":"wp","href":"https:\/\/api.w.org\/{rel}","templated":true}]}}