{"id":22635,"date":"2017-01-10T20:57:43","date_gmt":"2017-01-10T19:57:43","guid":{"rendered":"http:\/\/www.accompagnementfga.ca\/isp\/foire-aux-questions-metiers-semi-specialises-et-repertoire-copy-2\/"},"modified":"2025-10-09T18:13:24","modified_gmt":"2025-10-09T17:13:24","slug":"foire-aux-questions-passerelle-cfms-dep","status":"publish","type":"page","link":"https:\/\/www.accompagnementfga.ca\/isp\/foire-aux-questions-passerelle-cfms-dep\/","title":{"rendered":"FAQ &#8211; Passerelle CFMS-DEP"},"content":{"rendered":"<div class=\"wpb-content-wrapper\"><p>[vc_row css_animation=\u00a0\u00bb\u00a0\u00bb row_type=\u00a0\u00bbrow\u00a0\u00bb use_row_as_full_screen_section=\u00a0\u00bbno\u00a0\u00bb type=\u00a0\u00bbfull_width\u00a0\u00bb text_align=\u00a0\u00bbleft\u00a0\u00bb padding_bottom=\u00a0\u00bb22&Prime;][vc_column][vc_column_text]<\/p>\n<h3><strong>Passerelle CFMS-DEP<\/strong><\/h3>\n<p>[\/vc_column_text][\/vc_column][\/vc_row][vc_row css_animation=\u00a0\u00bb\u00a0\u00bb row_type=\u00a0\u00bbrow\u00a0\u00bb use_row_as_full_screen_section=\u00a0\u00bbno\u00a0\u00bb type=\u00a0\u00bbfull_width\u00a0\u00bb text_align=\u00a0\u00bbleft\u00a0\u00bb padding_bottom=\u00a0\u00bb60&Prime;][vc_column width=\u00a0\u00bb1\/2&Prime;][vc_accordion active_tab=\u00a0\u00bbfalse\u00a0\u00bb style=\u00a0\u00bbtoggle\u00a0\u00bb][vc_accordion_tab title=\u00a0\u00bbO\u00f9 trouver la liste des programmes d&rsquo;\u00e9tudes professionnelles auxquels il est possible d&rsquo;acc\u00e9der par la passerelle CFMS-DEP?\u00a0\u00bb][vc_separator type=\u00a0\u00bbtransparent\u00a0\u00bb border_style=\u00a0\u00bb\u00a0\u00bb][vc_column_text]La liste des programmes d&rsquo;\u00e9tudes professionnelles accessibles par la passerelle se trouve dans le <a href=\"https:\/\/www.quebec.ca\/education\/formation-professionnelle-education-adultes\/la-formation-professionnelle\/documents-administratifs\" target=\"_blank\" rel=\"noopener\">document administratif ayant trait \u00e0 la formation professionnelle<\/a>.[\/vc_column_text][\/vc_accordion_tab][vc_accordion_tab title=\u00a0\u00bbQuel est l\u2019avantage de la passerelle pour l\u2019adulte qui r\u00e9pond aux conditions d\u2019admission d\u2019un programme de formation professionnelle?\u00a0\u00bb][vc_separator type=\u00a0\u00bbtransparent\u00a0\u00bb border_style=\u00a0\u00bb\u00a0\u00bb][vc_column_text]Si l\u2019adulte r\u00e9pond d\u00e9j\u00e0 aux conditions d\u2019admission d\u2019un programme de formation professionnelle, il n\u2019a pas d\u2019avantage \u00e0 utiliser la passerelle pour y acc\u00e9der. Toutefois, pour l\u2019adulte qui ne poss\u00e8de pas les unit\u00e9s de 3<sup>e<\/sup> secondaire en langue d\u2019enseignement, langue seconde et math\u00e9matique, mais qui est titulaire du CFMS, la passerelle lui permet d\u2019acc\u00e9der aux programmes d\u2019\u00e9tudes de la formation professionnelle de cat\u00e9gorie 2 avec des unit\u00e9s de 2<sup>e<\/sup> secondaire dans ces mati\u00e8res.[\/vc_column_text][\/vc_accordion_tab][\/vc_accordion][vc_separator type=\u00a0\u00bbtransparent\u00a0\u00bb border_style=\u00a0\u00bb\u00a0\u00bb][vc_separator type=\u00a0\u00bbtransparent\u00a0\u00bb border_style=\u00a0\u00bb\u00a0\u00bb][vc_separator type=\u00a0\u00bbtransparent\u00a0\u00bb border_style=\u00a0\u00bb\u00a0\u00bb][vc_separator type=\u00a0\u00bbtransparent\u00a0\u00bb border_style=\u00a0\u00bb\u00a0\u00bb][\/vc_column][vc_column width=\u00a0\u00bb1\/2&Prime;][vc_accordion active_tab=\u00a0\u00bbfalse\u00a0\u00bb style=\u00a0\u00bbtoggle\u00a0\u00bb][vc_accordion_tab title=\u00a0\u00bbPoser une question?\u00a0\u00bb][vc_column_text]<strong>Nous joindre par courriel<\/strong><\/p>\n<p><strong><a title=\"mailto:ISP@education.gouv.qc.ca\" href=\"mailto:ISP@education.gouv.qc.ca\" data-linkindex=\"0\" data-olk-copy-source=\"MessageBody\">ISP@education.gouv.qc.ca<\/a><\/strong>[\/vc_column_text][\/vc_accordion_tab][\/vc_accordion][\/vc_column][\/vc_row]<\/p>\n<\/div>","protected":false},"excerpt":{"rendered":"<p>[vc_row css_animation=\u00a0\u00bb\u00a0\u00bb row_type=\u00a0\u00bbrow\u00a0\u00bb use_row_as_full_screen_section=\u00a0\u00bbno\u00a0\u00bb type=\u00a0\u00bbfull_width\u00a0\u00bb text_align=\u00a0\u00bbleft\u00a0\u00bb padding_bottom=\u00a0\u00bb22&Prime;][vc_column][vc_column_text] Passerelle CFMS-DEP [\/vc_column_text][\/vc_column][\/vc_row][vc_row css_animation=\u00a0\u00bb\u00a0\u00bb row_type=\u00a0\u00bbrow\u00a0\u00bb use_row_as_full_screen_section=\u00a0\u00bbno\u00a0\u00bb type=\u00a0\u00bbfull_width\u00a0\u00bb text_align=\u00a0\u00bbleft\u00a0\u00bb padding_bottom=\u00a0\u00bb60&Prime;][vc_column width=\u00a0\u00bb1\/2&Prime;][vc_accordion active_tab=\u00a0\u00bbfalse\u00a0\u00bb style=\u00a0\u00bbtoggle\u00a0\u00bb][vc_accordion_tab title=\u00a0\u00bbO\u00f9 trouver la liste des programmes d&rsquo;\u00e9tudes professionnelles auxquels il est possible d&rsquo;acc\u00e9der par la passerelle CFMS-DEP?\u00a0\u00bb][vc_separator type=\u00a0\u00bbtransparent\u00a0\u00bb border_style=\u00a0\u00bb\u00a0\u00bb][vc_column_text]La liste des programmes d&rsquo;\u00e9tudes professionnelles accessibles par&#8230;<\/p>\n","protected":false},"author":1,"featured_media":0,"parent":0,"menu_order":0,"comment_status":"closed","ping_status":"closed","template":"","meta":{"footnotes":"","_links_to":"","_links_to_target":""},"_links":{"self":[{"href":"https:\/\/www.accompagnementfga.ca\/isp\/wp-json\/wp\/v2\/pages\/22635"}],"collection":[{"href":"https:\/\/www.accompagnementfga.ca\/isp\/wp-json\/wp\/v2\/pages"}],"about":[{"href":"https:\/\/www.accompagnementfga.ca\/isp\/wp-json\/wp\/v2\/types\/page"}],"author":[{"embeddable":true,"href":"https:\/\/www.accompagnementfga.ca\/isp\/wp-json\/wp\/v2\/users\/1"}],"replies":[{"embeddable":true,"href":"https:\/\/www.accompagnementfga.ca\/isp\/wp-json\/wp\/v2\/comments?post=22635"}],"version-history":[{"count":16,"href":"https:\/\/www.accompagnementfga.ca\/isp\/wp-json\/wp\/v2\/pages\/22635\/revisions"}],"predecessor-version":[{"id":23283,"href":"https:\/\/www.accompagnementfga.ca\/isp\/wp-json\/wp\/v2\/pages\/22635\/revisions\/23283"}],"wp:attachment":[{"href":"https:\/\/www.accompagnementfga.ca\/isp\/wp-json\/wp\/v2\/media?parent=22635"}],"curies":[{"name":"wp","href":"https:\/\/api.w.org\/{rel}","templated":true}]}}