{"id":22950,"date":"2021-11-01T19:03:49","date_gmt":"2021-11-01T18:03:49","guid":{"rendered":"https:\/\/www.accompagnementfga.ca\/fle\/blocs\/bloc-5-enseigner-loral-seq2-copy\/"},"modified":"2024-04-12T20:21:09","modified_gmt":"2024-04-12T19:21:09","slug":"bloc-5-enseigner-loral-2","status":"publish","type":"page","link":"https:\/\/www.accompagnementfga.ca\/fle\/blocs\/bloc-5-enseigner-loral-2\/","title":{"rendered":"Enseigner l\u2019oral <font size=\"3\" color=\"#e6ae48\"> (S\u00e9quence 2)<\/font>"},"content":{"rendered":"<div class=\"wpb-content-wrapper\"><p>[vc_row css_animation=\u00a0\u00bb\u00a0\u00bb row_type=\u00a0\u00bbrow\u00a0\u00bb use_row_as_full_screen_section=\u00a0\u00bbno\u00a0\u00bb type=\u00a0\u00bbgrid\u00a0\u00bb text_align=\u00a0\u00bbleft\u00a0\u00bb padding_top=\u00a0\u00bb22&Prime; padding_bottom=\u00a0\u00bb22&Prime;][vc_column width=\u00a0\u00bb2\/6&Prime;][vc_single_image image=\u00a0\u00bb22978&Prime; img_size=\u00a0\u00bbfull\u00a0\u00bb qode_css_animation=\u00a0\u00bb\u00a0\u00bb][\/vc_column][vc_column width=\u00a0\u00bb4\/6&Prime;][vc_row_inner row_type=\u00a0\u00bbrow\u00a0\u00bb type=\u00a0\u00bbfull_width\u00a0\u00bb use_row_as_full_screen_section_slide=\u00a0\u00bbno\u00a0\u00bb text_align=\u00a0\u00bbleft\u00a0\u00bb css_animation=\u00a0\u00bb\u00a0\u00bb][vc_column_inner width=\u00a0\u00bb1\/2&Prime;][vc_column_text]<\/p>\n<h2>Enseigner l\u2019oral <span style=\"color: #e6ae48; font-size: medium;\"> (S\u00e9quence 2)<\/span><\/h2>\n<p>[\/vc_column_text][vc_column_text]<\/p>\n<h1><\/h1>\n<p style=\"margin: 0cm; margin-bottom: .0001pt; text-align: justify;\"><span style=\"font-family: 'Arial','sans-serif';\">Ce cinqui\u00e8me bloc d\u2019accompagnement a pour but de soutenir les enseignantes et les enseignants dans l\u2019enseignement de la comp\u00e9tence 3 <i>Communiquer oralement.<\/i><\/span><\/p>\n<p>[\/vc_column_text][vc_separator type=\u00a0\u00bbtransparent\u00a0\u00bb border_style=\u00a0\u00bb\u00a0\u00bb][vc_column_text]<\/p>\n<h1><\/h1>\n<p><a href=\"https:\/\/www.accompagnementfga.ca\/fle\/wp-content\/uploads\/sites\/3\/2020\/04\/Tutoriel-pour-visionner-les-vide\u0301os.pdf\" class=\"mtli_attachment mtli_pdf\" target=\"_blank\" rel=\"noopener\">Tutoriel sur le visionnement des vid\u00e9os<\/a>[\/vc_column_text][\/vc_column_inner][vc_column_inner width=\u00a0\u00bb1\/2&Prime;][\/vc_column_inner][\/vc_row_inner][\/vc_column][\/vc_row][vc_row css_animation=\u00a0\u00bb\u00a0\u00bb row_type=\u00a0\u00bbrow\u00a0\u00bb use_row_as_full_screen_section=\u00a0\u00bbno\u00a0\u00bb type=\u00a0\u00bbgrid\u00a0\u00bb text_align=\u00a0\u00bbleft\u00a0\u00bb background_color=\u00a0\u00bb#ffffff\u00a0\u00bb padding_top=\u00a0\u00bb22&Prime; padding_bottom=\u00a0\u00bb22&Prime;][vc_column][vc_row_inner row_type=\u00a0\u00bbrow\u00a0\u00bb type=\u00a0\u00bbfull_width\u00a0\u00bb use_row_as_full_screen_section_slide=\u00a0\u00bbno\u00a0\u00bb text_align=\u00a0\u00bbleft\u00a0\u00bb css_animation=\u00a0\u00bb\u00a0\u00bb][vc_column_inner width=\u00a0\u00bb2\/6&Prime;]<span class=\"fa-stack q_icon_shortcode q_font_awsome_icon_holder q_font_awsome_icon_circle fa-4x pull-center \" style=\"color: #ffffff;background-color: #e0e0e0; \"><i class=\"fa fa-compass\"><\/i><\/span>[vc_separator type=\u00a0\u00bbtransparent\u00a0\u00bb border_style=\u00a0\u00bb\u00a0\u00bb][\/vc_column_inner][vc_column_inner width=\u00a0\u00bb4\/6&Prime;][vc_column_text]<\/p>\n<h5 style=\"text-align: left;\">La s\u00e9quence d\u2019enseignement de l\u2019oral 2<\/h5>\n<p>[\/vc_column_text][vc_column_text]<em>Intention : Se donner une vue d\u2019ensemble des documents sur l\u2019enseignement de la communication orale en FLE<\/em><\/p>\n<p>&nbsp;<\/p>\n<p><a href=\"https:\/\/www.accompagnementfga.ca\/fle\/wp-content\/uploads\/sites\/3\/2021\/11\/S\u00e9quence-denseignement-de-loral-2.pdf\" class=\"mtli_attachment mtli_pdf\" target=\"_blank\" rel=\"noopener\">Contenu de la s\u00e9quence 2 : l\u2019\u00e9coute <\/a>[\/vc_column_text][\/vc_column_inner][\/vc_row_inner][\/vc_column][\/vc_row][vc_row css_animation=\u00a0\u00bb\u00a0\u00bb row_type=\u00a0\u00bbrow\u00a0\u00bb use_row_as_full_screen_section=\u00a0\u00bbno\u00a0\u00bb type=\u00a0\u00bbgrid\u00a0\u00bb text_align=\u00a0\u00bbleft\u00a0\u00bb background_color=\u00a0\u00bb#f5f5f5&Prime; padding_top=\u00a0\u00bb22&Prime; padding_bottom=\u00a0\u00bb22&Prime;][vc_column][vc_row_inner row_type=\u00a0\u00bbrow\u00a0\u00bb type=\u00a0\u00bbfull_width\u00a0\u00bb use_row_as_full_screen_section_slide=\u00a0\u00bbno\u00a0\u00bb text_align=\u00a0\u00bbleft\u00a0\u00bb css_animation=\u00a0\u00bb\u00a0\u00bb][vc_column_inner width=\u00a0\u00bb2\/6&Prime;]<span class=\"fa-stack q_icon_shortcode q_font_awsome_icon_holder q_font_awsome_icon_circle fa-4x pull-center \" style=\"color: #ffffff;background-color: #f2da7d; \"><i class=\"fa fa-puzzle-piece\"><\/i><\/span>[vc_separator type=\u00a0\u00bbtransparent\u00a0\u00bb border_style=\u00a0\u00bb\u00a0\u00bb][\/vc_column_inner][vc_column_inner width=\u00a0\u00bb4\/6&Prime;][vc_column_text]<\/p>\n<h5 style=\"text-align: left;\">La production initiale et l\u2019\u00e9tat des connaissances<\/h5>\n<p>[\/vc_column_text][vc_column_text]<em>Intention : Mieux situer son ro\u0302le d\u2019enseignant et celui de l\u2019adulte lors de la planification et de l\u2019animation des ateliers sur la communication orale<\/em><\/p>\n<p><span class=\"q_font_awsome_icon q_icon_shortcode q_font_awsome_icon_holder   \" style=\"font-size: 20px;px; \"><i class=\"fa fa-youtube-play\"><\/i><\/span> <a id=\"69ee3e1b5b75d\" rel=\"wp-video-lightbox\" href=\"https:\/\/www.youtube.com\/watch?v=n7UxEa4h9Jw&#038;width=640&#038;height=480\" title=\"\">Vid\u00e9o<\/a>    <script>\r\n    \/* <![CDATA[ *\/\r\n    jQuery(document).ready(function($){\r\n        $(function(){\r\n            var width = $(window).innerWidth();\r\n            var setwidth = parseFloat(640);\r\n            var ratio = parseFloat(0.75);\r\n            var height = parseFloat(480);\r\n            var link = 'https:\/\/www.youtube.com\/watch?v=n7UxEa4h9Jw&amp;width=640&amp;height=480';\r\n            if(width < setwidth)\r\n            {\r\n                height = Math.floor(width * 0.75);\r\n                \/\/console.log(\"device width \"+width+\", set width \"+640+\", ratio \"+0.75+\", new height \"+ height);\r\n                var new_url = wpvl_paramReplace('width', link, width);\r\n                var new_url = wpvl_paramReplace('height', new_url, height);\r\n                $(\"a#69ee3e1b5b75d\").attr('href', new_url);\r\n                \/\/console.log(new_url);\r\n            }\r\n        });\r\n    });\r\n    \/* ]]> *\/\r\n    <\/script> \u00a0 \u00a0 \u00a0<a href=\"https:\/\/www.accompagnementfga.ca\/fle\/wp-content\/uploads\/sites\/3\/2021\/11\/Atelier-La-production-initiale.pdf\" class=\"mtli_attachment mtli_pdf\" target=\"_blank\" rel=\"noopener\">Atelier<\/a> \u00a0 \u00a0 \u00a0<a href=\"https:\/\/www.accompagnementfga.ca\/fle\/wp-content\/uploads\/sites\/3\/2021\/11\/Fiches-reproductibles-La-production-initiale.docx\" class=\"mtli_attachment mtli_docx\" target=\"_blank\" rel=\"noopener\">Fiches reproductibles<\/a>[\/vc_column_text][\/vc_column_inner][\/vc_row_inner][\/vc_column][\/vc_row][vc_row css_animation=\u00a0\u00bb\u00a0\u00bb row_type=\u00a0\u00bbrow\u00a0\u00bb use_row_as_full_screen_section=\u00a0\u00bbno\u00a0\u00bb type=\u00a0\u00bbgrid\u00a0\u00bb text_align=\u00a0\u00bbleft\u00a0\u00bb background_color=\u00a0\u00bb#ffffff\u00a0\u00bb padding_top=\u00a0\u00bb22&Prime; padding_bottom=\u00a0\u00bb22&Prime;][vc_column][vc_row_inner row_type=\u00a0\u00bbrow\u00a0\u00bb type=\u00a0\u00bbfull_width\u00a0\u00bb use_row_as_full_screen_section_slide=\u00a0\u00bbno\u00a0\u00bb text_align=\u00a0\u00bbleft\u00a0\u00bb css_animation=\u00a0\u00bb\u00a0\u00bb][vc_column_inner width=\u00a0\u00bb2\/6&Prime;]<span class=\"fa-stack q_icon_shortcode q_font_awsome_icon_holder q_font_awsome_icon_circle fa-4x pull-center \" style=\"color: #ffffff;background-color: #e0e0e0; \"><i class=\"fa fa-puzzle-piece\"><\/i><\/span>[vc_separator type=\u00a0\u00bbtransparent\u00a0\u00bb border_style=\u00a0\u00bb\u00a0\u00bb][\/vc_column_inner][vc_column_inner width=\u00a0\u00bb4\/6&Prime;][vc_column_text]<\/p>\n<h5 style=\"text-align: left;\">Atelier formatif 1 &#8211; La prise de notes<\/h5>\n<p>[\/vc_column_text][vc_column_text]<em>Intention : Mieux situer son ro\u0302le d\u2019enseignant et celui de l\u2019adulte lors de la planification et de l\u2019animation des ateliers sur la communication orale<\/em><\/p>\n<p><span class=\"q_font_awsome_icon q_icon_shortcode q_font_awsome_icon_holder   \" style=\"font-size: 20px;px; \"><i class=\"fa fa-youtube-play\"><\/i><\/span> <a id=\"69ee3e1b5b7d2\" rel=\"wp-video-lightbox\" href=\"https:\/\/www.youtube.com\/watch?v=IByImb6DCrY&#038;width=640&#038;height=480\" title=\"\">Vid\u00e9o<\/a>    <script>\r\n    \/* <![CDATA[ *\/\r\n    jQuery(document).ready(function($){\r\n        $(function(){\r\n            var width = $(window).innerWidth();\r\n            var setwidth = parseFloat(640);\r\n            var ratio = parseFloat(0.75);\r\n            var height = parseFloat(480);\r\n            var link = 'https:\/\/www.youtube.com\/watch?v=IByImb6DCrY&amp;width=640&amp;height=480';\r\n            if(width < setwidth)\r\n            {\r\n                height = Math.floor(width * 0.75);\r\n                \/\/console.log(\"device width \"+width+\", set width \"+640+\", ratio \"+0.75+\", new height \"+ height);\r\n                var new_url = wpvl_paramReplace('width', link, width);\r\n                var new_url = wpvl_paramReplace('height', new_url, height);\r\n                $(\"a#69ee3e1b5b7d2\").attr('href', new_url);\r\n                \/\/console.log(new_url);\r\n            }\r\n        });\r\n    });\r\n    \/* ]]> *\/\r\n    <\/script> \u00a0 \u00a0 \u00a0<a href=\"https:\/\/www.accompagnementfga.ca\/fle\/wp-content\/uploads\/sites\/3\/2021\/11\/Atelier-formatif-1-La-prise-de-notes-S2.pdf\" class=\"mtli_attachment mtli_pdf\" target=\"_blank\" rel=\"noopener\">Atelier formatif 1<\/a>\u00a0 \u00a0 \u00a0\u00a0<a href=\"https:\/\/www.accompagnementfga.ca\/fle\/wp-content\/uploads\/sites\/3\/2021\/11\/Atelier-formatif-1-Fiches-reproductibles_La-prise-de-notes-S2.docx\" class=\"mtli_attachment mtli_docx\" target=\"_blank\" rel=\"noopener\">Fiches reproductibles<\/a>[\/vc_column_text][\/vc_column_inner][\/vc_row_inner][\/vc_column][\/vc_row][vc_row css_animation=\u00a0\u00bb\u00a0\u00bb row_type=\u00a0\u00bbrow\u00a0\u00bb use_row_as_full_screen_section=\u00a0\u00bbno\u00a0\u00bb type=\u00a0\u00bbgrid\u00a0\u00bb text_align=\u00a0\u00bbleft\u00a0\u00bb background_color=\u00a0\u00bb#f5f5f5&Prime; padding_top=\u00a0\u00bb22&Prime; padding_bottom=\u00a0\u00bb22&Prime;][vc_column][vc_row_inner row_type=\u00a0\u00bbrow\u00a0\u00bb type=\u00a0\u00bbfull_width\u00a0\u00bb use_row_as_full_screen_section_slide=\u00a0\u00bbno\u00a0\u00bb text_align=\u00a0\u00bbleft\u00a0\u00bb css_animation=\u00a0\u00bb\u00a0\u00bb][vc_column_inner width=\u00a0\u00bb2\/6&Prime;]<span class=\"fa-stack q_icon_shortcode q_font_awsome_icon_holder q_font_awsome_icon_circle fa-4x pull-center \" style=\"color: #ffffff;background-color: #f2da7d; \"><i class=\"fa fa-puzzle-piece\"><\/i><\/span>[vc_separator type=\u00a0\u00bbtransparent\u00a0\u00bb border_style=\u00a0\u00bb\u00a0\u00bb][\/vc_column_inner][vc_column_inner width=\u00a0\u00bb4\/6&Prime;][vc_column_text]<\/p>\n<h5 style=\"text-align: left;\">Atelier formatif 2 &#8211; Le genre chanson engag\u00e9e<\/h5>\n<p>[\/vc_column_text][vc_column_text]<em>Intention : Mieux situer son ro\u0302le d\u2019enseignant et celui de l\u2019adulte lors de la planification et de l\u2019animation des ateliers sur la communication orale<\/em><\/p>\n<p><span class=\"q_font_awsome_icon q_icon_shortcode q_font_awsome_icon_holder   \" style=\"font-size: 20px;px; \"><i class=\"fa fa-youtube-play\"><\/i><\/span> <a id=\"69ee3e1b5b821\" rel=\"wp-video-lightbox\" href=\"https:\/\/www.youtube.com\/watch?v=5GgI4AtuCNA&#038;width=640&#038;height=480\" title=\"\">Vid\u00e9o<\/a>    <script>\r\n    \/* <![CDATA[ *\/\r\n    jQuery(document).ready(function($){\r\n        $(function(){\r\n            var width = $(window).innerWidth();\r\n            var setwidth = parseFloat(640);\r\n            var ratio = parseFloat(0.75);\r\n            var height = parseFloat(480);\r\n            var link = 'https:\/\/www.youtube.com\/watch?v=5GgI4AtuCNA&amp;width=640&amp;height=480';\r\n            if(width < setwidth)\r\n            {\r\n                height = Math.floor(width * 0.75);\r\n                \/\/console.log(\"device width \"+width+\", set width \"+640+\", ratio \"+0.75+\", new height \"+ height);\r\n                var new_url = wpvl_paramReplace('width', link, width);\r\n                var new_url = wpvl_paramReplace('height', new_url, height);\r\n                $(\"a#69ee3e1b5b821\").attr('href', new_url);\r\n                \/\/console.log(new_url);\r\n            }\r\n        });\r\n    });\r\n    \/* ]]> *\/\r\n    <\/script> \u00a0 \u00a0 \u00a0<a href=\"https:\/\/www.accompagnementfga.ca\/fle\/wp-content\/uploads\/sites\/3\/2021\/11\/Atelier-formatif-2-Le-genre-chanson-engag\u00e9e.pdf\" class=\"mtli_attachment mtli_pdf\" target=\"_blank\" rel=\"noopener\">Atelier formatif 2<\/a>\u00a0 \u00a0 \u00a0\u00a0<a href=\"https:\/\/www.accompagnementfga.ca\/fle\/wp-content\/uploads\/sites\/3\/2021\/11\/Atelier-formatif-2-Fiches-reproductibles_Le-genre-chanson-engag\u00e9e.docx\" class=\"mtli_attachment mtli_docx\" target=\"_blank\" rel=\"noopener\">Fiches reproductibles<\/a>[\/vc_column_text][\/vc_column_inner][\/vc_row_inner][\/vc_column][\/vc_row][vc_row css_animation=\u00a0\u00bb\u00a0\u00bb row_type=\u00a0\u00bbrow\u00a0\u00bb use_row_as_full_screen_section=\u00a0\u00bbno\u00a0\u00bb type=\u00a0\u00bbgrid\u00a0\u00bb text_align=\u00a0\u00bbleft\u00a0\u00bb background_color=\u00a0\u00bb#ffffff\u00a0\u00bb padding_top=\u00a0\u00bb22&Prime; padding_bottom=\u00a0\u00bb22&Prime;][vc_column][vc_row_inner row_type=\u00a0\u00bbrow\u00a0\u00bb type=\u00a0\u00bbfull_width\u00a0\u00bb use_row_as_full_screen_section_slide=\u00a0\u00bbno\u00a0\u00bb text_align=\u00a0\u00bbleft\u00a0\u00bb css_animation=\u00a0\u00bb\u00a0\u00bb][vc_column_inner width=\u00a0\u00bb2\/6&Prime;]<span class=\"fa-stack q_icon_shortcode q_font_awsome_icon_holder q_font_awsome_icon_circle fa-4x pull-center \" style=\"color: #ffffff;background-color: #e0e0e0; \"><i class=\"fa fa-puzzle-piece\"><\/i><\/span>[vc_separator type=\u00a0\u00bbtransparent\u00a0\u00bb border_style=\u00a0\u00bb\u00a0\u00bb][\/vc_column_inner][vc_column_inner width=\u00a0\u00bb4\/6&Prime;][vc_column_text]<\/p>\n<h5 style=\"text-align: left;\">Atelier formatif 3 &#8211; Le genre reportage audiovisuel<\/h5>\n<p>[\/vc_column_text][vc_column_text]<em>Intention : Mieux situer son ro\u0302le d\u2019enseignant et celui de l\u2019adulte lors de la planification et de l\u2019animation des ateliers sur la communication orale<\/em><\/p>\n<p><span class=\"q_font_awsome_icon q_icon_shortcode q_font_awsome_icon_holder   \" style=\"font-size: 20px;px; \"><i class=\"fa fa-youtube-play\"><\/i><\/span> <a id=\"69ee3e1b5b862\" rel=\"wp-video-lightbox\" href=\"https:\/\/www.youtube.com\/watch?v=h3B05SXXz-g&#038;width=640&#038;height=480\" title=\"\">Vid\u00e9o<\/a>    <script>\r\n    \/* <![CDATA[ *\/\r\n    jQuery(document).ready(function($){\r\n        $(function(){\r\n            var width = $(window).innerWidth();\r\n            var setwidth = parseFloat(640);\r\n            var ratio = parseFloat(0.75);\r\n            var height = parseFloat(480);\r\n            var link = 'https:\/\/www.youtube.com\/watch?v=h3B05SXXz-g&amp;width=640&amp;height=480';\r\n            if(width < setwidth)\r\n            {\r\n                height = Math.floor(width * 0.75);\r\n                \/\/console.log(\"device width \"+width+\", set width \"+640+\", ratio \"+0.75+\", new height \"+ height);\r\n                var new_url = wpvl_paramReplace('width', link, width);\r\n                var new_url = wpvl_paramReplace('height', new_url, height);\r\n                $(\"a#69ee3e1b5b862\").attr('href', new_url);\r\n                \/\/console.log(new_url);\r\n            }\r\n        });\r\n    });\r\n    \/* ]]> *\/\r\n    <\/script> \u00a0 \u00a0 \u00a0<a href=\"https:\/\/www.accompagnementfga.ca\/fle\/wp-content\/uploads\/sites\/3\/2021\/11\/Atelier-formatif-3-Le-genre-reportage-audiovisuel.pdf\" class=\"mtli_attachment mtli_pdf\" target=\"_blank\" rel=\"noopener\">Atelier formatif 3<\/a>\u00a0 \u00a0 \u00a0\u00a0<a href=\"https:\/\/www.accompagnementfga.ca\/fle\/wp-content\/uploads\/sites\/3\/2021\/11\/Atelier-formatif-3-Fiches-reproductibles_Le-genre-reportage-audiovisuel.docx\" class=\"mtli_attachment mtli_docx\" target=\"_blank\" rel=\"noopener\">Fiches reproductibles <\/a>[\/vc_column_text][\/vc_column_inner][\/vc_row_inner][\/vc_column][\/vc_row][vc_row css_animation=\u00a0\u00bb\u00a0\u00bb row_type=\u00a0\u00bbrow\u00a0\u00bb use_row_as_full_screen_section=\u00a0\u00bbno\u00a0\u00bb type=\u00a0\u00bbgrid\u00a0\u00bb text_align=\u00a0\u00bbleft\u00a0\u00bb background_color=\u00a0\u00bb#f5f5f5&Prime; padding_top=\u00a0\u00bb22&Prime; padding_bottom=\u00a0\u00bb22&Prime;][vc_column][vc_row_inner row_type=\u00a0\u00bbrow\u00a0\u00bb type=\u00a0\u00bbfull_width\u00a0\u00bb use_row_as_full_screen_section_slide=\u00a0\u00bbno\u00a0\u00bb text_align=\u00a0\u00bbleft\u00a0\u00bb css_animation=\u00a0\u00bb\u00a0\u00bb][vc_column_inner width=\u00a0\u00bb2\/6&Prime;]<span class=\"fa-stack q_icon_shortcode q_font_awsome_icon_holder q_font_awsome_icon_circle fa-4x pull-center \" style=\"color: #ffffff;background-color: #f2da7d; \"><i class=\"fa fa-puzzle-piece\"><\/i><\/span>[vc_separator type=\u00a0\u00bbtransparent\u00a0\u00bb border_style=\u00a0\u00bb\u00a0\u00bb][\/vc_column_inner][vc_column_inner width=\u00a0\u00bb4\/6&Prime;][vc_column_text]<\/p>\n<h5 style=\"text-align: left;\">Atelier formatif 4 &#8211; Le genre expos\u00e9 explicatif (S1)<\/h5>\n<p>[\/vc_column_text][vc_column_text]<em>Intention : Mieux situer son ro\u0302le d\u2019enseignant et celui de l\u2019adulte lors de la planification et de l\u2019animation des ateliers sur la communication orale<\/em><\/p>\n<p><span class=\"q_font_awsome_icon q_icon_shortcode q_font_awsome_icon_holder   \" style=\"font-size: 20px;px; \"><i class=\"fa fa-youtube-play\"><\/i><\/span> <a id=\"69ee3e1b5b89f\" rel=\"wp-video-lightbox\" href=\"https:\/\/www.youtube.com\/watch?v=GGY34zhtlV8&#038;width=640&#038;height=480\" title=\"\">Vid\u00e9o<\/a>    <script>\r\n    \/* <![CDATA[ *\/\r\n    jQuery(document).ready(function($){\r\n        $(function(){\r\n            var width = $(window).innerWidth();\r\n            var setwidth = parseFloat(640);\r\n            var ratio = parseFloat(0.75);\r\n            var height = parseFloat(480);\r\n            var link = 'https:\/\/www.youtube.com\/watch?v=GGY34zhtlV8&amp;width=640&amp;height=480';\r\n            if(width < setwidth)\r\n            {\r\n                height = Math.floor(width * 0.75);\r\n                \/\/console.log(\"device width \"+width+\", set width \"+640+\", ratio \"+0.75+\", new height \"+ height);\r\n                var new_url = wpvl_paramReplace('width', link, width);\r\n                var new_url = wpvl_paramReplace('height', new_url, height);\r\n                $(\"a#69ee3e1b5b89f\").attr('href', new_url);\r\n                \/\/console.log(new_url);\r\n            }\r\n        });\r\n    });\r\n    \/* ]]> *\/\r\n    <\/script> \u00a0 \u00a0 \u00a0<a href=\"https:\/\/www.accompagnementfga.ca\/fle\/wp-content\/uploads\/sites\/3\/2021\/11\/Atelier-formatif-4-Le-genre-expos\u00e9-explicatif.pdf\" class=\"mtli_attachment mtli_pdf\" target=\"_blank\" rel=\"noopener\">Atelier formatif 4<\/a>\u00a0 \u00a0 \u00a0\u00a0<a href=\"https:\/\/www.accompagnementfga.ca\/fle\/wp-content\/uploads\/sites\/3\/2021\/11\/Atelier-formatif-4-Fiches-reproductibles_Le-genre-expos\u00e9-explicatif.docx\" class=\"mtli_attachment mtli_docx\" target=\"_blank\" rel=\"noopener\">Fiches reproductibles<\/a>[\/vc_column_text][\/vc_column_inner][\/vc_row_inner][\/vc_column][\/vc_row][vc_row css_animation=\u00a0\u00bb\u00a0\u00bb row_type=\u00a0\u00bbrow\u00a0\u00bb use_row_as_full_screen_section=\u00a0\u00bbno\u00a0\u00bb type=\u00a0\u00bbgrid\u00a0\u00bb text_align=\u00a0\u00bbleft\u00a0\u00bb background_color=\u00a0\u00bb#ffffff\u00a0\u00bb padding_top=\u00a0\u00bb22&Prime; padding_bottom=\u00a0\u00bb22&Prime;][vc_column][vc_row_inner row_type=\u00a0\u00bbrow\u00a0\u00bb type=\u00a0\u00bbfull_width\u00a0\u00bb use_row_as_full_screen_section_slide=\u00a0\u00bbno\u00a0\u00bb text_align=\u00a0\u00bbleft\u00a0\u00bb css_animation=\u00a0\u00bb\u00a0\u00bb][vc_column_inner width=\u00a0\u00bb2\/6&Prime;]<span class=\"fa-stack q_icon_shortcode q_font_awsome_icon_holder q_font_awsome_icon_circle fa-4x pull-center \" style=\"color: #ffffff;background-color: #e0e0e0; \"><i class=\"fa fa-puzzle-piece\"><\/i><\/span>[vc_separator type=\u00a0\u00bbtransparent\u00a0\u00bb border_style=\u00a0\u00bb\u00a0\u00bb][\/vc_column_inner][vc_column_inner width=\u00a0\u00bb4\/6&Prime;][vc_column_text]<\/p>\n<h5 style=\"text-align: left;\">Atelier formatif 5 &#8211; La conduite discursive explicative (S1)<\/h5>\n<p>[\/vc_column_text][vc_column_text]<em>Intention : Mieux situer son ro\u0302le d\u2019enseignant et celui de l\u2019adulte lors de la planification et de l\u2019animation des ateliers sur la communication orale<\/em><\/p>\n<p><span class=\"q_font_awsome_icon q_icon_shortcode q_font_awsome_icon_holder   \" style=\"font-size: 20px;px; \"><i class=\"fa fa-youtube-play\"><\/i><\/span> <a id=\"69ee3e1b5b8d7\" rel=\"wp-video-lightbox\" href=\"https:\/\/www.youtube.com\/watch?v=UfuPwvruzgA&#038;width=640&#038;height=480\" title=\"\">Vid\u00e9o<\/a>    <script>\r\n    \/* <![CDATA[ *\/\r\n    jQuery(document).ready(function($){\r\n        $(function(){\r\n            var width = $(window).innerWidth();\r\n            var setwidth = parseFloat(640);\r\n            var ratio = parseFloat(0.75);\r\n            var height = parseFloat(480);\r\n            var link = 'https:\/\/www.youtube.com\/watch?v=UfuPwvruzgA&amp;width=640&amp;height=480';\r\n            if(width < setwidth)\r\n            {\r\n                height = Math.floor(width * 0.75);\r\n                \/\/console.log(\"device width \"+width+\", set width \"+640+\", ratio \"+0.75+\", new height \"+ height);\r\n                var new_url = wpvl_paramReplace('width', link, width);\r\n                var new_url = wpvl_paramReplace('height', new_url, height);\r\n                $(\"a#69ee3e1b5b8d7\").attr('href', new_url);\r\n                \/\/console.log(new_url);\r\n            }\r\n        });\r\n    });\r\n    \/* ]]> *\/\r\n    <\/script> \u00a0 \u00a0 \u00a0<a href=\"https:\/\/www.accompagnementfga.ca\/fle\/wp-content\/uploads\/sites\/3\/2021\/11\/Atelier-formatif-5-Conduite-discursive-explicative.pdf\" class=\"mtli_attachment mtli_pdf\" target=\"_blank\" rel=\"noopener\">Atelier formatif 5<\/a>\u00a0 \u00a0 \u00a0\u00a0<a href=\"https:\/\/www.accompagnementfga.ca\/fle\/wp-content\/uploads\/sites\/3\/2021\/11\/Atelier-formatif-5-Fiches-reproductibles_Conduite-discursive-explicative.docx\" class=\"mtli_attachment mtli_docx\" target=\"_blank\" rel=\"noopener\">Fiches reproductibles<\/a>[\/vc_column_text][\/vc_column_inner][\/vc_row_inner][\/vc_column][\/vc_row][vc_row css_animation=\u00a0\u00bb\u00a0\u00bb row_type=\u00a0\u00bbrow\u00a0\u00bb use_row_as_full_screen_section=\u00a0\u00bbno\u00a0\u00bb type=\u00a0\u00bbgrid\u00a0\u00bb text_align=\u00a0\u00bbleft\u00a0\u00bb background_color=\u00a0\u00bb#f5f5f5&Prime; padding_top=\u00a0\u00bb22&Prime; padding_bottom=\u00a0\u00bb22&Prime;][vc_column][vc_row_inner row_type=\u00a0\u00bbrow\u00a0\u00bb type=\u00a0\u00bbfull_width\u00a0\u00bb use_row_as_full_screen_section_slide=\u00a0\u00bbno\u00a0\u00bb text_align=\u00a0\u00bbleft\u00a0\u00bb css_animation=\u00a0\u00bb\u00a0\u00bb][vc_column_inner width=\u00a0\u00bb2\/6&Prime;]<span class=\"fa-stack q_icon_shortcode q_font_awsome_icon_holder q_font_awsome_icon_circle fa-4x pull-center \" style=\"color: #ffffff;background-color: #f2da7d; \"><i class=\"fa fa-puzzle-piece\"><\/i><\/span>[vc_separator type=\u00a0\u00bbtransparent\u00a0\u00bb border_style=\u00a0\u00bb\u00a0\u00bb][\/vc_column_inner][vc_column_inner width=\u00a0\u00bb4\/6&Prime;][vc_column_text]<\/p>\n<h5 style=\"text-align: left;\">Atelier formatif 6 &#8211; Le genre discussion<\/h5>\n<p>[\/vc_column_text][vc_column_text]<em>Intention : Mieux situer son ro\u0302le d\u2019enseignant et celui de l\u2019adulte lors de la planification et de l\u2019animation des ateliers sur la communication orale<\/em><\/p>\n<p><span class=\"q_font_awsome_icon q_icon_shortcode q_font_awsome_icon_holder   \" style=\"font-size: 20px;px; \"><i class=\"fa fa-youtube-play\"><\/i><\/span> <a id=\"69ee3e1b5b90d\" rel=\"wp-video-lightbox\" href=\"https:\/\/www.youtube.com\/watch?v=DU6B6gSGwN0&#038;width=640&#038;height=480\" title=\"\">Vid\u00e9o<\/a>    <script>\r\n    \/* <![CDATA[ *\/\r\n    jQuery(document).ready(function($){\r\n        $(function(){\r\n            var width = $(window).innerWidth();\r\n            var setwidth = parseFloat(640);\r\n            var ratio = parseFloat(0.75);\r\n            var height = parseFloat(480);\r\n            var link = 'https:\/\/www.youtube.com\/watch?v=DU6B6gSGwN0&amp;width=640&amp;height=480';\r\n            if(width < setwidth)\r\n            {\r\n                height = Math.floor(width * 0.75);\r\n                \/\/console.log(\"device width \"+width+\", set width \"+640+\", ratio \"+0.75+\", new height \"+ height);\r\n                var new_url = wpvl_paramReplace('width', link, width);\r\n                var new_url = wpvl_paramReplace('height', new_url, height);\r\n                $(\"a#69ee3e1b5b90d\").attr('href', new_url);\r\n                \/\/console.log(new_url);\r\n            }\r\n        });\r\n    });\r\n    \/* ]]> *\/\r\n    <\/script> \u00a0 \u00a0 \u00a0<a href=\"https:\/\/www.accompagnementfga.ca\/fle\/wp-content\/uploads\/sites\/3\/2021\/11\/Atelier-formatif-6-Le-genre-discussion.pdf\" class=\"mtli_attachment mtli_pdf\" target=\"_blank\" rel=\"noopener\">Atelier formatif 6<\/a> \u00a0 \u00a0 \u00a0<a href=\"https:\/\/www.accompagnementfga.ca\/fle\/wp-content\/uploads\/sites\/3\/2021\/11\/Atelier-formatif-6-Fiches-reproductibles_Le-genre-discussion.docx\" class=\"mtli_attachment mtli_docx\" target=\"_blank\" rel=\"noopener\">Fiches reproductibles<\/a>[\/vc_column_text][\/vc_column_inner][\/vc_row_inner][\/vc_column][\/vc_row][vc_row css_animation=\u00a0\u00bb\u00a0\u00bb row_type=\u00a0\u00bbrow\u00a0\u00bb use_row_as_full_screen_section=\u00a0\u00bbno\u00a0\u00bb type=\u00a0\u00bbgrid\u00a0\u00bb text_align=\u00a0\u00bbleft\u00a0\u00bb background_color=\u00a0\u00bb#ffffff\u00a0\u00bb padding_top=\u00a0\u00bb22&Prime; padding_bottom=\u00a0\u00bb22&Prime;][vc_column][vc_row_inner row_type=\u00a0\u00bbrow\u00a0\u00bb type=\u00a0\u00bbfull_width\u00a0\u00bb use_row_as_full_screen_section_slide=\u00a0\u00bbno\u00a0\u00bb text_align=\u00a0\u00bbleft\u00a0\u00bb css_animation=\u00a0\u00bb\u00a0\u00bb][vc_column_inner width=\u00a0\u00bb2\/6&Prime;]<span class=\"fa-stack q_icon_shortcode q_font_awsome_icon_holder q_font_awsome_icon_circle fa-4x pull-center \" style=\"color: #ffffff;background-color: #e0e0e0; \"><i class=\"fa fa-puzzle-piece\"><\/i><\/span>[vc_separator type=\u00a0\u00bbtransparent\u00a0\u00bb border_style=\u00a0\u00bb\u00a0\u00bb][\/vc_column_inner][vc_column_inner width=\u00a0\u00bb4\/6&Prime;][vc_column_text]<\/p>\n<h5 style=\"text-align: left;\">Atelier formatif 7 &#8211; La conduite discursive justificative<\/h5>\n<p>[\/vc_column_text][vc_column_text]<em>Intention : Mieux situer son r\u00f4le d\u2019enseignant et celui de l\u2019adulte lors de la planification et de l\u2019animation des ateliers sur la communication orale<\/em><\/p>\n<p><span class=\"q_font_awsome_icon q_icon_shortcode q_font_awsome_icon_holder   \" style=\"font-size: 20px;px; \"><i class=\"fa fa-youtube-play\"><\/i><\/span> <a id=\"69ee3e1b5b94e\" rel=\"wp-video-lightbox\" href=\"https:\/\/www.youtube.com\/watch?v=sYrInhLgWyw&#038;width=640&#038;height=480\" title=\"\">Vid\u00e9o<\/a>    <script>\r\n    \/* <![CDATA[ *\/\r\n    jQuery(document).ready(function($){\r\n        $(function(){\r\n            var width = $(window).innerWidth();\r\n            var setwidth = parseFloat(640);\r\n            var ratio = parseFloat(0.75);\r\n            var height = parseFloat(480);\r\n            var link = 'https:\/\/www.youtube.com\/watch?v=sYrInhLgWyw&amp;width=640&amp;height=480';\r\n            if(width < setwidth)\r\n            {\r\n                height = Math.floor(width * 0.75);\r\n                \/\/console.log(\"device width \"+width+\", set width \"+640+\", ratio \"+0.75+\", new height \"+ height);\r\n                var new_url = wpvl_paramReplace('width', link, width);\r\n                var new_url = wpvl_paramReplace('height', new_url, height);\r\n                $(\"a#69ee3e1b5b94e\").attr('href', new_url);\r\n                \/\/console.log(new_url);\r\n            }\r\n        });\r\n    });\r\n    \/* ]]> *\/\r\n    <\/script><br \/>\n<a href=\"https:\/\/www.accompagnementfga.ca\/fle\/wp-content\/uploads\/sites\/3\/2021\/11\/Atelier-formatif-7-Contre-exemple.mp3\" class=\"mtli_attachment mtli_mp3\" target=\"_blank\" rel=\"noopener\">Fichier audio : Contre-exemple<\/a><br \/>\n<a href=\"https:\/\/www.accompagnementfga.ca\/fle\/wp-content\/uploads\/sites\/3\/2021\/11\/Atelier-formatif-7-Exemple.mp3\" class=\"mtli_attachment mtli_mp3\" target=\"_blank\" rel=\"noopener\">Fichier audio : Exemple<\/a><br \/>\n<a href=\"https:\/\/www.accompagnementfga.ca\/fle\/wp-content\/uploads\/sites\/3\/2021\/11\/Atelier-formatif-7-Expos\u00e9-Hymne-\u00e0-la-beaut\u00e9-du-monde.mp3\" class=\"mtli_attachment mtli_mp3\" target=\"_blank\" rel=\"noopener\">Fichier audio : Expos\u00e9 \u00abHymne \u00e0 la beaut\u00e9 du monde\u00bb<\/a><br \/>\n<a href=\"https:\/\/www.accompagnementfga.ca\/fle\/wp-content\/uploads\/sites\/3\/2021\/11\/Atelier-formatif-7-La-conduite-discursive-justificative.pdf\" class=\"mtli_attachment mtli_pdf\" target=\"_blank\" rel=\"noopener\">Atelier formatif 7<\/a><br \/>\n<a href=\"https:\/\/www.accompagnementfga.ca\/fle\/wp-content\/uploads\/sites\/3\/2021\/11\/Atelier-formatif-7-Fiches-reproductibles_La-conduite-discursive-justificative.docx\" class=\"mtli_attachment mtli_docx\" target=\"_blank\" rel=\"noopener\">Fiches reproductibles<\/a>[\/vc_column_text][\/vc_column_inner][\/vc_row_inner][\/vc_column][\/vc_row][vc_row css_animation=\u00a0\u00bb\u00a0\u00bb row_type=\u00a0\u00bbrow\u00a0\u00bb use_row_as_full_screen_section=\u00a0\u00bbno\u00a0\u00bb type=\u00a0\u00bbgrid\u00a0\u00bb text_align=\u00a0\u00bbleft\u00a0\u00bb background_color=\u00a0\u00bb#f5f5f5&Prime; padding_top=\u00a0\u00bb22&Prime; padding_bottom=\u00a0\u00bb22&Prime;][vc_column][vc_row_inner row_type=\u00a0\u00bbrow\u00a0\u00bb type=\u00a0\u00bbfull_width\u00a0\u00bb use_row_as_full_screen_section_slide=\u00a0\u00bbno\u00a0\u00bb text_align=\u00a0\u00bbleft\u00a0\u00bb css_animation=\u00a0\u00bb\u00a0\u00bb][vc_column_inner width=\u00a0\u00bb2\/6&Prime;]<span class=\"fa-stack q_icon_shortcode q_font_awsome_icon_holder q_font_awsome_icon_circle fa-4x pull-center \" style=\"color: #ffffff;background-color: #f2da7d; \"><i class=\"fa fa-puzzle-piece\"><\/i><\/span>[vc_separator type=\u00a0\u00bbtransparent\u00a0\u00bb border_style=\u00a0\u00bb\u00a0\u00bb][\/vc_column_inner][vc_column_inner width=\u00a0\u00bb4\/6&Prime;][vc_column_text]<\/p>\n<h5 style=\"text-align: left;\">Atelier formatif 8 &#8211; Le genre d\u00e9bat<\/h5>\n<p>[\/vc_column_text][vc_column_text]<em>Intention : Mieux situer son r\u00f4le d\u2019enseignant et celui de l\u2019adulte lors de la planification et de l\u2019animation des ateliers sur la communication orale<\/em><\/p>\n<p><span class=\"q_font_awsome_icon q_icon_shortcode q_font_awsome_icon_holder   \" style=\"font-size: 20px;px; \"><i class=\"fa fa-youtube-play\"><\/i><\/span> <a id=\"69ee3e1b5b994\" rel=\"wp-video-lightbox\" href=\"https:\/\/www.youtube.com\/watch?v=jNrOdWhHqik&#038;width=640&#038;height=480\" title=\"\">Vid\u00e9o<\/a>    <script>\r\n    \/* <![CDATA[ *\/\r\n    jQuery(document).ready(function($){\r\n        $(function(){\r\n            var width = $(window).innerWidth();\r\n            var setwidth = parseFloat(640);\r\n            var ratio = parseFloat(0.75);\r\n            var height = parseFloat(480);\r\n            var link = 'https:\/\/www.youtube.com\/watch?v=jNrOdWhHqik&amp;width=640&amp;height=480';\r\n            if(width < setwidth)\r\n            {\r\n                height = Math.floor(width * 0.75);\r\n                \/\/console.log(\"device width \"+width+\", set width \"+640+\", ratio \"+0.75+\", new height \"+ height);\r\n                var new_url = wpvl_paramReplace('width', link, width);\r\n                var new_url = wpvl_paramReplace('height', new_url, height);\r\n                $(\"a#69ee3e1b5b994\").attr('href', new_url);\r\n                \/\/console.log(new_url);\r\n            }\r\n        });\r\n    });\r\n    \/* ]]> *\/\r\n    <\/script> \u00a0 \u00a0 \u00a0<a href=\"https:\/\/www.accompagnementfga.ca\/fle\/wp-content\/uploads\/sites\/3\/2021\/11\/Atelier-formatif-8-Le-genre-d\u00e9bat.pdf\" class=\"mtli_attachment mtli_pdf\" target=\"_blank\" rel=\"noopener\">Atelier formatif 8<\/a> \u00a0 \u00a0 \u00a0<a href=\"https:\/\/www.accompagnementfga.ca\/fle\/wp-content\/uploads\/sites\/3\/2021\/11\/Atelier-formatif-8-Fiches-reproductibles_Le-genre-d\u00e9bat.docx\" class=\"mtli_attachment mtli_docx\" target=\"_blank\" rel=\"noopener\">Fiches reproductibles<\/a>[\/vc_column_text][\/vc_column_inner][\/vc_row_inner][\/vc_column][\/vc_row][vc_row css_animation=\u00a0\u00bb\u00a0\u00bb row_type=\u00a0\u00bbrow\u00a0\u00bb use_row_as_full_screen_section=\u00a0\u00bbno\u00a0\u00bb type=\u00a0\u00bbgrid\u00a0\u00bb text_align=\u00a0\u00bbleft\u00a0\u00bb background_color=\u00a0\u00bb#ffffff\u00a0\u00bb padding_top=\u00a0\u00bb22&Prime; padding_bottom=\u00a0\u00bb22&Prime;][vc_column][vc_row_inner row_type=\u00a0\u00bbrow\u00a0\u00bb type=\u00a0\u00bbfull_width\u00a0\u00bb use_row_as_full_screen_section_slide=\u00a0\u00bbno\u00a0\u00bb text_align=\u00a0\u00bbleft\u00a0\u00bb css_animation=\u00a0\u00bb\u00a0\u00bb][vc_column_inner width=\u00a0\u00bb2\/6&Prime;]<span class=\"fa-stack q_icon_shortcode q_font_awsome_icon_holder q_font_awsome_icon_circle fa-4x pull-center \" style=\"color: #ffffff;background-color: #e0e0e0; \"><i class=\"fa fa-puzzle-piece\"><\/i><\/span>[vc_separator type=\u00a0\u00bbtransparent\u00a0\u00bb border_style=\u00a0\u00bb\u00a0\u00bb][\/vc_column_inner][vc_column_inner width=\u00a0\u00bb4\/6&Prime;][vc_column_text]<\/p>\n<h5 style=\"text-align: left;\">Atelier formatif 9 &#8211; La conduite discursive argumentative<\/h5>\n<p>[\/vc_column_text][vc_column_text]<em>Intention : Mieux situer son r\u00f4le d\u2019enseignant et celui de l\u2019adulte lors de la planification et de l\u2019animation des ateliers sur la communication orale<\/em><\/p>\n<p><span class=\"q_font_awsome_icon q_icon_shortcode q_font_awsome_icon_holder   \" style=\"font-size: 20px;px; \"><i class=\"fa fa-youtube-play\"><\/i><\/span> <a id=\"69ee3e1b5b9d5\" rel=\"wp-video-lightbox\" href=\"https:\/\/www.youtube.com\/watch?v=l0SFVL07AK4&#038;width=640&#038;height=480\" title=\"\">Vid\u00e9o<\/a>    <script>\r\n    \/* <![CDATA[ *\/\r\n    jQuery(document).ready(function($){\r\n        $(function(){\r\n            var width = $(window).innerWidth();\r\n            var setwidth = parseFloat(640);\r\n            var ratio = parseFloat(0.75);\r\n            var height = parseFloat(480);\r\n            var link = 'https:\/\/www.youtube.com\/watch?v=l0SFVL07AK4&amp;width=640&amp;height=480';\r\n            if(width < setwidth)\r\n            {\r\n                height = Math.floor(width * 0.75);\r\n                \/\/console.log(\"device width \"+width+\", set width \"+640+\", ratio \"+0.75+\", new height \"+ height);\r\n                var new_url = wpvl_paramReplace('width', link, width);\r\n                var new_url = wpvl_paramReplace('height', new_url, height);\r\n                $(\"a#69ee3e1b5b9d5\").attr('href', new_url);\r\n                \/\/console.log(new_url);\r\n            }\r\n        });\r\n    });\r\n    \/* ]]> *\/\r\n    <\/script> \u00a0 \u00a0 \u00a0<a href=\"https:\/\/www.accompagnementfga.ca\/fle\/wp-content\/uploads\/sites\/3\/2021\/11\/Atelier-formatif-9-La-conduite-discursive-argumentative.pdf\" class=\"mtli_attachment mtli_pdf\" target=\"_blank\" rel=\"noopener\">Atelier formatif 9<\/a> \u00a0 \u00a0 \u00a0<a href=\"https:\/\/www.accompagnementfga.ca\/fle\/wp-content\/uploads\/sites\/3\/2021\/11\/Atelier-formatif-9-Fiches-reproductibles_La-conduite-discursive-argumentative.docx\" class=\"mtli_attachment mtli_docx\" target=\"_blank\" rel=\"noopener\">Fiches reproductibles<\/a>[\/vc_column_text][\/vc_column_inner][\/vc_row_inner][\/vc_column][\/vc_row][vc_row css_animation=\u00a0\u00bb\u00a0\u00bb row_type=\u00a0\u00bbrow\u00a0\u00bb use_row_as_full_screen_section=\u00a0\u00bbno\u00a0\u00bb type=\u00a0\u00bbgrid\u00a0\u00bb text_align=\u00a0\u00bbleft\u00a0\u00bb background_color=\u00a0\u00bb#f5f5f5&Prime; padding_top=\u00a0\u00bb22&Prime; padding_bottom=\u00a0\u00bb22&Prime;][vc_column][vc_row_inner row_type=\u00a0\u00bbrow\u00a0\u00bb type=\u00a0\u00bbfull_width\u00a0\u00bb use_row_as_full_screen_section_slide=\u00a0\u00bbno\u00a0\u00bb text_align=\u00a0\u00bbleft\u00a0\u00bb css_animation=\u00a0\u00bb\u00a0\u00bb][vc_column_inner width=\u00a0\u00bb2\/6&Prime;]<span class=\"fa-stack q_icon_shortcode q_font_awsome_icon_holder q_font_awsome_icon_circle fa-4x pull-center \" style=\"color: #ffffff;background-color: #f2da7d; \"><i class=\"fa fa-puzzle-piece\"><\/i><\/span>[vc_separator type=\u00a0\u00bbtransparent\u00a0\u00bb border_style=\u00a0\u00bb\u00a0\u00bb][\/vc_column_inner][vc_column_inner width=\u00a0\u00bb4\/6&Prime;][vc_column_text]<\/p>\n<h5 style=\"text-align: left;\">Atelier formatif 10 &#8211; L\u2019aide-m\u00e9moire<\/h5>\n<p>[\/vc_column_text][vc_column_text]<em>Intention : Mieux situer son r\u00f4le d\u2019enseignant et celui de l\u2019adulte lors de la planification et de l\u2019animation des ateliers sur la communication orale<\/em><\/p>\n<p><span class=\"q_font_awsome_icon q_icon_shortcode q_font_awsome_icon_holder   \" style=\"font-size: 20px;px; \"><i class=\"fa fa-youtube-play\"><\/i><\/span> <a id=\"69ee3e1b5ba0a\" rel=\"wp-video-lightbox\" href=\"https:\/\/www.youtube.com\/watch?v=RtIKLQRi0nU&#038;width=640&#038;height=480\" title=\"\">Vid\u00e9o<\/a>    <script>\r\n    \/* <![CDATA[ *\/\r\n    jQuery(document).ready(function($){\r\n        $(function(){\r\n            var width = $(window).innerWidth();\r\n            var setwidth = parseFloat(640);\r\n            var ratio = parseFloat(0.75);\r\n            var height = parseFloat(480);\r\n            var link = 'https:\/\/www.youtube.com\/watch?v=RtIKLQRi0nU&amp;width=640&amp;height=480';\r\n            if(width < setwidth)\r\n            {\r\n                height = Math.floor(width * 0.75);\r\n                \/\/console.log(\"device width \"+width+\", set width \"+640+\", ratio \"+0.75+\", new height \"+ height);\r\n                var new_url = wpvl_paramReplace('width', link, width);\r\n                var new_url = wpvl_paramReplace('height', new_url, height);\r\n                $(\"a#69ee3e1b5ba0a\").attr('href', new_url);\r\n                \/\/console.log(new_url);\r\n            }\r\n        });\r\n    });\r\n    \/* ]]> *\/\r\n    <\/script> \u00a0 \u00a0 \u00a0<span class=\"q_font_awsome_icon q_icon_shortcode q_font_awsome_icon_holder   \" style=\"font-size: 20px;px; \"><i class=\"fa fa-youtube-play\"><\/i><\/span> <a id=\"69ee3e1b5ba33\" rel=\"wp-video-lightbox\" href=\"https:\/\/www.youtube.com\/watch?v=9E6dKanD3uc&#038;width=640&#038;height=480\" title=\"\">Vid\u00e9o : Exemple 1<\/a>    <script>\r\n    \/* <![CDATA[ *\/\r\n    jQuery(document).ready(function($){\r\n        $(function(){\r\n            var width = $(window).innerWidth();\r\n            var setwidth = parseFloat(640);\r\n            var ratio = parseFloat(0.75);\r\n            var height = parseFloat(480);\r\n            var link = 'https:\/\/www.youtube.com\/watch?v=9E6dKanD3uc&amp;width=640&amp;height=480';\r\n            if(width < setwidth)\r\n            {\r\n                height = Math.floor(width * 0.75);\r\n                \/\/console.log(\"device width \"+width+\", set width \"+640+\", ratio \"+0.75+\", new height \"+ height);\r\n                var new_url = wpvl_paramReplace('width', link, width);\r\n                var new_url = wpvl_paramReplace('height', new_url, height);\r\n                $(\"a#69ee3e1b5ba33\").attr('href', new_url);\r\n                \/\/console.log(new_url);\r\n            }\r\n        });\r\n    });\r\n    \/* ]]> *\/\r\n    <\/script> \u00a0 \u00a0 \u00a0<span class=\"q_font_awsome_icon q_icon_shortcode q_font_awsome_icon_holder   \" style=\"font-size: 20px;px; \"><i class=\"fa fa-youtube-play\"><\/i><\/span> <a id=\"69ee3e1b5ba56\" rel=\"wp-video-lightbox\" href=\"https:\/\/www.youtube.com\/watch?v=m2YBhu9TQOc&#038;width=640&#038;height=480\" title=\"\">Vid\u00e9o : Exemple 2<\/a>    <script>\r\n    \/* <![CDATA[ *\/\r\n    jQuery(document).ready(function($){\r\n        $(function(){\r\n            var width = $(window).innerWidth();\r\n            var setwidth = parseFloat(640);\r\n            var ratio = parseFloat(0.75);\r\n            var height = parseFloat(480);\r\n            var link = 'https:\/\/www.youtube.com\/watch?v=m2YBhu9TQOc&amp;width=640&amp;height=480';\r\n            if(width < setwidth)\r\n            {\r\n                height = Math.floor(width * 0.75);\r\n                \/\/console.log(\"device width \"+width+\", set width \"+640+\", ratio \"+0.75+\", new height \"+ height);\r\n                var new_url = wpvl_paramReplace('width', link, width);\r\n                var new_url = wpvl_paramReplace('height', new_url, height);\r\n                $(\"a#69ee3e1b5ba56\").attr('href', new_url);\r\n                \/\/console.log(new_url);\r\n            }\r\n        });\r\n    });\r\n    \/* ]]> *\/\r\n    <\/script> \u00a0 \u00a0 \u00a0<a href=\"https:\/\/www.accompagnementfga.ca\/fle\/wp-content\/uploads\/sites\/3\/2021\/11\/Atelier-formatif-10-Expos\u00e9-Hymne-\u00e0-la-beaut\u00e9-du-monde.mp3\" class=\"mtli_attachment mtli_mp3\" target=\"_blank\" rel=\"noopener\">Fichier audio : Expos\u00e9 \u00abHymne \u00e0 la beaut\u00e9 du monde\u00bb<\/a><br \/>\n<a href=\"https:\/\/www.accompagnementfga.ca\/fle\/wp-content\/uploads\/sites\/3\/2021\/11\/Atelier-formatif-10-Laide-m\u00e9moire.pdf\" class=\"mtli_attachment mtli_pdf\" target=\"_blank\" rel=\"noopener\">Atelier formatif 10<\/a> \u00a0 \u00a0 \u00a0<a href=\"https:\/\/www.accompagnementfga.ca\/fle\/wp-content\/uploads\/sites\/3\/2021\/11\/Atelier-formatif-10-Fiches-reproductibles_Laide-m\u00e9moire.docx\" class=\"mtli_attachment mtli_docx\" target=\"_blank\" rel=\"noopener\">Fiches reproductibles<\/a>[\/vc_column_text][\/vc_column_inner][\/vc_row_inner][\/vc_column][\/vc_row][vc_row css_animation=\u00a0\u00bb\u00a0\u00bb row_type=\u00a0\u00bbrow\u00a0\u00bb use_row_as_full_screen_section=\u00a0\u00bbno\u00a0\u00bb type=\u00a0\u00bbgrid\u00a0\u00bb text_align=\u00a0\u00bbleft\u00a0\u00bb background_color=\u00a0\u00bb#ffffff\u00a0\u00bb padding_top=\u00a0\u00bb22&Prime; padding_bottom=\u00a0\u00bb22&Prime;][vc_column][vc_row_inner row_type=\u00a0\u00bbrow\u00a0\u00bb type=\u00a0\u00bbfull_width\u00a0\u00bb use_row_as_full_screen_section_slide=\u00a0\u00bbno\u00a0\u00bb text_align=\u00a0\u00bbleft\u00a0\u00bb css_animation=\u00a0\u00bb\u00a0\u00bb][vc_column_inner width=\u00a0\u00bb2\/6&Prime;]<span class=\"fa-stack q_icon_shortcode q_font_awsome_icon_holder q_font_awsome_icon_circle fa-4x pull-center \" style=\"color: #ffffff;background-color: #e0e0e0; \"><i class=\"fa fa-puzzle-piece\"><\/i><\/span>[vc_separator type=\u00a0\u00bbtransparent\u00a0\u00bb border_style=\u00a0\u00bb\u00a0\u00bb][\/vc_column_inner][vc_column_inner width=\u00a0\u00bb4\/6&Prime;][vc_column_text]<\/p>\n<h5 style=\"text-align: left;\">Atelier formatif 11 \u2013 L\u2019utilisation de supports visuels<\/h5>\n<p>[\/vc_column_text][vc_column_text]<em>Intention : Mieux situer son ro\u0302le d\u2019enseignant et celui de l\u2019adulte lors de la planification et de l\u2019animation des ateliers sur la communication orale<\/em><\/p>\n<p><a href=\"https:\/\/www.accompagnementfga.ca\/fle\/wp-content\/uploads\/sites\/3\/2021\/11\/Atelier-formatif-11-Lutilisation-des-supports-visuels.pdf\" class=\"mtli_attachment mtli_pdf\" target=\"_blank\" rel=\"noopener\">Atelier formatif 11<\/a> \u00a0 \u00a0 \u00a0<a href=\"https:\/\/www.accompagnementfga.ca\/fle\/wp-content\/uploads\/sites\/3\/2021\/11\/Atelier-formatif-11-Fiches-reproductibles_Lutilisation-des-supports-visuels.docx\" class=\"mtli_attachment mtli_docx\" target=\"_blank\" rel=\"noopener\">Fiches reproductibles<\/a><\/p>\n<p>*Cet atelier est tir\u00e9 de l\u2019ouvrage <em>Enseigner l\u2019oral, c\u2019est possible !<\/em> de Lizanne Lafontaine et Christian Dumais. Cheneli\u00e8re \u00c9ducation (2014).[\/vc_column_text][\/vc_column_inner][\/vc_row_inner][\/vc_column][\/vc_row][vc_row css_animation=\u00a0\u00bb\u00a0\u00bb row_type=\u00a0\u00bbrow\u00a0\u00bb use_row_as_full_screen_section=\u00a0\u00bbno\u00a0\u00bb type=\u00a0\u00bbgrid\u00a0\u00bb text_align=\u00a0\u00bbleft\u00a0\u00bb background_color=\u00a0\u00bb#f5f5f5&Prime; padding_top=\u00a0\u00bb22&Prime; padding_bottom=\u00a0\u00bb22&Prime;][vc_column][vc_row_inner row_type=\u00a0\u00bbrow\u00a0\u00bb type=\u00a0\u00bbfull_width\u00a0\u00bb use_row_as_full_screen_section_slide=\u00a0\u00bbno\u00a0\u00bb text_align=\u00a0\u00bbleft\u00a0\u00bb css_animation=\u00a0\u00bb\u00a0\u00bb][vc_column_inner width=\u00a0\u00bb2\/6&Prime;]<span class=\"fa-stack q_icon_shortcode q_font_awsome_icon_holder q_font_awsome_icon_circle fa-4x pull-center \" style=\"color: #ffffff;background-color: #f2da7d; \"><i class=\"fa fa-puzzle-piece\"><\/i><\/span>[vc_separator type=\u00a0\u00bbtransparent\u00a0\u00bb border_style=\u00a0\u00bb\u00a0\u00bb][\/vc_column_inner][vc_column_inner width=\u00a0\u00bb4\/6&Prime;][vc_column_text]<\/p>\n<h5 style=\"text-align: left;\">Atelier formatif 12 \u2013 R\u00e9agir au message<\/h5>\n<p>[\/vc_column_text][vc_column_text]<em>Intention : Mieux situer son ro\u0302le d\u2019enseignant et celui de l\u2019adulte lors de la planification et de l\u2019animation des ateliers sur la communication orale<\/em><\/p>\n<p><a href=\"https:\/\/www.accompagnementfga.ca\/fle\/wp-content\/uploads\/sites\/3\/2021\/11\/Atelier-formatif-12-R\u00e9agir-\u00e0-un-message.pdf\" class=\"mtli_attachment mtli_pdf\" target=\"_blank\" rel=\"noopener\">Atelier formatif 12<\/a> \u00a0 \u00a0 \u00a0<a href=\"https:\/\/www.accompagnementfga.ca\/fle\/wp-content\/uploads\/sites\/3\/2021\/11\/Atelier-formatif-12-Fiches-reproductibles_R\u00e9agir-\u00e0-un-message.docx\" class=\"mtli_attachment mtli_docx\" target=\"_blank\" rel=\"noopener\">Fiches reproductibles<\/a>[\/vc_column_text][\/vc_column_inner][\/vc_row_inner][\/vc_column][\/vc_row][vc_row css_animation=\u00a0\u00bb\u00a0\u00bb row_type=\u00a0\u00bbrow\u00a0\u00bb use_row_as_full_screen_section=\u00a0\u00bbno\u00a0\u00bb type=\u00a0\u00bbfull_width\u00a0\u00bb text_align=\u00a0\u00bbleft\u00a0\u00bb][vc_column][vc_separator type=\u00a0\u00bbtransparent\u00a0\u00bb border_style=\u00a0\u00bb\u00a0\u00bb][\/vc_column][\/vc_row]<\/p>\n<\/div>","protected":false},"excerpt":{"rendered":"<p>[vc_row css_animation=\u00a0\u00bb\u00a0\u00bb row_type=\u00a0\u00bbrow\u00a0\u00bb use_row_as_full_screen_section=\u00a0\u00bbno\u00a0\u00bb type=\u00a0\u00bbgrid\u00a0\u00bb text_align=\u00a0\u00bbleft\u00a0\u00bb padding_top=\u00a0\u00bb22&Prime; padding_bottom=\u00a0\u00bb22&Prime;][vc_column width=\u00a0\u00bb2\/6&Prime;][vc_single_image image=\u00a0\u00bb22978&Prime; img_size=\u00a0\u00bbfull\u00a0\u00bb qode_css_animation=\u00a0\u00bb\u00a0\u00bb][\/vc_column][vc_column width=\u00a0\u00bb4\/6&Prime;][vc_row_inner row_type=\u00a0\u00bbrow\u00a0\u00bb type=\u00a0\u00bbfull_width\u00a0\u00bb use_row_as_full_screen_section_slide=\u00a0\u00bbno\u00a0\u00bb text_align=\u00a0\u00bbleft\u00a0\u00bb css_animation=\u00a0\u00bb\u00a0\u00bb][vc_column_inner width=\u00a0\u00bb1\/2&Prime;][vc_column_text] Enseigner l\u2019oral (S\u00e9quence 2) [\/vc_column_text][vc_column_text] Ce cinqui\u00e8me bloc d\u2019accompagnement a pour but de soutenir les enseignantes et les enseignants dans l\u2019enseignement de la comp\u00e9tence 3 Communiquer&#8230;<\/p>\n","protected":false},"author":1,"featured_media":0,"parent":18,"menu_order":0,"comment_status":"closed","ping_status":"closed","template":"full_width.php","meta":{"footnotes":"","_links_to":"","_links_to_target":""},"_links":{"self":[{"href":"https:\/\/www.accompagnementfga.ca\/fle\/wp-json\/wp\/v2\/pages\/22950"}],"collection":[{"href":"https:\/\/www.accompagnementfga.ca\/fle\/wp-json\/wp\/v2\/pages"}],"about":[{"href":"https:\/\/www.accompagnementfga.ca\/fle\/wp-json\/wp\/v2\/types\/page"}],"author":[{"embeddable":true,"href":"https:\/\/www.accompagnementfga.ca\/fle\/wp-json\/wp\/v2\/users\/1"}],"replies":[{"embeddable":true,"href":"https:\/\/www.accompagnementfga.ca\/fle\/wp-json\/wp\/v2\/comments?post=22950"}],"version-history":[{"count":27,"href":"https:\/\/www.accompagnementfga.ca\/fle\/wp-json\/wp\/v2\/pages\/22950\/revisions"}],"predecessor-version":[{"id":23188,"href":"https:\/\/www.accompagnementfga.ca\/fle\/wp-json\/wp\/v2\/pages\/22950\/revisions\/23188"}],"up":[{"embeddable":true,"href":"https:\/\/www.accompagnementfga.ca\/fle\/wp-json\/wp\/v2\/pages\/18"}],"wp:attachment":[{"href":"https:\/\/www.accompagnementfga.ca\/fle\/wp-json\/wp\/v2\/media?parent=22950"}],"curies":[{"name":"wp","href":"https:\/\/api.w.org\/{rel}","templated":true}]}}