{"id":22101,"date":"2016-01-08T17:43:13","date_gmt":"2016-01-08T16:43:13","guid":{"rendered":"https:\/\/www.accompagnementfga.ca\/fle\/blocs\/bloc-1-un-programme-a-suivre-5\/"},"modified":"2024-04-23T21:16:56","modified_gmt":"2024-04-23T20:16:56","slug":"bibliotheque","status":"publish","type":"page","link":"https:\/\/www.accompagnementfga.ca\/fle\/bibliotheque\/","title":{"rendered":"Ressources"},"content":{"rendered":"<div class=\"wpb-content-wrapper\"><p>[vc_row css_animation=\u00a0\u00bb\u00a0\u00bb row_type=\u00a0\u00bbrow\u00a0\u00bb use_row_as_full_screen_section=\u00a0\u00bbno\u00a0\u00bb type=\u00a0\u00bbgrid\u00a0\u00bb text_align=\u00a0\u00bbleft\u00a0\u00bb background_color=\u00a0\u00bb#f5f5f5&Prime; padding_top=\u00a0\u00bb22&Prime; padding_bottom=\u00a0\u00bb22&Prime;][vc_column][vc_row_inner row_type=\u00a0\u00bbrow\u00a0\u00bb type=\u00a0\u00bbfull_width\u00a0\u00bb use_row_as_full_screen_section_slide=\u00a0\u00bbno\u00a0\u00bb text_align=\u00a0\u00bbleft\u00a0\u00bb css_animation=\u00a0\u00bb\u00a0\u00bb][vc_column_inner width=\u00a0\u00bb2\/6&Prime;]<span class=\"fa-stack q_icon_shortcode q_font_awsome_icon_holder q_font_awsome_icon_circle fa-4x pull-center \" style=\"color: #ffffff;background-color: #f2da7d; \"><i class=\"fa fa-folder-open-o\"><\/i><\/span>[vc_separator type=\u00a0\u00bbtransparent\u00a0\u00bb border_style=\u00a0\u00bb\u00a0\u00bb][\/vc_column_inner][vc_column_inner width=\u00a0\u00bb4\/6&Prime;][vc_column_text]<\/p>\n<h5 style=\"text-align: left;\">Documents connexes au programme d&rsquo;\u00e9tudes<\/h5>\n<p>[\/vc_column_text][vc_separator type=\u00a0\u00bbtransparent\u00a0\u00bb border_style=\u00a0\u00bb\u00a0\u00bb][vc_column_text]<\/p>\n<ul>\n<li><a href=\"https:\/\/www.accompagnementfga.ca\/fle\/wp-content\/uploads\/sites\/3\/2016\/03\/Tab_syn-FLE.pdf\" class=\"mtli_attachment mtli_pdf\" target=\"_blank\" rel=\"noopener\">Tableau synoptique de <em>Fran\u00e7ais, langue d&rsquo;enseignement<\/em> (FBD)\u00a0<\/a><\/li>\n<li><a href=\"https:\/\/www.accompagnementfga.ca\/fle\/wp-content\/uploads\/sites\/3\/2015\/11\/progress_savoirs_FLE_janv-2016.pdf\" class=\"mtli_attachment mtli_pdf\" target=\"_blank\" rel=\"noopener\">Progression FLE<\/a><\/li>\n<li><a href=\"http:\/\/www.education.gouv.qc.ca\/fileadmin\/site_web\/documents\/dpse\/formation_jeunes\/IntegrationDimensionCulturelleEcole_DocRefPersEns.pdf\" class=\"mtli_attachment mtli_pdf\" target=\"_blank\" rel=\"noopener\">L&rsquo;int\u00e9gration de la dimension culturelle \u00e0 l&rsquo;\u00e9cole &#8211; Document de r\u00e9f\u00e9rence pour le personnel enseignant<\/a><\/li>\n<\/ul>\n<p>[\/vc_column_text][\/vc_column_inner][\/vc_row_inner][\/vc_column][\/vc_row][vc_row css_animation=\u00a0\u00bb\u00a0\u00bb row_type=\u00a0\u00bbrow\u00a0\u00bb use_row_as_full_screen_section=\u00a0\u00bbno\u00a0\u00bb type=\u00a0\u00bbgrid\u00a0\u00bb text_align=\u00a0\u00bbleft\u00a0\u00bb background_color=\u00a0\u00bb#ffffff\u00a0\u00bb padding_top=\u00a0\u00bb22&Prime; padding_bottom=\u00a0\u00bb22&Prime;][vc_column][vc_row_inner row_type=\u00a0\u00bbrow\u00a0\u00bb type=\u00a0\u00bbfull_width\u00a0\u00bb use_row_as_full_screen_section_slide=\u00a0\u00bbno\u00a0\u00bb text_align=\u00a0\u00bbleft\u00a0\u00bb css_animation=\u00a0\u00bb\u00a0\u00bb][vc_column_inner width=\u00a0\u00bb2\/6&Prime;]<span class=\"fa-stack q_icon_shortcode q_font_awsome_icon_holder q_font_awsome_icon_circle fa-4x pull-center \" style=\"color: #ffffff;background-color: #e0e0e0; \"><i class=\"fa fa-heart-o\"><\/i><\/span>[vc_separator type=\u00a0\u00bbtransparent\u00a0\u00bb border_style=\u00a0\u00bb\u00a0\u00bb][\/vc_column_inner][vc_column_inner width=\u00a0\u00bb4\/6&Prime;][vc_column_text]<\/p>\n<h5>Liens utiles<\/h5>\n<p>[\/vc_column_text][vc_separator type=\u00a0\u00bbtransparent\u00a0\u00bb border_style=\u00a0\u00bb\u00a0\u00bb][vc_column_text]<\/p>\n<ul style=\"margin-left: 30px; margin-bottom: 15px;\">\n<li style=\"padding-bottom: 8px;\"><a href=\"https:\/\/edutice.archives-ouvertes.fr\/edutice-00000188\/document\" target=\"_blank\" rel=\"noopener\">L\u2019utilisation des strat\u00e9gies d\u2019apprentissage d\u2019une langue<\/a><br \/>\n<a href=\"https:\/\/edutice.archives-ouvertes.fr\/edutice-00000188\/document\" target=\"_blank\" rel=\"noopener\">dans un environnement des TICE<br \/>\n<\/a><\/li>\n<li style=\"padding-bottom: 8px;\"><a href=\"https:\/\/www.aide.ulaval.ca\/apprentissage-et-reussite\/boite-a-outils\/strategies-d-apprentissage\/\" target=\"_blank\" rel=\"noopener\">Strat\u00e9gies d\u2019apprentissage pour l\u2019\u00e9tudiant<\/a><\/li>\n<li style=\"padding-bottom: 8px;\"><a href=\"https:\/\/constellations.education.gouv.qc.ca\/\" target=\"_blank\" rel=\"noopener\">Constellations<\/a><\/li>\n<li style=\"padding-bottom: 8px;\"><a href=\"http:\/\/www.education.gouv.qc.ca\/fileadmin\/site_web\/documents\/PSG\/recherche_evaluation\/lec_sec_fr.pdf\" class=\"mtli_attachment mtli_pdf\" target=\"_blank\" rel=\"noopener\">La lecture chez les \u00e9l\u00e8ves du secondaire<\/a><\/li>\n<li style=\"padding-bottom: 8px;\"><a href=\"https:\/\/projetbiblius.ca\/\" target=\"_blank\" rel=\"noopener\">Projet Biblius.ca<\/a><\/li>\n<li style=\"padding-bottom: 8px;\"><a href=\"https:\/\/usito.usherbrooke.ca\/\" target=\"_blank\" rel=\"noopener\">Dictionnaire Usito<\/a><\/li>\n<\/ul>\n<p>[\/vc_column_text][\/vc_column_inner][\/vc_row_inner][\/vc_column][\/vc_row][vc_row css_animation=\u00a0\u00bb\u00a0\u00bb row_type=\u00a0\u00bbrow\u00a0\u00bb use_row_as_full_screen_section=\u00a0\u00bbno\u00a0\u00bb type=\u00a0\u00bbgrid\u00a0\u00bb text_align=\u00a0\u00bbleft\u00a0\u00bb background_color=\u00a0\u00bb#ffffff\u00a0\u00bb padding_top=\u00a0\u00bb22&Prime; padding_bottom=\u00a0\u00bb22&Prime;][vc_column][\/vc_column][\/vc_row][vc_row css_animation=\u00a0\u00bb\u00a0\u00bb row_type=\u00a0\u00bbrow\u00a0\u00bb use_row_as_full_screen_section=\u00a0\u00bbno\u00a0\u00bb type=\u00a0\u00bbfull_width\u00a0\u00bb text_align=\u00a0\u00bbleft\u00a0\u00bb][vc_column][vc_separator type=\u00a0\u00bbtransparent\u00a0\u00bb border_style=\u00a0\u00bb\u00a0\u00bb][\/vc_column][\/vc_row]<\/p>\n<\/div>","protected":false},"excerpt":{"rendered":"<p>[vc_row css_animation=\u00a0\u00bb\u00a0\u00bb row_type=\u00a0\u00bbrow\u00a0\u00bb use_row_as_full_screen_section=\u00a0\u00bbno\u00a0\u00bb type=\u00a0\u00bbgrid\u00a0\u00bb text_align=\u00a0\u00bbleft\u00a0\u00bb background_color=\u00a0\u00bb#f5f5f5&Prime; padding_top=\u00a0\u00bb22&Prime; padding_bottom=\u00a0\u00bb22&Prime;][vc_column][vc_row_inner row_type=\u00a0\u00bbrow\u00a0\u00bb type=\u00a0\u00bbfull_width\u00a0\u00bb use_row_as_full_screen_section_slide=\u00a0\u00bbno\u00a0\u00bb text_align=\u00a0\u00bbleft\u00a0\u00bb css_animation=\u00a0\u00bb\u00a0\u00bb][vc_column_inner width=\u00a0\u00bb2\/6&Prime;][vc_separator type=\u00a0\u00bbtransparent\u00a0\u00bb border_style=\u00a0\u00bb\u00a0\u00bb][\/vc_column_inner][vc_column_inner width=\u00a0\u00bb4\/6&Prime;][vc_column_text] Documents connexes au programme d&rsquo;\u00e9tudes [\/vc_column_text][vc_separator type=\u00a0\u00bbtransparent\u00a0\u00bb border_style=\u00a0\u00bb\u00a0\u00bb][vc_column_text] Tableau synoptique de Fran\u00e7ais, langue d&rsquo;enseignement (FBD)\u00a0 Progression FLE L&rsquo;int\u00e9gration de la dimension culturelle \u00e0 l&rsquo;\u00e9cole &#8211; Document de&#8230;<\/p>\n","protected":false},"author":1,"featured_media":0,"parent":0,"menu_order":0,"comment_status":"closed","ping_status":"closed","template":"full_width.php","meta":{"footnotes":"","_links_to":"","_links_to_target":""},"_links":{"self":[{"href":"https:\/\/www.accompagnementfga.ca\/fle\/wp-json\/wp\/v2\/pages\/22101"}],"collection":[{"href":"https:\/\/www.accompagnementfga.ca\/fle\/wp-json\/wp\/v2\/pages"}],"about":[{"href":"https:\/\/www.accompagnementfga.ca\/fle\/wp-json\/wp\/v2\/types\/page"}],"author":[{"embeddable":true,"href":"https:\/\/www.accompagnementfga.ca\/fle\/wp-json\/wp\/v2\/users\/1"}],"replies":[{"embeddable":true,"href":"https:\/\/www.accompagnementfga.ca\/fle\/wp-json\/wp\/v2\/comments?post=22101"}],"version-history":[{"count":68,"href":"https:\/\/www.accompagnementfga.ca\/fle\/wp-json\/wp\/v2\/pages\/22101\/revisions"}],"predecessor-version":[{"id":23215,"href":"https:\/\/www.accompagnementfga.ca\/fle\/wp-json\/wp\/v2\/pages\/22101\/revisions\/23215"}],"wp:attachment":[{"href":"https:\/\/www.accompagnementfga.ca\/fle\/wp-json\/wp\/v2\/media?parent=22101"}],"curies":[{"name":"wp","href":"https:\/\/api.w.org\/{rel}","templated":true}]}}