{"id":39,"date":"2017-02-08T14:22:44","date_gmt":"2017-02-08T19:22:44","guid":{"rendered":"http:\/\/www.accompagnementfga.ca\/carrefourfga\/home-carousel\/"},"modified":"2017-05-03T16:26:41","modified_gmt":"2017-05-03T21:26:41","slug":"home-carousel-3","status":"publish","type":"page","link":"http:\/\/www.accompagnementfga.ca\/carrefourfga\/","title":{"rendered":"Accueil"},"content":{"rendered":"[vc_row top_padding=\u00a0\u00bb90px\u00a0\u00bb bottom_padding=\u00a0\u00bb82px\u00a0\u00bb bk_element=\u00a0\u00bbimage\u00a0\u00bb bg_image_repeat=\u00a0\u00bbverve_cover_top\u00a0\u00bb el_class=\u00a0\u00bbverve_retina\u00a0\u00bb bg_image=\u00a0\u00bb753&Prime; el_id=\u00a0\u00bbbienvenue\u00a0\u00bb][vc_column width=\u00a0\u00bb1\/1&Prime;]<div class=\"prk_shortcode-title prk_break_word verve_center_align wpb_animate_when_almost_visible wpb_bottom-to-top h3_sized\"><div class=\"header_font zero_color prk_vc_title\" style=\"color:#ffffff;border-bottom-color:rgba(255, 255, 255,0.9);text-shadow:0px 0px 1px rgba(255, 255, 255,0.2);margin-bottom:8px;\"><h3 style=\"font-weight:600;\">Bienvenue sur le site du Carrefour FGA!<\/h3><\/div><div class=\"clearfix\"><\/div><\/div><div class=\"simple_line shortcoded\" style=\"border-bottom-color:rgba(0,0,0,0.01);border-bottom-width:10px;\"><\/div><div class=\"simple_line shortcoded\" style=\"border-bottom-color:rgba(0,0,0,0.01);border-bottom-width:10px;\"><\/div>[vc_row_inner][vc_column_inner width=\u00a0\u00bb1\/2&Prime;][vc_column_text css_animation=\u00a0\u00bbbottom-to-top\u00a0\u00bb el_class=\u00a0\u00bbsmall-9 columns small-centered prk_9_em\u00a0\u00bb]\n<p style=\"color: white; text-align: justify;\">Le <b><span style=\"color: #e05856;\">Carrefour FGA<\/span><\/b> est un regroupement de sites qu\u00e9b\u00e9cois con\u00e7us pour la formation g\u00e9n\u00e9rale des adultes (FGA). Ici, les id\u00e9es, les visions et les cr\u00e9ations de partout convergent en un seul lieu.<\/p>\n<p style=\"color: white; text-align: justify;\">Le <b><span style=\"color: #e05856;\">Carrefour FGA<\/span><\/b> se veut un point de d\u00e9part pour la recherche et la d\u00e9couverte de ressources utiles pour les intervenants en FGA. Nous souhaitons que la diversit\u00e9 des ressources en ligne r\u00e9unie en un seul endroit facilite le quotidien de chacun et stimule la r\u00e9flexion professionnelle.<\/p>\n<p style=\"color: white; text-align: justify;\">Le <b><span style=\"color: #e05856;\">Carrefour FGA<\/span><\/b> souhaite faire les liens vers les meilleures ressources en \u00e9ducation d&rsquo;ici et d&rsquo;ailleurs. La contribution du r\u00e9seau, votre contribution \u00e0 garder ces liens \u00e0 jour influencera l&rsquo;\u00e9volution de ce site. Le <b><span style=\"color: #e05856;\">Carrefour FGA<\/span><\/b> , la force d&rsquo;un r\u00e9seau!<\/p>\n[\/vc_column_text][\/vc_column_inner][vc_column_inner width=\u00a0\u00bb1\/2&Prime;][vc_column_text]<iframe loading=\"lazy\" src=\"https:\/\/www.youtube.com\/embed\/1_thQXCcPj0?rel=0\" width=\"560\" height=\"315\" frameborder=\"0\" allowfullscreen=\"allowfullscreen\"><\/iframe>[\/vc_column_text][\/vc_column_inner][\/vc_row_inner][vc_row_inner][vc_column_inner][\/vc_column_inner][\/vc_row_inner][\/vc_column][\/vc_row][vc_row top_padding=\u00a0\u00bb72px\u00a0\u00bb bottom_padding=\u00a0\u00bb48px\u00a0\u00bb el_id=\u00a0\u00bbteam\u00a0\u00bb][vc_column width=\u00a0\u00bb1\/1&Prime;]<div class=\"prk_shortcode-title prk_break_word verve_center_align wpb_animate_when_almost_visible wpb_verve_fade_waypoint h3_sized\"><div class=\"simple_line colored above thicker columns small-centered forced_mobile\" style=\"border-bottom-color:#953736;width:70px;\"><\/div><div class=\"header_font zero_color prk_vc_title\"><h3 style=\"font-weight:600;\">Les incontournables!<\/h3><\/div><div class=\"clearfix\"><\/div><\/div>[vc_column_text css_animation=\u00a0\u00bbverve_fade_waypoint\u00a0\u00bb]\n<h5 style=\"text-align: center;\">D\u00e9couvrez tous les tr\u00e9sors que le Carrefour FGA a \u00e0 vous offrir!<\/h5>\n[\/vc_column_text]<div class=\"verve_spacer clearfix\" style=\"height:25px;\"><\/div><div class=\"verve_spacer clearfix\" style=\"height:25px;\"><\/div>[vc_row_inner][vc_column_inner width=\u00a0\u00bb3\/4&Prime;]<div class=\"prk_service prk_service_left verve_bigger_service wpb_animate_when_almost_visible wpb_top-to-bottom\" data-color=\"default\" data-default=\"default\"><i class=\"mdi mdi-star-outline colored_link_icon small_headings_color\"><\/i><div class=\"clearfix\"><\/div><div class=\"prk_service_ctt\"><h4 class=\"big zero_color header_font prk_heavier_600\">Implantation du nouveau curriculum<\/h4><div class=\"clearfix\"><\/div><div class=\"service_inner_desc verve_service_desc wpb_text_column prk_9_em\">Le 22 mars 2016 se tenait la deuxi\u00e8me rencontre des organisations en soutien au r\u00e9seau pour l\u2019implantation des nouveaux programmes en formation g\u00e9n\u00e9rale des adultes (FGA). Un projet de plan d\u2019action pr\u00e9par\u00e9 par le Regroupement des organisations pour l'implantation du nouveau curriculum a \u00e9t\u00e9 d\u00e9pos\u00e9. Cette rencontre suivait celle du 23 novembre 2016 ou toutes les organisations reconnaissaient l\u2019importance de se concerter et d\u2019arrimer leurs actions afin d\u2019en arriver \u00e0 une implantation r\u00e9ussie des nouveaux programmes, et ce, dans tout le r\u00e9seau des commissions scolaires.<\/div><div class=\"simple_line thick special_size\"><\/div><div class=\"service_lnk prk_heavier_600 header_font\"><a class=\"zero_color verve_anchor\" href=\"http:\/\/www.accompagnementfga.ca\/carrefourfga\/portfolios\/implantation\/\">En savoir plus<\/a><\/div><\/div><\/div><div class=\"simple_line shortcoded\" style=\"border-bottom-color:rgba(255,255,255,0.01);border-bottom-width:10px;\"><\/div>[\/vc_column_inner][vc_column_inner width=\u00a0\u00bb1\/4&Prime;][vc_single_image image=\u00a0\u00bb179&Prime; img_size=\u00a0\u00bbfull\u00a0\u00bb onclick=\u00a0\u00bbcustom_link\u00a0\u00bb css_animation=\u00a0\u00bbbottom-to-top\u00a0\u00bb link=\u00a0\u00bbhttp:\/\/www.accompagnementfga.ca\/carrefourfga\/portfolios\/implantation\/\u00a0\u00bb]<div class=\"simple_line shortcoded\" style=\"border-bottom-color:rgba(255,255,255,0.01);border-bottom-width:10px;\"><\/div>[\/vc_column_inner][\/vc_row_inner][vc_row_inner][vc_column_inner width=\u00a0\u00bb1\/3&Prime;][vc_column_text css_animation=\u00a0\u00bbtop-to-bottom\u00a0\u00bb custom_css=\u00a0\u00bbmargin-left:90px;\u00a0\u00bb]<a href=\"http:\/\/implantation.carrefourfga.com\/documents\/Plan_implantation.pdf\" target=\"_blank\" rel=\"noopener noreferrer\">\u2192 Plan d&rsquo;action<\/a><br \/>\n<a href=\"http:\/\/www.accompagnementfga.ca\/carrefourfga\/implantation\/organisations-impliquees\/\">\u2192 Organisations impliqu\u00e9es<\/a><a href=\"http:\/\/www.accompagnementfga.ca\/carrefourfga\/implantation\/calendrier-dimplantation\/\"><br \/>\n\u2192 Calendrier d&rsquo;implantation<\/a><a href=\"http:\/\/www.accompagnementfga.ca\/carrefourfga\/implantation\/\"><br \/>\n<\/a><a href=\"http:\/\/www.accompagnementfga.ca\/carrefourfga\/portfolios\/implantation\/#documents\">\u2192 Documents des rencontres<br \/>\n<\/a><a href=\"http:\/\/www.carrefourfga.com\/Implantation\/mur.html\" target=\"_blank\" rel=\"noopener noreferrer\">\u2192 Mur de partage<\/a><a href=\"http:\/\/www.accompagnementfga.ca\/carrefourfga\/implantation\/\"><br \/>\n<\/a>[\/vc_column_text][\/vc_column_inner][vc_column_inner width=\u00a0\u00bb2\/3&Prime;][vc_column_text css_animation=\u00a0\u00bbtop-to-bottom\u00a0\u00bb custom_css=\u00a0\u00bbmargin-left:90px;\u00a0\u00bb]<a href=\"http:\/\/www.carrefourfga.com\/Implantation\/documents\/EquipeChoc-Offredeservice.pdf\" target=\"_blank\" rel=\"noopener noreferrer\">\u2192 \u00c9quipe-choc p\u00e9dagogique<br \/>\n<\/a><a href=\"http:\/\/www.accompagnementfga.ca\/carrefourfga\/implantation\/calendrier-equipe-choc-pedagogique\/\">\u2192 Calendrier de l&rsquo;\u00e9quipe-choc p\u00e9dagogique<\/a><br \/>\n<a href=\"http:\/\/www.accompagnementfga.ca\/carrefourfga\/wp-content\/uploads\/2017\/04\/pub_web_organisationnelle.pdf\" target=\"_blank\" rel=\"noopener noreferrer\">\u2192 \u00c9quipe-choc organisationnelle<\/a><br \/>\n<a href=\"http:\/\/www.carrefourfga.com\/Implantation\/documents\/formation_pro.pdf\" target=\"_blank\" rel=\"noopener noreferrer\">\u2192 Formation pro<br \/>\n<\/a><a href=\"http:\/\/www.accompagnementfga.ca\/carrefourfga\/liens-utiles-fle\/\">\u2192\u00a0Liens utiles par programme<\/a><a href=\"http:\/\/www.carrefourfga.com\/Implantation\/documents\/formation_pro.pdf\" target=\"_blank\" rel=\"noopener noreferrer\"><br \/>\n<\/a>[\/vc_column_text][\/vc_column_inner][\/vc_row_inner][\/vc_column][\/vc_row][vc_row top_padding=\u00a0\u00bb72px\u00a0\u00bb bottom_padding=\u00a0\u00bb48px\u00a0\u00bb bg_color=\u00a0\u00bbrgba(237,237,237,0.44)\u00a0\u00bb][vc_column width=\u00a0\u00bb1\/1&Prime;][vc_row_inner][vc_column_inner width=\u00a0\u00bb1\/4&Prime;][vc_single_image image=\u00a0\u00bb289&Prime; img_size=\u00a0\u00bbfull\u00a0\u00bb onclick=\u00a0\u00bbcustom_link\u00a0\u00bb css_animation=\u00a0\u00bbbottom-to-top\u00a0\u00bb link=\u00a0\u00bbhttp:\/\/www.accompagnementfga.ca\/carrefourfga\/portfolios\/information-de-la-deafc\/\u00a0\u00bb][\/vc_column_inner][vc_column_inner width=\u00a0\u00bb3\/4&Prime;]<div class=\"prk_service prk_service_left verve_bigger_service wpb_animate_when_almost_visible wpb_top-to-bottom\" data-color=\"default\" data-default=\"default\"><i class=\"verve_fa-bookmark colored_link_icon small_headings_color\"><\/i><div class=\"clearfix\"><\/div><div class=\"prk_service_ctt\"><h4 class=\"big zero_color header_font prk_heavier_600\">Information de la DEAFC<\/h4><div class=\"clearfix\"><\/div><div class=\"verve_service_desc wpb_text_column prk_9_em\"><\/div><\/div><\/div>[vc_column_text css_animation=\u00a0\u00bbtop-to-bottom\u00a0\u00bb custom_css=\u00a0\u00bbmargin-top:20px;\u00a0\u00bb]<a href=\"http:\/\/www.accompagnementfga.ca\/carrefourfga\/accompagnement-national\/\">\u2192 Accompagnement national<\/a><br \/>\n<a href=\"http:\/\/www.accompagnementfga.ca\/carrefourfga\/complements-aux-programmes-detudes\/\">\u2192 Compl\u00e9ments aux programmes d\u2019\u00e9tudes<\/a><br \/>\n<a href=\"http:\/\/www.accompagnementfga.ca\/carrefourfga\/programme-detudes-fga\/\">\u2192 Programmes d\u2019\u00e9tudes<\/a><br \/>\n<a href=\"http:\/\/www.accompagnementfga.ca\/carrefourfga\/rencontres-nationales-et-presentations-colloques\/\">\u2192 Rencontres nationales et pr\u00e9sentations colloques<\/a><br \/>\n<a href=\"http:\/\/www.accompagnementfga.ca\/carrefourfga\/indicateurs-de-perseverance-et-de-reussite-scolaires-a-la-fga\/\">\u2192 Indicateurs de pers\u00e9v\u00e9rance (section s\u00e9curis\u00e9e)<\/a>[\/vc_column_text][\/vc_column_inner][\/vc_row_inner][\/vc_column][\/vc_row][vc_row top_padding=\u00a0\u00bb72px\u00a0\u00bb bottom_padding=\u00a0\u00bb48px\u00a0\u00bb][vc_column width=\u00a0\u00bb1\/1&Prime;][vc_row_inner][vc_column_inner width=\u00a0\u00bb3\/4&Prime;]<div class=\"prk_service prk_service_left verve_bigger_service wpb_animate_when_almost_visible wpb_top-to-bottom\" data-color=\"default\" data-default=\"default\"><i class=\"mdi mdi-account-switch colored_link_icon small_headings_color\"><\/i><div class=\"clearfix\"><\/div><div class=\"prk_service_ctt\"><h4 class=\"big zero_color header_font prk_heavier_600\">Accompagnement national<\/h4><div class=\"clearfix\"><\/div><div class=\"service_inner_desc verve_service_desc wpb_text_column prk_9_em\">Afin d\u2019apporter le support n\u00e9cessaire aux enseignantes et aux enseignants dans le cadre de la mise en \u0153uvre des nouveaux programmes, la DEAAC offre cette ann\u00e9e un accompagnement portant sur diff\u00e9rents aspects du programme d\u2019\u00e9tudes et de l\u2019\u00e9valuation.<\/div><div class=\"simple_line thick special_size\"><\/div><div class=\"service_lnk prk_heavier_600 header_font\"><a class=\"zero_color verve_anchor\" href=\"http:\/\/www.accompagnementfga.ca\/carrefourfga\/accompagnement-national\/\">En savoir plus<\/a><\/div><\/div><\/div>[\/vc_column_inner][vc_column_inner width=\u00a0\u00bb1\/4&Prime;][vc_single_image image=\u00a0\u00bb185&Prime; img_size=\u00a0\u00bbfull\u00a0\u00bb onclick=\u00a0\u00bbcustom_link\u00a0\u00bb css_animation=\u00a0\u00bbbottom-to-top\u00a0\u00bb link=\u00a0\u00bbhttp:\/\/www.accompagnementfga.ca\/carrefourfga\/accompagnement-national\/\u00a0\u00bb][\/vc_column_inner][\/vc_row_inner][vc_row_inner][vc_column_inner width=\u00a0\u00bb1\/3&Prime;][vc_column_text css_animation=\u00a0\u00bbtop-to-bottom\u00a0\u00bb custom_css=\u00a0\u00bbmargin-left:90px;\u00a0\u00bb]<a href=\"http:\/\/www.accompagnementfga.ca\/carrefourfga\/accompagnement-national\/esl\/\">\u2192 English as a Second Language<br \/>\n<\/a><a href=\"http:\/\/www.accompagnementfga.ca\/carrefourfga\/accompagnement-national\/fle\/\">\u2192 Fran\u00e7ais, langue d&rsquo;enseignement<br \/>\n<\/a><a href=\"http:\/\/www.accompagnementfga.ca\/carrefourfga\/accompagnement-national\/fls\/\">\u2192 Fran\u00e7ais, langue seconde<br \/>\n<\/a><a href=\"http:\/\/www.accompagnementfga.ca\/carrefourfga\/accompagnement-national\/francisation\/\">\u2192 Francisation<br \/>\n<\/a><a href=\"http:\/\/www.accompagnementfga.ca\/carrefourfga\/accompagnement-national\/informatique\/\">\u2192 Informatique<\/a>[\/vc_column_text][\/vc_column_inner][vc_column_inner width=\u00a0\u00bb2\/3&Prime;][vc_column_text css_animation=\u00a0\u00bbtop-to-bottom\u00a0\u00bb custom_css=\u00a0\u00bbmargin-left:90px;\u00a0\u00bb]<a href=\"http:\/\/www.accompagnementfga.ca\/carrefourfga\/accompagnement-national\/isp\/\">\u2192 Int\u00e9gration socioprofessionnelle<br \/>\n<\/a><a href=\"http:\/\/www.mathematiquefga.ca\/\">\u2192 Math\u00e9matiques 2014-2016<br \/>\n<\/a><a href=\"http:\/\/www.accompagnementfga.ca\/carrefourfga\/accompagnement-national\/mathematique\/\">\u2192 Math\u00e9matiques 2016-2017<br \/>\n<\/a><a href=\"http:\/\/www.accompagnementfga.ca\/carrefourfga\/accompagnement-national\/universsocial\/\">\u2192 Univers social<br \/>\n<\/a><a href=\"http:\/\/www.accompagnementfga.ca\/carrefourfga\/accompagnement-national\/stcpb\/\">\u2192 Science et technologie<\/a>[\/vc_column_text][\/vc_column_inner][\/vc_row_inner][vc_row_inner custom_css=\u00a0\u00bbmargin-top:20px;\u00a0\u00bb][vc_column_inner width=\u00a0\u00bb3\/4&Prime; custom_css=\u00a0\u00bbpadding-left:90px;\u00a0\u00bb][vc_column_text css_animation=\u00a0\u00bbtop-to-bottom\u00a0\u00bb]<strong>\u00c0 venir<\/strong><br \/>\n\u2192 English, Language Arts[\/vc_column_text][vc_column_text css_animation=\u00a0\u00bbtop-to-bottom\u00a0\u00bb]<div class=\"symple-toggle state-closed \"><h3 class=\"symple-toggle-trigger \">Documents Int\u00e9gration sociale<\/h3><div class=\"symple-toggle-container symple-clearfix\"><a href=\"http:\/\/www.carrefourfga.com\/documents\/Rencontre%20nationale%2026-27%20janvier%202017.pdf\" target=\"_blank\" rel=\"noopener noreferrer\">Rencontre nationale des gestionnaires et des responsables du soutien p\u00e9dagogique (26-27 janvier 2017)<br \/>\nLes adultes vis\u00e9s par le programme d&rsquo;\u00e9tudes Int\u00e9gration sociale de la formation g\u00e9n\u00e9rale des adultes<\/a><\/p>\n<p><a href=\"http:\/\/www.carrefourfga.com\/documents\/DHS%20en%20integration%20sociale.pdf\" target=\"_blank\" rel=\"noopener noreferrer\">Cours du d\u00e9veloppement des habilet\u00e9s sp\u00e9cifiques (DHS) en int\u00e9gration sociale<\/a><\/p>\n<\/div><\/div><div class=\"symple-toggle state-closed \"><h3 class=\"symple-toggle-trigger \">Grille d&#039;appr\u00e9ciation du mat\u00e9riel d&#039;apprentissage<\/h3><div class=\"symple-toggle-container symple-clearfix\">La direction de l\u2019\u00e9ducation des adultes et de la formation continue du MEES, en collaboration avec le r\u00e9seau, a d\u00e9velopp\u00e9 une grille d\u2019appr\u00e9ciation du mat\u00e9riel d\u2019apprentissage pour aider les enseignants et les conseillers p\u00e9dagogiques \u00e0 choisir leur mat\u00e9riel didactique.<\/p>\n<p class=\"desc\">Il s\u2019agit d\u2019un <strong>outil non prescrit<\/strong> qui <strong>peut \u00eatre adapt\u00e9 ou modifi\u00e9<\/strong> en fonction des besoins.<\/p>\n<p class=\"desc\">\u00c0 la demande du r\u00e9seau, cette grille est rendue disponible en <strong>version provisoire<\/strong>, en attendant que la version finale soit d\u00e9pos\u00e9e, accompagn\u00e9e d\u2019un guide d\u2019accompagnement qui apportera des pr\u00e9cisions sur l\u2019utilisation de la grille.<\/p>\n<p class=\"desc\">Une deuxi\u00e8me version de la grille a \u00e9t\u00e9 con\u00e7ue pour permettre l&rsquo;appr\u00e9ciation des guides dont les situations d\u2019apprentissage, les t\u00e2ches ou les activit\u00e9s ne sont pas pr\u00e9sent\u00e9es selon les\u00a0phases de pr\u00e9paration, de r\u00e9alisation et d\u2019int\u00e9gration. Elle contient g\u00e9n\u00e9ralement les m\u00eames \u00e9nonc\u00e9s que ceux de la premi\u00e8re grille, mais regroup\u00e9s diff\u00e9remment.<\/p>\n<p class=\"desc\">Vous pouvez <a href=\"http:\/\/www.carrefourfga.com\/documents\/PPT_atelier.pdf\" target=\"_blank\" rel=\"noopener noreferrer\">consulter\u00a0le PowerPoint<\/a> qui a \u00e9t\u00e9 utilis\u00e9 pour pr\u00e9senter l&rsquo;outil lors de la Rencontre nationale des gestionnaires et des responsables du soutien p\u00e9dagogique (27 janvier 2017)<\/p>\n<ul>\n<li><a href=\"http:\/\/www.carrefourfga.com\/documents\/Grille_FGA_13fevrier2017_phases.xlsx\">Grille d&rsquo;appr\u00e9ciation du mat\u00e9riel d&rsquo;apprentissage<\/a><\/li>\n<li><a href=\"http:\/\/www.carrefourfga.com\/documents\/Grille_FGA_13fevrier2017.xlsx\">Grille d&rsquo;appr\u00e9ciation du mat\u00e9riel d&rsquo;apprentissage<br \/>\n(version sans les phases de pr\u00e9paration, de r\u00e9alisation et d&rsquo;int\u00e9gration)<\/a><\/li>\n<\/ul>\n<\/div><\/div>[\/vc_column_text][\/vc_column_inner][vc_column_inner width=\u00a0\u00bb1\/4&Prime;][\/vc_column_inner][\/vc_row_inner][\/vc_column][\/vc_row][vc_row top_padding=\u00a0\u00bb72px\u00a0\u00bb bottom_padding=\u00a0\u00bb48px\u00a0\u00bb bg_color=\u00a0\u00bbrgba(237,237,237,0.44)\u00a0\u00bb][vc_column width=\u00a0\u00bb1\/1&Prime;][vc_row_inner][vc_column_inner width=\u00a0\u00bb1\/4&Prime;][vc_single_image image=\u00a0\u00bb298&Prime; img_size=\u00a0\u00bbfull\u00a0\u00bb onclick=\u00a0\u00bbcustom_link\u00a0\u00bb css_animation=\u00a0\u00bbbottom-to-top\u00a0\u00bb link=\u00a0\u00bb#\u00a0\u00bb][\/vc_column_inner][vc_column_inner width=\u00a0\u00bb3\/4&Prime;]<div class=\"prk_service prk_service_left verve_bigger_service wpb_animate_when_almost_visible wpb_top-to-bottom\" data-color=\"default\" data-default=\"default\"><i class=\"mdi mdi-folder-download colored_link_icon small_headings_color\"><\/i><div class=\"clearfix\"><\/div><div class=\"prk_service_ctt\"><h4 class=\"big zero_color header_font prk_heavier_600\">Alexandrie FGA<\/h4><div class=\"clearfix\"><\/div><div class=\"service_inner_desc verve_service_desc wpb_text_column prk_9_em\">Alexandrie FGA est un lieu de partage d'outils et de mat\u00e9riel p\u00e9dagogique con\u00e7us par et pour le personnel scolaire FGA (formation g\u00e9n\u00e9rale des adultes). Le but premier de soutenir les enseignants dans leur appropriation et dans l'application des nouveaux programmes d'\u00e9tudes gr\u00e2ve \u00e0 la cr\u00e9ation et au partage de ressources. Outils, r\u00e9f\u00e9rences et, surtout, situations d'apprentissage sont maintenant accessibles \u00e0 tous en un clic!<br \/>\n<\/div><div class=\"simple_line thick special_size\"><\/div><div class=\"service_lnk prk_heavier_600 header_font\"><a class=\"zero_color verve_anchor\" href=\"http:\/\/www.accompagnementfga.ca\/carrefourfga\/alexandrie-fga\/\">En savoir plus<\/a><\/div><\/div><\/div>[\/vc_column_inner][\/vc_row_inner][\/vc_column][\/vc_row][vc_row top_padding=\u00a0\u00bb72px\u00a0\u00bb bottom_padding=\u00a0\u00bb48px\u00a0\u00bb][vc_column width=\u00a0\u00bb1\/1&Prime;][vc_row_inner][vc_column_inner width=\u00a0\u00bb3\/4&Prime;]<div class=\"prk_service prk_service_left verve_bigger_service wpb_animate_when_almost_visible wpb_top-to-bottom\" data-color=\"default\" data-default=\"default\"><i class=\"mdi mdi-laptop-mac colored_link_icon small_headings_color\"><\/i><div class=\"clearfix\"><\/div><div class=\"prk_service_ctt\"><h4 class=\"big zero_color header_font prk_heavier_600\">R\u00c9CIT FGA<\/h4><div class=\"clearfix\"><\/div><div class=\"service_inner_desc verve_service_desc wpb_text_column prk_9_em\">Le R\u00c9CIT est soutenu financi\u00e8rement par le minist\u00e8re de l\u2019\u00c9ducation et de l\u2019enseignement sup\u00e9rieur (MEES). Les commissions scolaires (ou la F\u00e9d\u00e9ration des \u00e9tablissements d\u2019enseignement priv\u00e9s pour ce service) assurent la gestion des personnes-ressources du R\u00c9CIT et d\u00e9terminent les priorit\u00e9s d\u2019action. Le MEES contribue aussi au d\u00e9veloppement de la culture de r\u00e9seau, en favorisant la formation par les pairs et le partage d\u2019expertise. Ce site est un exemple de la culture de r\u00e9seau, car il favorise la mise en commun des ressources d\u00e9velopp\u00e9es par les diff\u00e9rents services r\u00e9gionaux du R\u00c9CIT.<\/div><div class=\"simple_line thick special_size\"><\/div><div class=\"service_lnk prk_heavier_600 header_font\"><a class=\"zero_color verve_anchor\" href=\"http:\/\/www.accompagnementfga.ca\/carrefourfga\/recit-fga\/\">En savoir plus<\/a><\/div><\/div><\/div>[\/vc_column_inner][vc_column_inner width=\u00a0\u00bb1\/4&Prime;][vc_single_image image=\u00a0\u00bb288&Prime; img_size=\u00a0\u00bbfull\u00a0\u00bb onclick=\u00a0\u00bbcustom_link\u00a0\u00bb css_animation=\u00a0\u00bbbottom-to-top\u00a0\u00bb link=\u00a0\u00bb#\u00a0\u00bb][\/vc_column_inner][\/vc_row_inner][\/vc_column][\/vc_row][vc_row top_padding=\u00a0\u00bb72px\u00a0\u00bb bottom_padding=\u00a0\u00bb48px\u00a0\u00bb bg_color=\u00a0\u00bbrgba(237,237,237,0.44)\u00a0\u00bb][vc_column width=\u00a0\u00bb1\/1&Prime;][vc_row_inner][vc_column_inner width=\u00a0\u00bb1\/4&Prime;][vc_single_image image=\u00a0\u00bb180&Prime; img_size=\u00a0\u00bbfull\u00a0\u00bb onclick=\u00a0\u00bbcustom_link\u00a0\u00bb css_animation=\u00a0\u00bbbottom-to-top\u00a0\u00bb link=\u00a0\u00bb#\u00a0\u00bb][\/vc_column_inner][vc_column_inner width=\u00a0\u00bb3\/4&Prime;]<div class=\"prk_service prk_service_left verve_bigger_service wpb_animate_when_almost_visible wpb_top-to-bottom\" data-color=\"default\" data-default=\"default\"><i class=\"mdi mdi-account-multiple colored_link_icon small_headings_color\"><\/i><div class=\"clearfix\"><\/div><div class=\"prk_service_ctt\"><h4 class=\"big zero_color header_font prk_heavier_600\">SARCA<\/h4><div class=\"clearfix\"><\/div><div class=\"service_inner_desc verve_service_desc wpb_text_column prk_9_em\">Dans ce site, les commissions scolaires peuvent faire conna\u00eetre au r\u00e9seau scolaire leurs activit\u00e9s porteuses li\u00e9es aux SARCA et effectuer une recherche dans le r\u00e9pertoire soit par mots-cl\u00e9s, par population cible ou encore, effectuer une recherche dynamique crois\u00e9e par commission scolaire ou par date de mise en oeuvre des activit\u00e9s. Le site contient \u00e9galement l'information n\u00e9cessaire \u00e0 la publication d'une nouvelle activit\u00e9 dans le r\u00e9pertoire au moyen d'une fiche descriptive \u00e9lectronique \u00e0 compl\u00e9ter et dans laquelle se trouvent int\u00e9gr\u00e9es les consignes de r\u00e9daction.<\/div><div class=\"simple_line thick special_size\"><\/div><div class=\"service_lnk prk_heavier_600 header_font\"><a class=\"zero_color verve_anchor\" href=\"http:\/\/www.accompagnementfga.ca\/carrefourfga\/sarca\/\">En savoir plus<\/a><\/div><\/div><\/div>[\/vc_column_inner][\/vc_row_inner][\/vc_column][\/vc_row][vc_row top_padding=\u00a0\u00bb72px\u00a0\u00bb bottom_padding=\u00a0\u00bb48px\u00a0\u00bb][vc_column width=\u00a0\u00bb1\/1&Prime;][vc_row_inner][vc_column_inner width=\u00a0\u00bb3\/4&Prime;]<div class=\"prk_service prk_service_left verve_bigger_service wpb_animate_when_almost_visible wpb_top-to-bottom\" data-color=\"default\" data-default=\"default\"><i class=\"mdi mdi-account-convert colored_link_icon small_headings_color\"><\/i><div class=\"clearfix\"><\/div><div class=\"prk_service_ctt\"><h4 class=\"big zero_color header_font prk_heavier_600\">Services compl\u00e9mentaires<\/h4><div class=\"clearfix\"><\/div><div class=\"service_inner_desc verve_service_desc wpb_text_column prk_9_em\">Ce site est d\u00e9di\u00e9 au personnel scolaire qui offre directement ou indirectement des services de soutien \u00e0 l'\u00e9l\u00e8ve, jeune et adulte.<\/div><div class=\"simple_line thick special_size\"><\/div><div class=\"service_lnk prk_heavier_600 header_font\"><a class=\"zero_color verve_anchor\" href=\"http:\/\/www.accompagnementfga.ca\/carrefourfga\/services-complementaires\/\">En savoir plus<\/a><\/div><\/div><\/div>[\/vc_column_inner][vc_column_inner width=\u00a0\u00bb1\/4&Prime;][vc_single_image image=\u00a0\u00bb663&Prime; img_size=\u00a0\u00bbfull\u00a0\u00bb onclick=\u00a0\u00bbcustom_link\u00a0\u00bb css_animation=\u00a0\u00bbbottom-to-top\u00a0\u00bb link=\u00a0\u00bbhttp:\/\/www.accompagnementfga.ca\/carrefourfga\/services-complementaires\/\u00a0\u00bb][\/vc_column_inner][\/vc_row_inner][\/vc_column][\/vc_row][vc_row top_padding=\u00a0\u00bb72px\u00a0\u00bb bottom_padding=\u00a0\u00bb48px\u00a0\u00bb bg_color=\u00a0\u00bbrgba(237,237,237,0.44)\u00a0\u00bb][vc_column width=\u00a0\u00bb1\/1&Prime;][vc_row_inner][vc_column_inner width=\u00a0\u00bb1\/4&Prime;][vc_single_image image=\u00a0\u00bb630&Prime; img_size=\u00a0\u00bbfull\u00a0\u00bb onclick=\u00a0\u00bbcustom_link\u00a0\u00bb css_animation=\u00a0\u00bbbottom-to-top\u00a0\u00bb link=\u00a0\u00bbhttp:\/\/www.accompagnementfga.ca\/carrefourfga\/services-en-milieu-carceral\/\u00a0\u00bb][\/vc_column_inner][vc_column_inner width=\u00a0\u00bb3\/4&Prime;]<div class=\"prk_service prk_service_left verve_bigger_service wpb_animate_when_almost_visible wpb_top-to-bottom\" data-color=\"default\" data-default=\"default\"><i class=\"mdi mdi-lightbulb-outline colored_link_icon small_headings_color\"><\/i><div class=\"clearfix\"><\/div><div class=\"prk_service_ctt\"><h4 class=\"big zero_color header_font prk_heavier_600\">Services en milieu carc\u00e9ral<\/h4><div class=\"clearfix\"><\/div><div class=\"service_inner_desc verve_service_desc wpb_text_column prk_9_em\">En milieu carc\u00e9ral, les besoins particuliers de la client\u00e8le incitent \u00e0 une adaptation de l'offre des services \u00e9ducatifs en formation g\u00e9n\u00e9rale des adultes.<\/div><div class=\"simple_line thick special_size\"><\/div><div class=\"service_lnk prk_heavier_600 header_font\"><a class=\"zero_color verve_anchor\" href=\"http:\/\/www.accompagnementfga.ca\/carrefourfga\/services-en-milieu-carceral\/\">En savoir plus<\/a><\/div><\/div><\/div>[\/vc_column_inner][\/vc_row_inner][\/vc_column][\/vc_row][vc_row top_padding=\u00a0\u00bb72px\u00a0\u00bb bottom_padding=\u00a0\u00bb48px\u00a0\u00bb][vc_column width=\u00a0\u00bb1\/1&Prime;][vc_row_inner][vc_column_inner width=\u00a0\u00bb3\/4&Prime;]<div class=\"prk_service prk_service_left verve_bigger_service wpb_animate_when_almost_visible wpb_top-to-bottom\" data-color=\"default\" data-default=\"default\"><i class=\"mdi mdi-account-multiple-outline colored_link_icon small_headings_color\"><\/i><div class=\"clearfix\"><\/div><div class=\"prk_service_ctt\"><h4 class=\"big zero_color header_font prk_heavier_600\">Formations des 16-24 ans<\/h4><div class=\"clearfix\"><\/div><div class=\"service_inner_desc verve_service_desc wpb_text_column prk_9_em\">Le Programme d'aide pour favoriser le retour en formation des 16-24 ans est issu de la Politique d'\u00e9ducation des adultes et de formation continue : apprendre tout au long de la vie et son plan d'action. Vingt commissions scolaires dans les 17 r\u00e9gions du Qu\u00e9bec ont particip\u00e9 \u00e0 l'exp\u00e9rimentation de ce programme entre 2003 et 2011. Elles ont r\u00e9alis\u00e9 divers moyens pour favoriser le retour en formation des 16-24 ans et soutenir leur pers\u00e9v\u00e9rance scolaire.<\/div><div class=\"simple_line thick special_size\"><\/div><div class=\"service_lnk prk_heavier_600 header_font\"><a class=\"zero_color verve_anchor\" href=\"http:\/\/www.accompagnementfga.ca\/carrefourfga\/16-24-ans\/\">En savoir plus<\/a><\/div><\/div><\/div>[\/vc_column_inner][vc_column_inner width=\u00a0\u00bb1\/4&Prime;][vc_single_image image=\u00a0\u00bb182&Prime; img_size=\u00a0\u00bbfull\u00a0\u00bb onclick=\u00a0\u00bbcustom_link\u00a0\u00bb css_animation=\u00a0\u00bbbottom-to-top\u00a0\u00bb link=\u00a0\u00bbhttp:\/\/www.accompagnementfga.ca\/carrefourfga\/16-24-ans\/\u00a0\u00bb][\/vc_column_inner][\/vc_row_inner][\/vc_column][\/vc_row][vc_row top_padding=\u00a0\u00bb72px\u00a0\u00bb bottom_padding=\u00a0\u00bb48px\u00a0\u00bb bg_color=\u00a0\u00bbrgba(237,237,237,0.44)\u00a0\u00bb][vc_column width=\u00a0\u00bb1\/1&Prime;][vc_row_inner][vc_column_inner width=\u00a0\u00bb1\/4&Prime;][vc_single_image image=\u00a0\u00bb181&Prime; img_size=\u00a0\u00bbfull\u00a0\u00bb onclick=\u00a0\u00bbcustom_link\u00a0\u00bb css_animation=\u00a0\u00bbbottom-to-top\u00a0\u00bb link=\u00a0\u00bbhttp:\/\/www.accompagnementfga.ca\/carrefourfga\/volet-autochtones\/\u00a0\u00bb][\/vc_column_inner][vc_column_inner width=\u00a0\u00bb3\/4&Prime;]<div class=\"prk_service prk_service_left verve_bigger_service wpb_animate_when_almost_visible wpb_top-to-bottom\" data-color=\"default\" data-default=\"default\"><i class=\"mdi mdi-barley colored_link_icon small_headings_color\"><\/i><div class=\"clearfix\"><\/div><div class=\"prk_service_ctt\"><h4 class=\"big zero_color header_font prk_heavier_600\">Volet Autochtones<\/h4><div class=\"clearfix\"><\/div><div class=\"service_inner_desc verve_service_desc wpb_text_column prk_9_em\">Dans cette section, vous trouverez de l'information relative \u00e0 la population autochtone en formation g\u00e9n\u00e9rale des adultes.<\/div><div class=\"simple_line thick special_size\"><\/div><div class=\"service_lnk prk_heavier_600 header_font\"><a class=\"zero_color verve_anchor\" href=\"http:\/\/www.accompagnementfga.ca\/carrefourfga\/volet-autochtones\/\">En savoir plus<\/a><\/div><\/div><\/div>[\/vc_column_inner][\/vc_row_inner][\/vc_column][\/vc_row][vc_row top_padding=\u00a0\u00bb72px\u00a0\u00bb bottom_padding=\u00a0\u00bb48px\u00a0\u00bb][vc_column width=\u00a0\u00bb1\/1&Prime;][vc_row_inner][vc_column_inner width=\u00a0\u00bb3\/4&Prime;]<div class=\"prk_service prk_service_left verve_bigger_service wpb_animate_when_almost_visible wpb_top-to-bottom\" data-color=\"default\" data-default=\"default\"><i class=\"mdi mdi-briefcase colored_link_icon small_headings_color\"><\/i><div class=\"clearfix\"><\/div><div class=\"prk_service_ctt\"><h4 class=\"big zero_color header_font prk_heavier_600\">Formation PRO<\/h4><div class=\"clearfix\"><\/div><div class=\"service_inner_desc verve_service_desc wpb_text_column prk_9_em\">En 2009, la biblioth\u00e8que nationale Alexandrie FGA a \u00e9t\u00e9 mise en place afin de faciliter l\u2019implantation des nouveaux programmes. Pour bonifier son offre d\u2019accompagnement et ainsi permettre aux enseignants et conseillers p\u00e9dagogiques de mieux comprendre comment se d\u00e9veloppe une comp\u00e9tence, l\u2019\u00c9quipe du Regard, chapeaut\u00e9e par Alexandrie FGA, a vu le jour.<\/p>\n<p>La formation donn\u00e9e par l\u2019\u00c9quipe du Regard vous est offerte gr\u00e2ce \u00e0 la participation financi\u00e8re du Minist\u00e8re de l\u2019\u00c9ducation et de l\u2019Enseignement sup\u00e9rieur.<\/div><div class=\"simple_line thick special_size\"><\/div><div class=\"service_lnk prk_heavier_600 header_font\"><a class=\"zero_color verve_anchor\" href=\"http:\/\/www.carrefourfga.com\/Implantation\/documents\/formation_pro.pdf\">En savoir plus<\/a><\/div><\/div><\/div>[\/vc_column_inner][vc_column_inner width=\u00a0\u00bb1\/4&Prime;][vc_single_image image=\u00a0\u00bb182&Prime; img_size=\u00a0\u00bbfull\u00a0\u00bb onclick=\u00a0\u00bbcustom_link\u00a0\u00bb css_animation=\u00a0\u00bbbottom-to-top\u00a0\u00bb link=\u00a0\u00bbhttp:\/\/www.carrefourfga.com\/Implantation\/documents\/formation_pro.pdf\u00a0\u00bb][\/vc_column_inner][\/vc_row_inner][\/vc_column][\/vc_row][vc_row top_padding=\u00a0\u00bb72px\u00a0\u00bb bottom_padding=\u00a0\u00bb48px\u00a0\u00bb bg_color=\u00a0\u00bbrgba(237,237,237,0.44)\u00a0\u00bb][vc_column width=\u00a0\u00bb1\/1&Prime;][vc_row_inner][vc_column_inner width=\u00a0\u00bb1\/4&Prime;][vc_single_image image=\u00a0\u00bb640&Prime; img_size=\u00a0\u00bbfull\u00a0\u00bb onclick=\u00a0\u00bbcustom_link\u00a0\u00bb css_animation=\u00a0\u00bbbottom-to-top\u00a0\u00bb link=\u00a0\u00bbhttp:\/\/www.accompagnementfga.ca\/carrefourfga\/pedago-mosaique\/\u00a0\u00bb][\/vc_column_inner][vc_column_inner width=\u00a0\u00bb3\/4&Prime;]<div class=\"prk_service prk_service_left verve_bigger_service wpb_animate_when_almost_visible wpb_top-to-bottom\" data-color=\"default\" data-default=\"default\"><i class=\"mdi mdi-apps colored_link_icon small_headings_color\"><\/i><div class=\"clearfix\"><\/div><div class=\"prk_service_ctt\"><h4 class=\"big zero_color header_font prk_heavier_600\">P\u00e9dago mosa\u00efque<\/h4><div class=\"clearfix\"><\/div><div class=\"service_inner_desc verve_service_desc wpb_text_column prk_9_em\">P\u00e9dago mosa\u00efque est une interface web offrant de judicieux conseils p\u00e9dagogiques de toutes sortes sous la forme de c\u00e9ramique. Une c\u00e9ramique est parfois compos\u00e9e d\u2019une vid\u00e9o et de quelques r\u00e9flexions, parfois de suggestions de lectures ou d\u2019exercices. Tout le contenu des c\u00e9ramiques est en \u00e9troite corr\u00e9lation avec le r\u00e9f\u00e9rentiel des 12 comp\u00e9tences professionnelles, ainsi il est tr\u00e8s facile de s\u2019y retrouver ou d\u2019y faire une recherche.<\/div><div class=\"simple_line thick special_size\"><\/div><div class=\"service_lnk prk_heavier_600 header_font\"><a class=\"zero_color verve_anchor\" href=\"http:\/\/www.accompagnementfga.ca\/carrefourfga\/pedago-mosaique\/\">En savoir plus<\/a><\/div><\/div><\/div>[\/vc_column_inner][\/vc_row_inner][\/vc_column][\/vc_row][vc_row top_padding=\u00a0\u00bb72px\u00a0\u00bb bottom_padding=\u00a0\u00bb48px\u00a0\u00bb][vc_column width=\u00a0\u00bb1\/1&Prime;][vc_row_inner][vc_column_inner width=\u00a0\u00bb3\/4&Prime;]<div class=\"prk_service prk_service_left verve_bigger_service wpb_animate_when_almost_visible wpb_top-to-bottom\" data-color=\"default\" data-default=\"default\"><i class=\"verve_fa-file-video-o colored_link_icon small_headings_color\"><\/i><div class=\"clearfix\"><\/div><div class=\"prk_service_ctt\"><h4 class=\"big zero_color header_font prk_heavier_600\">Capsules vid\u00e9os<\/h4><div class=\"clearfix\"><\/div><div class=\"service_inner_desc verve_service_desc wpb_text_column prk_9_em\">La cha\u00eene Espace conseils FGA regroupe plusieurs capsules multim\u00e9dias toutes en accord avec la r\u00e9alit\u00e9 du milieu de l\u2019\u00e9ducation des adultes au Qu\u00e9bec. Chaque capsule offre de judicieux conseils produits par des conseillers et des conseill\u00e8res p\u00e9dagogiques. Ces conseils sont class\u00e9s en trois cat\u00e9gories : conseils p\u00e9dagogiques, didactiques ou professionnels.<\/div><div class=\"simple_line thick special_size\"><\/div><div class=\"service_lnk prk_heavier_600 header_font\"><a class=\"zero_color verve_anchor\" href=\"http:\/\/www.accompagnementfga.ca\/carrefourfga\/portfolios\/espace-conseils-fga\/\">En savoir plus<\/a><\/div><\/div><\/div>[\/vc_column_inner][vc_column_inner width=\u00a0\u00bb1\/4&Prime;][vc_single_image image=\u00a0\u00bb580&Prime; img_size=\u00a0\u00bbfull\u00a0\u00bb onclick=\u00a0\u00bbcustom_link\u00a0\u00bb css_animation=\u00a0\u00bbbottom-to-top\u00a0\u00bb link=\u00a0\u00bbhttp:\/\/www.accompagnementfga.ca\/carrefourfga\/portfolios\/espace-conseils-fga\/\u00a0\u00bb]<div class=\"verve_spacer clearfix\" style=\"height:25px;\"><\/div>[vc_single_image image=\u00a0\u00bb601&Prime; img_size=\u00a0\u00bbfull\u00a0\u00bb onclick=\u00a0\u00bbcustom_link\u00a0\u00bb css_animation=\u00a0\u00bbbottom-to-top\u00a0\u00bb link=\u00a0\u00bbhttp:\/\/www.accompagnementfga.ca\/carrefourfga\/portfolios\/the-flipped-consultant\/\u00a0\u00bb][\/vc_column_inner][\/vc_row_inner][\/vc_column][\/vc_row][vc_row top_padding=\u00a0\u00bb70px\u00a0\u00bb bottom_padding=\u00a0\u00bb70px\u00a0\u00bb bk_element=\u00a0\u00bbimage\u00a0\u00bb bg_image_repeat=\u00a0\u00bbverve_cover_bottom\u00a0\u00bb font_color=\u00a0\u00bb#ffffff\u00a0\u00bb bg_image=\u00a0\u00bb190&Prime; el_id=\u00a0\u00bbnousjoindre\u00a0\u00bb][vc_column width=\u00a0\u00bb1\/1&Prime;][vc_row_inner][vc_column_inner][vc_single_image image=\u00a0\u00bb1370&Prime; img_size=\u00a0\u00bbfull\u00a0\u00bb css_animation=\u00a0\u00bbverve_fade_waypoint\u00a0\u00bb el_class=\u00a0\u00bbverve_retina\u00a0\u00bb]<div class=\"verve_spacer clearfix\" style=\"height:50px;\"><\/div>[\/vc_column_inner][\/vc_row_inner][vc_row_inner][vc_column_inner width=\u00a0\u00bb1\/2&Prime;][vc_column_text]\n<p style=\"text-align: justify;\">Le <b><span style=\"color: #e05856;\">Carrefour FGA<\/span><\/b> est un regroupement de sites qu\u00e9b\u00e9cois con\u00e7us pour la formation g\u00e9n\u00e9rale des adultes (FGA). Ici, les id\u00e9es, les visions et les cr\u00e9ations de partout convergent en un seul lieu.<\/p>\n<p style=\"text-align: justify;\">Le <b><span style=\"color: #e05856;\">Carrefour FGA<\/span><\/b> se veut un point de d\u00e9part pour la recherche et la d\u00e9couverte de ressources utiles pour les intervenants en FGA. Nous souhaitons que la diversit\u00e9 des ressources en ligne r\u00e9unie en un seul endroit facilite le quotidien de chacun et stimule la r\u00e9flexion professionnelle.<\/p>\n<p style=\"text-align: justify;\">Le <b><span style=\"color: #e05856;\">Carrefour FGA<\/span><\/b> souhaite faire les liens vers les meilleures ressources en \u00e9ducation d&rsquo;ici et d&rsquo;ailleurs. La contribution du r\u00e9seau, votre contribution \u00e0 garder ces liens \u00e0 jour influencera l&rsquo;\u00e9volution de ce site. Le <b><span style=\"color: #e05856;\">Carrefour FGA<\/span><\/b> , la force d&rsquo;un r\u00e9seau!<\/p>\n[\/vc_column_text][\/vc_column_inner][vc_column_inner width=\u00a0\u00bb1\/2&Prime;]<div class=\"prk_shortcode-title prk_break_word verve_left_align h5_sized\"><div class=\"header_font zero_color prk_vc_title\" style=\"color:#ffffff;border-bottom-color:rgba(255, 255, 255,0.9);text-shadow:0px 0px 1px rgba(255, 255, 255,0.2);\"><h5 style=\"font-weight:700;\">Nous joindre<\/h5><\/div><div class=\"clearfix\"><\/div><\/div><div class=\"verve_spacer clearfix\" style=\"height:18px;\"><\/div><div class=\"prk_shorts small-12\">\n        <form action=\"#\" class=\"prk_theme_form vrv_contact-form\" method=\"post\" data-empty=\"\" data-invalid=\"\" data-ok=\"\" data-name=\"Carrefour FGA\">\n            <div class=\"row\">\n\t            <div class=\"small-12 columns\">\n\t                <input type=\"text\" class=\"pirenko_highlighted\" name=\"c_name\" id=\"c_name\" \n\t                placeholder=\"\"  data-original=\"\" \/>\n\t            <\/div>\n\t            <div class=\"small-12 columns\">\n\t                    <input type=\"text\" class=\"pirenko_highlighted\" name=\"c_email\" id=\"c_email\" size=\"28\" placeholder=\"\" \/>\n\t            <\/div>\n\t            <div class=\"small-12 columns\">\n\t                <textarea class=\"pirenko_highlighted\" name=\"c_message\" id=\"c_message\" rows=\"8\"\n\t                placeholder=\"\" data-original=\"\"><\/textarea>\n\t            <\/div>\n            \t<div class=\"clearfix\"><\/div>\n            <\/div>\n        <input type=\"hidden\" id=\"full_subject\" name=\"full_subject\" value=\"\" \/>\n        <input type=\"hidden\" name=\"rec_email\" value=\"&#105;&#110;&#102;o&#64;car&#114;efour&#102;&#103;a&#46;&#99;&#111;&#109;\" \/>\n        <div id=\"contact_ok\" class=\"prk_heavier_600 zero_color header_font\"><\/div>\n        <input type=\"hidden\" name=\"c_submitted\" id=\"c_submitted\" value=\"true\" \/>\n        <div class=\"clearfix\"><\/div>\n        <div id=\"submit_message_div\" class=\"colored_theme_button small\">\n        <div>\n            <a href=\"#\"><\/a>\n        <\/div>\n        <\/div><\/form><\/div><div class=\"clearfix\"><\/div>[\/vc_column_inner][\/vc_row_inner][\/vc_column][\/vc_row]\n","protected":false},"excerpt":{"rendered":"<p>[vc_row top_padding=\u00a0\u00bb90px\u00a0\u00bb bottom_padding=\u00a0\u00bb82px\u00a0\u00bb bk_element=\u00a0\u00bbimage\u00a0\u00bb bg_image_repeat=\u00a0\u00bbverve_cover_top\u00a0\u00bb el_class=\u00a0\u00bbverve_retina\u00a0\u00bb bg_image=\u00a0\u00bb753&Prime; el_id=\u00a0\u00bbbienvenue\u00a0\u00bb][vc_column width=\u00a0\u00bb1\/1&Prime;][vc_row_inner][vc_column_inner width=\u00a0\u00bb1\/2&Prime;][vc_column_text css_animation=\u00a0\u00bbbottom-to-top\u00a0\u00bb el_class=\u00a0\u00bbsmall-9 columns small-centered prk_9_em\u00a0\u00bb] Le Carrefour FGA est un regroupement de sites qu\u00e9b\u00e9cois con\u00e7us pour la formation g\u00e9n\u00e9rale des adultes (FGA). Ici, les id\u00e9es, les visions et les cr\u00e9ations de partout convergent en un seul lieu. Le Carrefour FGA se veut un point de [&hellip;]<\/p>\n","protected":false},"author":1,"featured_media":0,"parent":0,"menu_order":0,"comment_status":"closed","ping_status":"closed","template":"page-portfolio-after.php","meta":{"footnotes":""},"_links":{"self":[{"href":"http:\/\/www.accompagnementfga.ca\/carrefourfga\/wp-json\/wp\/v2\/pages\/39"}],"collection":[{"href":"http:\/\/www.accompagnementfga.ca\/carrefourfga\/wp-json\/wp\/v2\/pages"}],"about":[{"href":"http:\/\/www.accompagnementfga.ca\/carrefourfga\/wp-json\/wp\/v2\/types\/page"}],"author":[{"embeddable":true,"href":"http:\/\/www.accompagnementfga.ca\/carrefourfga\/wp-json\/wp\/v2\/users\/1"}],"replies":[{"embeddable":true,"href":"http:\/\/www.accompagnementfga.ca\/carrefourfga\/wp-json\/wp\/v2\/comments?post=39"}],"version-history":[{"count":168,"href":"http:\/\/www.accompagnementfga.ca\/carrefourfga\/wp-json\/wp\/v2\/pages\/39\/revisions"}],"predecessor-version":[{"id":1724,"href":"http:\/\/www.accompagnementfga.ca\/carrefourfga\/wp-json\/wp\/v2\/pages\/39\/revisions\/1724"}],"wp:attachment":[{"href":"http:\/\/www.accompagnementfga.ca\/carrefourfga\/wp-json\/wp\/v2\/media?parent=39"}],"curies":[{"name":"wp","href":"https:\/\/api.w.org\/{rel}","templated":true}]}}