{"id":352,"date":"2017-02-17T13:36:27","date_gmt":"2017-02-17T18:36:27","guid":{"rendered":"http:\/\/www.accompagnementfga.ca\/carrefourfga\/?page_id=352"},"modified":"2017-04-06T19:44:45","modified_gmt":"2017-04-07T00:44:45","slug":"rencontres-nationales-et-presentations-colloques","status":"publish","type":"page","link":"http:\/\/www.accompagnementfga.ca\/carrefourfga\/rencontres-nationales-et-presentations-colloques\/","title":{"rendered":"| Rencontres nationales et pr\u00e9sentations colloques"},"content":{"rendered":"[vc_row top_padding=\u00a0\u00bb72px\u00a0\u00bb bottom_padding=\u00a0\u00bb48px\u00a0\u00bb el_id=\u00a0\u00bbREGIONS\u00a0\u00bb][vc_column width=\u00a0\u00bb1\/1&Prime;][vc_row_inner][vc_column_inner width=\u00a0\u00bb3\/4&Prime;]<div class=\"simple_line shortcoded\" style=\"border-bottom-color:rgba(255,255,255,0.01);border-bottom-width:10px;\"><\/div>[vc_text_separator title=\u00a0\u00bbTOURN\u00c9E DES R\u00c9GIONS\u00a0\u00bb i_icon_fontawesome=\u00a0\u00bbfa fa-globe\u00a0\u00bb i_size=\u00a0\u00bblg\u00a0\u00bb add_icon=\u00a0\u00bbtrue\u00a0\u00bb][vc_column_text]\n<h4><a href=\"http:\/\/www.carrefourfga.com\/documents\/TourneDesRegionsFGA.pdf\" target=\"_blank\"><span class=\"symple-icon symple-icon-circle symple-icon-large symple-icon-float-left fa fa-file-pdf-o \" style=\"color:#fff;background-color:#000;border-radius:99px;\"\"><\/span>\nBilan de la tourn\u00e9e des r\u00e9gions<\/a><\/h4>\n<p>Rencontre nationale des gestionnaires<br \/>\n8 octobre 2013[\/vc_column_text][\/vc_column_inner][vc_column_inner width=\u00a0\u00bb1\/4&Prime;]<div class=\"simple_line shortcoded\" style=\"border-bottom-color:rgba(255,255,255,0.01);border-bottom-width:10px;\"><\/div>[vc_single_image image=\u00a0\u00bb179&Prime; img_size=\u00a0\u00bbfull\u00a0\u00bb onclick=\u00a0\u00bbcustom_link\u00a0\u00bb css_animation=\u00a0\u00bbbottom-to-top\u00a0\u00bb link=\u00a0\u00bbhttp:\/\/www.accompagnementfga.ca\/carrefourfga\/portfolios\/implantation\/\u00a0\u00bb]<div class=\"simple_line shortcoded\" style=\"border-bottom-color:rgba(255,255,255,0.01);border-bottom-width:10px;\"><\/div><div class=\"simple_line shortcoded\" style=\"border-bottom-color:rgba(255,255,255,0.01);border-bottom-width:10px;\"><\/div>[\/vc_column_inner][\/vc_row_inner][\/vc_column][\/vc_row][vc_row top_padding=\u00a0\u00bb72px\u00a0\u00bb bottom_padding=\u00a0\u00bb48px\u00a0\u00bb bg_color=\u00a0\u00bbrgba(237,237,237,0.44)\u00a0\u00bb el_id=\u00a0\u00bbGESTIONNAIRES\u00a0\u00bb][vc_column width=\u00a0\u00bb1\/1&Prime;][vc_row_inner][vc_column_inner width=\u00a0\u00bb1\/4&Prime;]<div class=\"simple_line shortcoded\" style=\"border-bottom-color:rgba(255,255,255,0.01);border-bottom-width:10px;\"><\/div>[vc_single_image image=\u00a0\u00bb289&Prime; img_size=\u00a0\u00bbfull\u00a0\u00bb onclick=\u00a0\u00bbcustom_link\u00a0\u00bb css_animation=\u00a0\u00bbbottom-to-top\u00a0\u00bb link=\u00a0\u00bbhttp:\/\/www.accompagnementfga.ca\/carrefourfga\/portfolios\/information-de-la-deafc\/\u00a0\u00bb]<div class=\"simple_line shortcoded\" style=\"border-bottom-color:rgba(255,255,255,0.01);border-bottom-width:10px;\"><\/div><div class=\"simple_line shortcoded\" style=\"border-bottom-color:rgba(255,255,255,0.01);border-bottom-width:10px;\"><\/div>[\/vc_column_inner][vc_column_inner width=\u00a0\u00bb3\/4&Prime;][vc_text_separator title=\u00a0\u00bbRENCONTRES DES GESTIONNAIRES\u00a0\u00bb][vc_column_text]\n<h4><a href=\"http:\/\/treaqfp.qc.ca\/formation-generale-des-adultes\/nouveau-curriculum\/les-rencontres-nationales-sur-leducation-des-adultes\/\" target=\"_blank\"><span class=\"symple-icon symple-icon-circle symple-icon-large symple-icon-float-left fa fa-files-o \" style=\"color:#fff;background-color:#000;border-radius:99px;\"\"><\/span>\nLes rencontres nationales sur l\u2019\u00e9ducation des adultes<\/a><\/h4>\n<p>Documents pr\u00e9sent\u00e9s lors des rencontres nationales des gestionnaires de centres et de services d\u2019\u00e9ducation des adultes[\/vc_column_text][\/vc_column_inner][\/vc_row_inner][\/vc_column][\/vc_row][vc_row top_padding=\u00a0\u00bb72px\u00a0\u00bb bottom_padding=\u00a0\u00bb48px\u00a0\u00bb el_id=\u00a0\u00bbRSP\u00a0\u00bb][vc_column width=\u00a0\u00bb1\/1&Prime;][vc_row_inner][vc_column_inner width=\u00a0\u00bb3\/4&Prime;][vc_text_separator title=\u00a0\u00bbRENCONTRES RESPONSABLES DE SOUTIEN P\u00c9DAGOGIQUE (RSP)\u00a0\u00bb i_icon_fontawesome=\u00a0\u00bbfa fa-globe\u00a0\u00bb i_size=\u00a0\u00bblg\u00a0\u00bb add_icon=\u00a0\u00bbtrue\u00a0\u00bb][vc_column_text]\n<h4><a href=\"http:\/\/www.carrefourfga.com\/Implantation\/rsp.html\" target=\"_blank\"><span class=\"symple-icon symple-icon-circle symple-icon-large symple-icon-float-left fa fa-files-o \" style=\"color:#fff;background-color:#000;border-radius:99px;\"\"><\/span>2016-2017<\/a><\/h4>\n<p><a href=\"http:\/\/www.carrefourfga.com\/Implantation\/rsp.html\" target=\"_blank\">Acc\u00e9der aux documents publics &gt;&gt;<\/a>[\/vc_column_text][\/vc_column_inner][vc_column_inner width=\u00a0\u00bb1\/4&Prime;]<div class=\"simple_line shortcoded\" style=\"border-bottom-color:rgba(255,255,255,0.01);border-bottom-width:10px;\"><\/div>[vc_single_image image=\u00a0\u00bb185&Prime; img_size=\u00a0\u00bbfull\u00a0\u00bb onclick=\u00a0\u00bbcustom_link\u00a0\u00bb css_animation=\u00a0\u00bbbottom-to-top\u00a0\u00bb link=\u00a0\u00bbhttp:\/\/www.accompagnementfga.ca\/carrefourfga\/accompagnement-national\/\u00a0\u00bb]<div class=\"simple_line shortcoded\" style=\"border-bottom-color:rgba(255,255,255,0.01);border-bottom-width:10px;\"><\/div><div class=\"simple_line shortcoded\" style=\"border-bottom-color:rgba(255,255,255,0.01);border-bottom-width:10px;\"><\/div>[\/vc_column_inner][\/vc_row_inner][vc_row_inner][vc_column_inner width=\u00a0\u00bb3\/4&Prime;][vc_column_text]\n<h4><a href=\"http:\/\/www.carrefourfga.com\/rsp.asp\" target=\"_blank\"><span class=\"symple-icon symple-icon-circle symple-icon-large symple-icon-float-left fa fa-files-o \" style=\"color:#fff;background-color:#000;border-radius:99px;\"\"><\/span>2012-2014<\/a><\/h4>\n<p><a href=\"http:\/\/www.carrefourfga.com\/rsp.asp\">Acc\u00e9der \u00e0 la section s\u00e9curis\u00e9e &gt;&gt;<\/a><\/p>\n<p>\u00c9crivez-nous pour y avoir acc\u00e8s : info@carrefourfga.com[\/vc_column_text][\/vc_column_inner][vc_column_inner width=\u00a0\u00bb1\/4&Prime;][\/vc_column_inner][\/vc_row_inner][\/vc_column][\/vc_row][vc_row top_padding=\u00a0\u00bb72px\u00a0\u00bb bottom_padding=\u00a0\u00bb48px\u00a0\u00bb bg_color=\u00a0\u00bbrgba(237,237,237,0.44)\u00a0\u00bb el_id=\u00a0\u00bbDEAFC\u00a0\u00bb][vc_column width=\u00a0\u00bb1\/1&Prime;][vc_row_inner][vc_column_inner width=\u00a0\u00bb1\/4&Prime;]<div class=\"simple_line shortcoded\" style=\"border-bottom-color:rgba(255,255,255,0.01);border-bottom-width:10px;\"><\/div>[vc_single_image image=\u00a0\u00bb514&Prime; img_size=\u00a0\u00bbfull\u00a0\u00bb onclick=\u00a0\u00bbcustom_link\u00a0\u00bb css_animation=\u00a0\u00bbbottom-to-top\u00a0\u00bb link=\u00a0\u00bbhttp:\/\/www.accompagnementfga.ca\/carrefourfga\/portfolios\/information-de-la-deafc\/\u00a0\u00bb]<div class=\"simple_line shortcoded\" style=\"border-bottom-color:rgba(255,255,255,0.01);border-bottom-width:10px;\"><\/div><div class=\"simple_line shortcoded\" style=\"border-bottom-color:rgba(255,255,255,0.01);border-bottom-width:10px;\"><\/div>[\/vc_column_inner][vc_column_inner width=\u00a0\u00bb3\/4&Prime;][vc_text_separator title=\u00a0\u00bbRENCONTRES VIA OFFERTES PAR LA DEAFC\u00a0\u00bb][vc_column_text]\n<h4><span class=\"symple-icon symple-icon-circle symple-icon-large symple-icon-float-left fa fa-files-o \" style=\"color:#fff;background-color:#000;border-radius:99px;\"\"><\/span>\n2016-2017<\/h4>\n[\/vc_column_text]<div class=\"simple_line shortcoded\" style=\"border-bottom-color:rgba(255,255,255,0.01);border-bottom-width:10px;\"><\/div>[vc_column_text css_animation=\u00a0\u00bbtop-to-bottom\u00a0\u00bb custom_css=\u00a0\u00bbmargin-left:100px;padding-right:110px;\u00a0\u00bb]<div class=\"symple-toggle state-closed \"><h3 class=\"symple-toggle-trigger \">22 mars 2017<\/h3><div class=\"symple-toggle-container symple-clearfix\">\n<p><a href=\"http:\/\/www.carrefourfga.com\/documents\/Ordre%20du%20jour_VIA%2022mars2017.pdf\" target=\"_blank\">Ordre du jour<\/a> | <a href=\"http:\/\/www.carrefourfga.com\/documents\/Aidememoire_communication%20au%20reseau_22mars2017.pdf\" target=\"_blank\">Aide m\u00e9moire<\/a> | <a href=\"http:\/\/www.carrefourfga.com\/documents\/Aidememoire_Annexe%201_VIA%2022mars2017.pdf\" target=\"_blank\">Annexe 1<\/a> | <a href=\"http:\/\/www.carrefourfga.com\/documents\/Aidememoire_Annexe%202_VIA%2022mars2017.pdf\" target=\"_blank\">Annexe 2<\/a><\/p>\n<\/div><\/div>[\/vc_column_text][vc_column_text css_animation=\u00a0\u00bbtop-to-bottom\u00a0\u00bb custom_css=\u00a0\u00bbmargin-left:100px;padding-right:110px;\u00a0\u00bb]<div class=\"symple-toggle state-closed \"><h3 class=\"symple-toggle-trigger \">30 septembre 2016<\/h3><div class=\"symple-toggle-container symple-clearfix\">\n<p><a href=\"http:\/\/implantation.carrefourfga.com\/documents\/VIA-Plan_action.pptx\">Plan d&rsquo;action national<\/a><\/p>\n<\/div><\/div>[\/vc_column_text][vc_column_text]\n<h4><span class=\"symple-icon symple-icon-circle symple-icon-large symple-icon-float-left fa fa-files-o \" style=\"color:#fff;background-color:#000;border-radius:99px;\"\"><\/span>\n2015-2016<\/h4>\n[\/vc_column_text]<div class=\"simple_line shortcoded\" style=\"border-bottom-color:rgba(255,255,255,0.01);border-bottom-width:10px;\"><\/div>[vc_column_text css_animation=\u00a0\u00bbtop-to-bottom\u00a0\u00bb custom_css=\u00a0\u00bbmargin-left:100px;padding-right:110px;\u00a0\u00bb]<div class=\"symple-toggle state-closed \"><h3 class=\"symple-toggle-trigger \">7 octobre 2015<\/h3><div class=\"symple-toggle-container symple-clearfix\">\n<p><a href=\"http:\/\/www.carrefourfga.com\/documents\/Ordre%20du%20jour_VIA_7oct2015.pdf\" target=\"_blank\">Ordre du jour <\/a>| <a href=\"http:\/\/www.carrefourfga.com\/documents\/Aide%20memoire%20(7-10-15).pdf\" target=\"_blank\">Aide m\u00e9moire<\/a> | <a href=\"http:\/\/www.carrefourfga.com\/documents\/Annexe%201%20(7-10-15).pdf\" target=\"_blank\">Annexe 1<\/a> | <a href=\"http:\/\/www.carrefourfga.com\/documents\/Annexe%202%20(7-10-15).pdf\" target=\"_blank\">Annexe 2<\/a><\/p>\n<\/div><\/div><div class=\"symple-toggle state-closed \"><h3 class=\"symple-toggle-trigger \">13 janvier 2016<\/h3><div class=\"symple-toggle-container symple-clearfix\">\n<p><a href=\"http:\/\/www.carrefourfga.com\/documents\/Ordre%20du%20jour%20-%2013%20JANVIER%202016.pdf\" target=\"_blank\">Ordre du jour <\/a>| <a href=\"http:\/\/www.carrefourfga.com\/documents\/Aidememoire_communication%20aur%C3%A9seau_13janv2016.pdf\" target=\"_blank\">Aide m\u00e9moire<\/a> | <a href=\"http:\/\/www.carrefourfga.com\/documents\/Calendrier%202015-2016_2016-01-13.pdf\" target=\"_blank\">Calendrier d&rsquo;accompagnement <span style=\"font-size: xx-small\">(version 2016-01-13)<\/span><\/a><\/p>\n<\/div><\/div><div class=\"symple-toggle state-closed \"><h3 class=\"symple-toggle-trigger \">17 mai 2016<\/h3><div class=\"symple-toggle-container symple-clearfix\">\n<p><a href=\"http:\/\/www.carrefourfga.com\/documents\/Aidememoire_communication_17mai2016.pdf\" target=\"_blank\">Aide m\u00e9moire<\/a><\/p>\n<\/div><\/div><div class=\"symple-toggle state-closed \"><h3 class=\"symple-toggle-trigger \">8 juin 2016<\/h3><div class=\"symple-toggle-container symple-clearfix\">\n<p><a href=\"http:\/\/www.carrefourfga.com\/documents\/Ordre%20du%20jour_8juin2016.pdf\" target=\"_blank\">Ordre du jour <\/a>| <a href=\"http:\/\/www.carrefourfga.com\/documents\/Aidememoire_communication%20aureseau_8juin2016.pdf\" target=\"_blank\">Aide m\u00e9moire<\/a> | <a href=\"http:\/\/www.carrefourfga.com\/documents\/Aidememoire_annexe1_VIA_2016-06-08_Implantation.pdf\" target=\"_blank\">Annexe 1 | <\/a><a href=\"http:\/\/www.carrefourfga.com\/documents\/Aide-memoire_annexe2_Pub_CalendrierDDE_TitresDocuments_2016-06-08.pdf\" target=\"_blank\">Annexe 2<\/a><\/p>\n<\/div><\/div>[\/vc_column_text][vc_column_text]\n<h4><span class=\"symple-icon symple-icon-circle symple-icon-large symple-icon-float-left fa fa-files-o \" style=\"color:#fff;background-color:#000;border-radius:99px;\"\"><\/span>\n2014-2015<\/h4>\n[\/vc_column_text]<div class=\"simple_line shortcoded\" style=\"border-bottom-color:rgba(255,255,255,0.01);border-bottom-width:10px;\"><\/div>[vc_column_text css_animation=\u00a0\u00bbtop-to-bottom\u00a0\u00bb custom_css=\u00a0\u00bbmargin-left:100px;padding-right:110px;\u00a0\u00bb]<div class=\"symple-toggle state-closed \"><h3 class=\"symple-toggle-trigger \">17 juin 2015<\/h3><div class=\"symple-toggle-container symple-clearfix\">\n<p><a href=\"http:\/\/www.carrefourfga.com\/documents\/Ordre%20du%20jour.pdf\" target=\"_blank\">Ordre du jour<\/a> | <a href=\"http:\/\/www.carrefourfga.com\/documents\/Aide-memoire%20VIA%20(13-07-15).pdf\" target=\"_blank\">Aide m\u00e9moire<\/a> | <a href=\"http:\/\/www.carrefourfga.com\/documents\/Annexe1.pdf\" target=\"_blank\">Annexe 1<\/a> | <a href=\"http:\/\/www.carrefourfga.com\/documents\/Annexe2.pdf\" target=\"_blank\">Annexe 2<\/a> | <a href=\"http:\/\/www.carrefourfga.com\/documents\/Annexe3.pdf\" target=\"_blank\">Annexe 3<\/a><\/p>\n<\/div><\/div>[\/vc_column_text]<div class=\"simple_line shortcoded\" style=\"border-bottom-color:rgba(255,255,255,0.01);border-bottom-width:10px;\"><\/div>[\/vc_column_inner][\/vc_row_inner][\/vc_column][\/vc_row][vc_row top_padding=\u00a0\u00bb72px\u00a0\u00bb bottom_padding=\u00a0\u00bb48px\u00a0\u00bb el_id=\u00a0\u00bbTREAQFP\u00a0\u00bb][vc_column width=\u00a0\u00bb1\/1&Prime;][vc_row_inner][vc_column_inner width=\u00a0\u00bb3\/4&Prime;][vc_text_separator title=\u00a0\u00bbTREAQ<em>FP<\/em>\u00a0\u00bb i_icon_fontawesome=\u00a0\u00bbfa fa-globe\u00a0\u00bb i_size=\u00a0\u00bblg\u00a0\u00bb add_icon=\u00a0\u00bbtrue\u00a0\u00bb][vc_column_text]\n<h4><span class=\"symple-icon symple-icon-circle symple-icon-large symple-icon-float-left fa fa-files-o \" style=\"color:#fff;background-color:#000;border-radius:99px;\"\"><\/span>2013-2014<\/h4>\n<p><a href=\"http:\/\/www.carrefourfga.com\/documents\/IntegrationSociale(2013-2014).pdf\" target=\"_blank\">Int\u00e9gration sociale<\/a>[\/vc_column_text][\/vc_column_inner][vc_column_inner width=\u00a0\u00bb1\/4&Prime;]<div class=\"simple_line shortcoded\" style=\"border-bottom-color:rgba(255,255,255,0.01);border-bottom-width:10px;\"><\/div>[vc_single_image image=\u00a0\u00bb184&Prime; img_size=\u00a0\u00bbfull\u00a0\u00bb onclick=\u00a0\u00bbcustom_link\u00a0\u00bb css_animation=\u00a0\u00bbbottom-to-top\u00a0\u00bb link=\u00a0\u00bbhttp:\/\/www.accompagnementfga.ca\/carrefourfga\/accompagnement-national\/\u00a0\u00bb]<div class=\"simple_line shortcoded\" style=\"border-bottom-color:rgba(255,255,255,0.01);border-bottom-width:10px;\"><\/div><div class=\"simple_line shortcoded\" style=\"border-bottom-color:rgba(255,255,255,0.01);border-bottom-width:10px;\"><\/div>[\/vc_column_inner][\/vc_row_inner][vc_row_inner][vc_column_inner width=\u00a0\u00bb3\/4&Prime;][vc_column_text]\n<h4><span class=\"symple-icon symple-icon-circle symple-icon-large symple-icon-float-left fa fa-files-o \" style=\"color:#fff;background-color:#000;border-radius:99px;\"\"><\/span>2014-2015<\/h4>\n<p class=\"desc2\"><a href=\"http:\/\/www.carrefourfga.com\/documents\/OrientationProfessionnelle(2014-2015).pdf\" target=\"_blank\">Orientation professionnelle<\/a><\/p>\n<p class=\"desc2\"><a href=\"http:\/\/www.carrefourfga.com\/documents\/ReconnaissanceAcquisFGA(2014-2015).pdf\" target=\"_blank\">Reconnaissance des acquis en FGA<\/a><\/p>\n[\/vc_column_text][\/vc_column_inner][vc_column_inner width=\u00a0\u00bb1\/4&Prime;][\/vc_column_inner][\/vc_row_inner][\/vc_column][\/vc_row][vc_row top_padding=\u00a0\u00bb72px\u00a0\u00bb bottom_padding=\u00a0\u00bb48px\u00a0\u00bb bg_color=\u00a0\u00bbrgba(237,237,237,0.44)\u00a0\u00bb el_id=\u00a0\u00bbAQIFGA\u00a0\u00bb][vc_column width=\u00a0\u00bb1\/1&Prime;][vc_row_inner][vc_column_inner width=\u00a0\u00bb1\/4&Prime;]<div class=\"simple_line shortcoded\" style=\"border-bottom-color:rgba(255,255,255,0.01);border-bottom-width:10px;\"><\/div>[vc_single_image image=\u00a0\u00bb180&Prime; img_size=\u00a0\u00bbfull\u00a0\u00bb onclick=\u00a0\u00bbcustom_link\u00a0\u00bb css_animation=\u00a0\u00bbbottom-to-top\u00a0\u00bb link=\u00a0\u00bbhttp:\/\/www.accompagnementfga.ca\/carrefourfga\/portfolios\/information-de-la-deafc\/\u00a0\u00bb]<div class=\"simple_line shortcoded\" style=\"border-bottom-color:rgba(255,255,255,0.01);border-bottom-width:10px;\"><\/div><div class=\"simple_line shortcoded\" style=\"border-bottom-color:rgba(255,255,255,0.01);border-bottom-width:10px;\"><\/div>[\/vc_column_inner][vc_column_inner width=\u00a0\u00bb3\/4&Prime;][vc_text_separator title=\u00a0\u00bbAQIFGA\u00a0\u00bb]<div class=\"simple_line shortcoded\" style=\"border-bottom-color:rgba(255,255,255,0.01);border-bottom-width:10px;\"><\/div>[vc_column_text]\n<h4><span class=\"symple-icon symple-icon-circle symple-icon-large symple-icon-float-left fa fa-files-o \" style=\"color:#fff;background-color:#000;border-radius:99px;\"\"><\/span><\/h4>\n[\/vc_column_text][vc_column_text custom_css=\u00a0\u00bbmargin-left:100px;padding-right:110px;\u00a0\u00bb]<div class=\"symple-toggle state-closed \"><h3 class=\"symple-toggle-trigger \">2013-2014<\/h3><div class=\"symple-toggle-container symple-clearfix\">\n<p class=\"desc2\"><a href=\"http:\/\/www.aqifga.com\/spip\/IMG\/pdf\/ppt_204integration_sociale.pdf\" target=\"_blank\">Du concept d&rsquo;int\u00e9gration sociale vers celui de participation sociale<\/a><br \/>\n<i class=\"noms\">Estelle L\u00e9pine et H\u00e9l\u00e8ne L\u00e9gar\u00e9<\/i><\/p>\n<p class=\"desc2\"><a href=\"http:\/\/www.aqifga.com\/spip\/IMG\/pdf\/ppt_403la_fbd_et_l_evaluation_des_apprentissages.pdf\" target=\"_blank\">L&rsquo;\u00e9valuation des apprentissages<\/a><br \/>\n<i class=\"noms\">Odette Gingras et Michel Ruel<\/i><\/p>\n<\/div><\/div>[\/vc_column_text][\/vc_column_inner][\/vc_row_inner][vc_row_inner][vc_column_inner width=\u00a0\u00bb1\/4&Prime;]<div class=\"simple_line shortcoded\" style=\"border-bottom-color:rgba(255,255,255,0.01);border-bottom-width:10px;\"><\/div>[\/vc_column_inner][vc_column_inner width=\u00a0\u00bb3\/4&Prime;][vc_column_text]\n<h4><span class=\"symple-icon symple-icon-circle symple-icon-large symple-icon-float-left fa fa-files-o \" style=\"color:#fff;background-color:#000;border-radius:99px;\"\"><\/span><\/h4>\n[\/vc_column_text][vc_column_text custom_css=\u00a0\u00bbmargin-left:100px;padding-right:110px;\u00a0\u00bb]<div class=\"symple-toggle state-closed \"><h3 class=\"symple-toggle-trigger \">2014-2015<\/h3><div class=\"symple-toggle-container symple-clearfix\">\n<p class=\"desc2\">Nouveau regard sur l&rsquo;\u00e9valuation des comp\u00e9tences en math\u00e9matique<br \/>\n<i class=\"noms\">Michel Ruel, M\u00e9lanie Tremblay et Martin Francoeur <\/i><br \/>\n<a href=\"http:\/\/www.aqifga.com\/spip\/IMG\/pdf\/ppt_mathematique.pdf\" target=\"_blank\">Pr\u00e9sentation<\/a> | <a href=\"http:\/\/www.aqifga.com\/spip\/IMG\/zip\/autre_doc.zip\">Autres documents<\/a><\/p>\n<p class=\"desc2\">Nouveau regard sur l&rsquo;\u00e9valuation des apprentissages en fran\u00e7ais, langue d&rsquo;enseignement<br \/>\n<i class=\"noms\">Marie-Jos\u00e9e Quinn, Huguette Doray et Mireille Gauthier <\/i><br \/>\n<a href=\"http:\/\/www.aqifga.com\/spip\/IMG\/pdf\/ppt_fle.pdf\" target=\"_blank\">Pr\u00e9sentation<\/a> | <a href=\"http:\/\/www.aqifga.com\/spip\/IMG\/zip\/autres-fle.zip\">Autres documents<\/a><\/p>\n<p class=\"desc2\">A New Look at Evaluation in Diversified Basic Education : English as a Second Language<br \/>\n<i class=\"noms\">Annie Lefebvre, Fr\u00e9d\u00e9ric Lehoux et Frances Brandow <\/i><br \/>\n<a href=\"http:\/\/www.aqifga.com\/spip\/IMG\/pdf\/ppt_anglais_langue_seconde.pdf\" target=\"_blank\">Pr\u00e9sentation<\/a> | <a href=\"http:\/\/www.aqifga.com\/spip\/IMG\/zip\/autre_doc-3.zip\">Autres documents<\/a> | <a href=\"https:\/\/www.youtube.com\/watch?v=YeJBpgLM8ks&amp;feature=youtu.be\" target=\"_blank\">Vid\u00e9o<\/a><\/p>\n<p class=\"desc2\">Porter un regard neuf sur l&rsquo;\u00e9valuation des apprentissages en science et technologie<br \/>\n<i class=\"noms\">Doris St-Amant et Guy Mathieu <\/i><br \/>\n<a href=\"http:\/\/www.aqifga.com\/spip\/IMG\/pdf\/ppt_science_et_technologie.pdf\" target=\"_blank\">Pr\u00e9sentation<\/a> | <a href=\"http:\/\/www.aqifga.com\/spip\/IMG\/zip\/sct.zip\" target=\"_blank\">Autres documents<\/a><\/p>\n<p class=\"desc2\">Pr\u00e9sentation du nouveau programme d&rsquo;\u00e9tudes <i>Francisation<\/i><br \/>\n<i class=\"noms\">Judith Davidson et Julie Champoux-Millette <\/i><br \/>\n<a href=\"http:\/\/www.aqifga.com\/spip\/IMG\/pdf\/ppt_francisation.pdf\" target=\"_blank\">Pr\u00e9sentation<\/a> | <a href=\"http:\/\/www.aqifga.com\/spip\/IMG\/zip\/autres_doc.zip\" target=\"_blank\">Autres documents<\/a><\/p>\n<p class=\"desc2\">Nouveau regard sur l&rsquo;\u00e9valuation des apprentissages en monde contemporain<br \/>\n<i class=\"noms\">Mario Harvey et Harold Gigu\u00e8re <\/i><br \/>\n<a href=\"http:\/\/www.aqifga.com\/spip\/IMG\/pdf\/ppt_monde_contemporain.pdf\" target=\"_blank\">Pr\u00e9sentation<\/a> | <a href=\"http:\/\/www.aqifga.com\/spip\/IMG\/zip\/autre_doc-2.zip\" target=\"_blank\">Autres documents<\/a><\/p>\n<p class=\"desc2\">The Evolution of Evaluation : An Active Look at Competency-Based Evaluation in English Language Arts<br \/>\n<i class=\"noms\">Annie Lefebvre, Tania Battista et Frank Furfaro <\/i><br \/>\n<a href=\"http:\/\/www.aqifga.com\/spip\/IMG\/pdf\/ppt_english_language_arts.pdf\" target=\"_blank\">Pr\u00e9sentation<\/a> | <a href=\"http:\/\/www.aqifga.com\/spip\/IMG\/zip\/autres_doc-2.zip\">Autres documents<\/a> | <a href=\"https:\/\/www.youtube.com\/watch?v=GCSPOQZDllM&amp;feature=youtu.be\" target=\"_blank\">Vid\u00e9o<\/a><\/p>\n<\/div><\/div>[\/vc_column_text][\/vc_column_inner][\/vc_row_inner][\/vc_column][\/vc_row][vc_row][vc_column width=\u00a0\u00bb1\/1&Prime;]<div class=\"simple_line shortcoded\" style=\"border-bottom-color:rgba(255,255,255,0.01);border-bottom-width:60px;\"><\/div>[\/vc_column][\/vc_row]\n","protected":false},"excerpt":{"rendered":"<p>[vc_row top_padding=\u00a0\u00bb72px\u00a0\u00bb bottom_padding=\u00a0\u00bb48px\u00a0\u00bb el_id=\u00a0\u00bbREGIONS\u00a0\u00bb][vc_column width=\u00a0\u00bb1\/1&Prime;][vc_row_inner][vc_column_inner width=\u00a0\u00bb3\/4&Prime;][vc_text_separator title=\u00a0\u00bbTOURN\u00c9E DES R\u00c9GIONS\u00a0\u00bb i_icon_fontawesome=\u00a0\u00bbfa fa-globe\u00a0\u00bb i_size=\u00a0\u00bblg\u00a0\u00bb add_icon=\u00a0\u00bbtrue\u00a0\u00bb][vc_column_text] Bilan de la tourn\u00e9e des r\u00e9gions Rencontre nationale des gestionnaires 8 octobre 2013[\/vc_column_text][\/vc_column_inner][vc_column_inner width=\u00a0\u00bb1\/4&Prime;][vc_single_image image=\u00a0\u00bb179&Prime; img_size=\u00a0\u00bbfull\u00a0\u00bb onclick=\u00a0\u00bbcustom_link\u00a0\u00bb css_animation=\u00a0\u00bbbottom-to-top\u00a0\u00bb link=\u00a0\u00bbhttp:\/\/www.accompagnementfga.ca\/carrefourfga\/portfolios\/implantation\/\u00a0\u00bb][\/vc_column_inner][\/vc_row_inner][\/vc_column][\/vc_row][vc_row top_padding=\u00a0\u00bb72px\u00a0\u00bb bottom_padding=\u00a0\u00bb48px\u00a0\u00bb bg_color=\u00a0\u00bbrgba(237,237,237,0.44)\u00a0\u00bb el_id=\u00a0\u00bbGESTIONNAIRES\u00a0\u00bb][vc_column width=\u00a0\u00bb1\/1&Prime;][vc_row_inner][vc_column_inner width=\u00a0\u00bb1\/4&Prime;][vc_single_image image=\u00a0\u00bb289&Prime; img_size=\u00a0\u00bbfull\u00a0\u00bb onclick=\u00a0\u00bbcustom_link\u00a0\u00bb css_animation=\u00a0\u00bbbottom-to-top\u00a0\u00bb link=\u00a0\u00bbhttp:\/\/www.accompagnementfga.ca\/carrefourfga\/portfolios\/information-de-la-deafc\/\u00a0\u00bb][\/vc_column_inner][vc_column_inner width=\u00a0\u00bb3\/4&Prime;][vc_text_separator title=\u00a0\u00bbRENCONTRES DES GESTIONNAIRES\u00a0\u00bb][vc_column_text] Les rencontres nationales sur l\u2019\u00e9ducation des adultes Documents [&hellip;]<\/p>\n","protected":false},"author":1,"featured_media":0,"parent":0,"menu_order":0,"comment_status":"closed","ping_status":"closed","template":"","meta":{"footnotes":""},"_links":{"self":[{"href":"http:\/\/www.accompagnementfga.ca\/carrefourfga\/wp-json\/wp\/v2\/pages\/352"}],"collection":[{"href":"http:\/\/www.accompagnementfga.ca\/carrefourfga\/wp-json\/wp\/v2\/pages"}],"about":[{"href":"http:\/\/www.accompagnementfga.ca\/carrefourfga\/wp-json\/wp\/v2\/types\/page"}],"author":[{"embeddable":true,"href":"http:\/\/www.accompagnementfga.ca\/carrefourfga\/wp-json\/wp\/v2\/users\/1"}],"replies":[{"embeddable":true,"href":"http:\/\/www.accompagnementfga.ca\/carrefourfga\/wp-json\/wp\/v2\/comments?post=352"}],"version-history":[{"count":92,"href":"http:\/\/www.accompagnementfga.ca\/carrefourfga\/wp-json\/wp\/v2\/pages\/352\/revisions"}],"predecessor-version":[{"id":1115,"href":"http:\/\/www.accompagnementfga.ca\/carrefourfga\/wp-json\/wp\/v2\/pages\/352\/revisions\/1115"}],"wp:attachment":[{"href":"http:\/\/www.accompagnementfga.ca\/carrefourfga\/wp-json\/wp\/v2\/media?parent=352"}],"curies":[{"name":"wp","href":"https:\/\/api.w.org\/{rel}","templated":true}]}}