{"id":1641,"date":"2017-05-03T10:22:49","date_gmt":"2017-05-03T15:22:49","guid":{"rendered":"http:\/\/www.accompagnementfga.ca\/carrefourfga\/?page_id=1641"},"modified":"2017-05-03T16:19:46","modified_gmt":"2017-05-03T21:19:46","slug":"calendrier-dimplantation","status":"publish","type":"page","link":"http:\/\/www.accompagnementfga.ca\/carrefourfga\/implantation\/calendrier-dimplantation\/","title":{"rendered":"| Calendrier d&rsquo;implantation"},"content":{"rendered":"[vc_row bk_type=\u00a0\u00bbverve_full_row\u00a0\u00bb bk_element=\u00a0\u00bbimage\u00a0\u00bb bg_image_repeat=\u00a0\u00bbverve_cover_top\u00a0\u00bb css_animation=\u00a0\u00bbverve_fade_waypoint\u00a0\u00bb bg_color=\u00a0\u00bb#efefef\u00a0\u00bb bg_image=\u00a0\u00bb190&Prime;][vc_column width=\u00a0\u00bb1\/1&Prime;]<div class=\"verve_spacer clearfix\" style=\"height:18px;\"><\/div><div class=\"verve_spacer clearfix\" style=\"height:18px;\"><\/div>[vc_row_inner][vc_column_inner width=\u00a0\u00bb1\/4&Prime;][\/vc_column_inner][vc_column_inner width=\u00a0\u00bb2\/4&Prime;]<div class=\"verve_spacer clearfix\" style=\"height:15px;\"><\/div>[vc_column_text custom_css=\u00a0\u00bbletter-spacing: 8px;\u00a0\u00bb]\n<h1 style=\"text-align: center;\"><span style=\"color: #ffffff;\">CALENDRIER D&rsquo;IMPLANTATION<\/span><\/h1>\n[\/vc_column_text][\/vc_column_inner][vc_column_inner width=\u00a0\u00bb1\/4&Prime;][\/vc_column_inner][\/vc_row_inner]<div class=\"verve_spacer clearfix\" style=\"height:18px;\"><\/div><div class=\"verve_spacer clearfix\" style=\"height:18px;\"><\/div>[\/vc_column][\/vc_row][vc_row][vc_column width=\u00a0\u00bb1\/1&Prime;]<div class=\"verve_spacer clearfix\" style=\"height:18px;\"><\/div><div class=\"verve_spacer clearfix\" style=\"height:18px;\"><\/div>[\/vc_column][\/vc_row][vc_row][vc_column width=\u00a0\u00bb1\/1&Prime;][vc_row_inner][vc_column_inner][\/vc_column_inner][\/vc_row_inner][\/vc_column][\/vc_row][vc_row][vc_column width=\u00a0\u00bb1\/2&Prime;]<div class=\"prk_service prk_service_left verve_bigger_service wpb_animate_when_almost_visible wpb_bottom-to-top\" data-color=\"default\" data-default=\"#1074bc\"><i class=\"verve_fa-calendar colored_link_icon small_headings_color\" style=\"color:#1074bc\"><\/i><div class=\"clearfix\"><\/div><div class=\"prk_service_ctt\"><h4 class=\"big zero_color header_font prk_heavier_600\">VIA de la DEAFC pour les gestionnaires<\/h4><div class=\"clearfix\"><\/div><div class=\"verve_service_desc wpb_text_column prk_9_em\"><\/div><\/div><\/div><div class=\"verve_spacer clearfix\" style=\"height:18px;\"><\/div>[vc_column_text css_animation=\u00a0\u00bbbottom-to-top\u00a0\u00bb css_delay=\u00a0\u00bb\u00a0\u00bb]<span style=\"color: #000000;\"><strong>VIA de la DEAFC pour les gestionnaires<\/strong><\/span><\/p>\n<ul>\n<li><strong>30 septembre 2016<\/strong><a href=\"http:\/\/implantation.carrefourfga.com\/documents\/VIA-Plan_action.pptx\"><br \/>\n<\/a><a href=\"http:\/\/implantation.carrefourfga.com\/documents\/VIA-Plan_action.pptx\">Plan d&rsquo;action national\u00a0(pptx)<\/a><\/li>\n<li><strong>19 octobre 2016<br \/>\n<\/strong><a href=\"http:\/\/www.carrefourfga.com\/Implantation\/documents\/Via%20-%2019%20octobre%20-%20Ordre%20du%20jour.pdf\" target=\"_blank\" rel=\"noopener noreferrer\">Ordre du jour<\/a><\/li>\n<li><strong>18 janvier 2017<br \/>\n<\/strong><\/li>\n<li><strong>22 mars 2017<br \/>\n<\/strong><\/li>\n<li><strong>14 juin\u00a02017<\/strong><\/li>\n<\/ul>\n[\/vc_column_text]<div class=\"verve_spacer clearfix\" style=\"height:18px;\"><\/div><div class=\"prk_service prk_service_left verve_bigger_service wpb_animate_when_almost_visible wpb_bottom-to-top\" data-color=\"default\" data-default=\"#1074bc\"><i class=\"verve_fa-calendar colored_link_icon small_headings_color\" style=\"color:#1074bc\"><\/i><div class=\"clearfix\"><\/div><div class=\"prk_service_ctt\"><h4 class=\"big zero_color header_font prk_heavier_600\">MAT FBD<\/h4><div class=\"clearfix\"><\/div><div class=\"verve_service_desc wpb_text_column prk_9_em\"><\/div><\/div><\/div><div class=\"verve_spacer clearfix\" style=\"height:18px;\"><\/div>[vc_column_text css_animation=\u00a0\u00bbbottom-to-top\u00a0\u00bb css_delay=\u00a0\u00bb\u00a0\u00bb]<a href=\"http:\/\/www.carrefourfga.com\/Implantation\/documents\/ProjetMATCalendrier.pdf\" target=\"_blank\" rel=\"noopener noreferrer\">Calendrier du Projet d&rsquo;accompagnement en MATFBD<\/a><\/p>\n<p><span style=\"color: #000000;\"><strong>VIA Projet d&rsquo;accompagnement en MAT FBD<br \/>\n<\/strong><\/span><\/p>\n<ul>\n<li><strong>12 octobre\u00a02016<br \/>\n<\/strong><\/li>\n<li><strong>23 novembre 2016<br \/>\n<\/strong><\/li>\n<li><strong>2 d\u00e9cembre 2016<br \/>\n<\/strong><\/li>\n<li><strong>23 mars 2017<br \/>\n<\/strong><\/li>\n<li><strong>10 avril 2017<\/strong><\/li>\n<\/ul>\n<p><span style=\"color: #000000;\"><strong>Rencontre \u00e0 l&rsquo;UQAR (L\u00e9vis)<br \/>\npour le Projet d&rsquo;accompagnement en MAT FBD<\/strong><\/span><\/p>\n<ul>\n<li><strong>9-10 f\u00e9vrier\u00a02017<\/strong><\/li>\n<\/ul>\n<p><span style=\"color: #000000;\"><strong>Rencontre \u00e0 la CSDL<br \/>\npour le Projet d&rsquo;accompagnement en MAT FBD<\/strong><\/span><\/p>\n<ul>\n<li><strong>11-12 mai 2017<\/strong><\/li>\n<\/ul>\n[\/vc_column_text]<div class=\"verve_spacer clearfix\" style=\"height:18px;\"><\/div><div class=\"prk_service prk_service_left verve_bigger_service wpb_animate_when_almost_visible wpb_bottom-to-top\" data-color=\"default\" data-default=\"#1074bc\"><i class=\"verve_fa-calendar colored_link_icon small_headings_color\" style=\"color:#1074bc\"><\/i><div class=\"clearfix\"><\/div><div class=\"prk_service_ctt\"><h4 class=\"big zero_color header_font prk_heavier_600\">Anglais, langue seconde<\/h4><div class=\"clearfix\"><\/div><div class=\"verve_service_desc wpb_text_column prk_9_em\"><\/div><\/div><\/div><div class=\"verve_spacer clearfix\" style=\"height:18px;\"><\/div>[vc_column_text css_animation=\u00a0\u00bbbottom-to-top\u00a0\u00bb css_delay=\u00a0\u00bb\u00a0\u00bb]<span style=\"color: #000000;\"><strong>Formation sur le programme d&rsquo;\u00e9tudes<\/strong><\/span><br \/>\n<span style=\"color: #000000;\"> <strong>Anglais, langue seconde (bloc 3)<\/strong><\/span><\/p>\n<ul>\n<li><strong>7 ou 8 f\u00e9vrier 2017 \u00e0 Qu\u00e9bec<\/strong><\/li>\n<li><strong>21, 22 ou 23 f\u00e9vrier 2017 \u00e0 Montr\u00e9al<\/strong><\/li>\n<\/ul>\n<p><span style=\"color: #000000;\"><strong>Formation sur le programme d&rsquo;\u00e9tudes<\/strong><\/span><br \/>\n<span style=\"color: #000000;\"> <strong>Anglais, langue seconde (bloc 4)<\/strong><\/span><\/p>\n<ul>\n<li><strong>3 ou 4 mai 2017 \u00e0 Qu\u00e9bec<\/strong><\/li>\n<li><strong>16,17 ou 18 mai 2017 \u00e0 Montr\u00e9al<\/strong><\/li>\n<\/ul>\n[\/vc_column_text]<div class=\"verve_spacer clearfix\" style=\"height:18px;\"><\/div>[\/vc_column][vc_column width=\u00a0\u00bb1\/2&Prime;][vc_single_image image=\u00a0\u00bb180&Prime; img_size=\u00a0\u00bbfull\u00a0\u00bb css_animation=\u00a0\u00bbbottom-to-top\u00a0\u00bb]<div class=\"verve_spacer clearfix\" style=\"height:10px;\"><\/div><div class=\"prk_service prk_service_left verve_bigger_service wpb_animate_when_almost_visible wpb_bottom-to-top\" data-color=\"default\" data-default=\"#1074bc\"><i class=\"verve_fa-calendar colored_link_icon small_headings_color\" style=\"color:#1074bc\"><\/i><div class=\"clearfix\"><\/div><div class=\"prk_service_ctt\"><h4 class=\"big zero_color header_font prk_heavier_600\">Histoire du Qu\u00e9bec et du Canada<\/h4><div class=\"clearfix\"><\/div><div class=\"verve_service_desc wpb_text_column prk_9_em\"><\/div><\/div><\/div><div class=\"verve_spacer clearfix\" style=\"height:18px;\"><\/div>[vc_column_text css_animation=\u00a0\u00bbbottom-to-top\u00a0\u00bb css_delay=\u00a0\u00bb\u00a0\u00bb]<span style=\"color: #000000;\"><strong>Formation sur le programme d&rsquo;\u00e9tudes provisoire<\/strong><\/span><br \/>\n<span style=\"color: #000000;\"><strong> Histoire du Qu\u00e9bec et du Canada :<\/strong><\/span><\/p>\n<ul>\n<li><strong>20 mars (13h00 \u00e0 16h00)<br \/>\net 21 mars (8h30 \u00e0 16h00) \u00e0 Qu\u00e9bec<\/strong><\/li>\n<li><strong>27 mars (13h00 \u00e0 16h00)<br \/>\net 28 mars (8h30 \u00e0 16h00) \u00e0 Montr\u00e9al<\/strong><\/li>\n<li><strong>29 mars (13h00 \u00e0 16h00)<br \/>\net 30 mars (8h30 \u00e0 16h00) \u00e0 Montr\u00e9al<\/strong><\/li>\n<\/ul>\n[\/vc_column_text]<div class=\"verve_spacer clearfix\" style=\"height:18px;\"><\/div><div class=\"prk_service prk_service_left verve_bigger_service wpb_animate_when_almost_visible wpb_bottom-to-top\" data-color=\"default\" data-default=\"#1074bc\"><i class=\"verve_fa-calendar colored_link_icon small_headings_color\" style=\"color:#1074bc\"><\/i><div class=\"clearfix\"><\/div><div class=\"prk_service_ctt\"><h4 class=\"big zero_color header_font prk_heavier_600\">\u00c9V\u00c8NEMENTS<\/h4><div class=\"clearfix\"><\/div><div class=\"verve_service_desc wpb_text_column prk_9_em\"><\/div><\/div><\/div><div class=\"verve_spacer clearfix\" style=\"height:10px;\"><\/div>[vc_column_text css_animation=\u00a0\u00bbbottom-to-top\u00a0\u00bb css_delay=\u00a0\u00bb\u00a0\u00bb]\n<ul>\n<li><strong>21 octobre 2016<\/strong><br \/>\n<strong><strong><a href=\"http:\/\/aqifga.com\/spip\/spip.php?article253\" target=\"_blank\" rel=\"noopener noreferrer\">S\u00e9minaire automnal de l&rsquo;AQIFGA sur la CUA<\/a><\/strong><\/strong><\/li>\n<\/ul>\n<ul>\n<li><strong>27 octobre 2016<\/strong><br \/>\n<strong><strong><a href=\"http:\/\/www.carrefourfga.com\/Implantation\/documents\/Invitation%20SOFAD%20-%20cocktail%2020%20ans.pdf\" target=\"_blank\" rel=\"noopener noreferrer\">Journ\u00e9e annuelle d&rsquo;\u00e9changes de la SOFAD<\/a><\/strong><\/strong><\/li>\n<\/ul>\n<ul>\n<li><strong>26 et 27 janvier 2017<\/strong><br \/>\n<strong><strong><a href=\"http:\/\/www.carrefourfga.com\/Implantation\/rsp.html\" target=\"_blank\" rel=\"noopener noreferrer\">Rencontre nationale conjointe pour les gestionnaires et les ressources de soutien p\u00e9dagogique (RSP) \u00e0 Qu\u00e9bec<\/a><\/strong><\/strong><\/li>\n<\/ul>\n<ul>\n<li><strong>20 et 21 avril 2017<\/strong><br \/>\n<strong><a href=\"http:\/\/aqifga.com\/spip\/spip.php?article255\" target=\"_blank\" rel=\"noopener noreferrer\">Congr\u00e8s de l&rsquo;AQIFGA<br \/>\n<\/a><\/strong><\/li>\n<\/ul>\n<ul>\n<li><strong>1 et 5 mai 2017<\/strong><br \/>\n<strong>Colloque conjoint de la TR\u00c9AQFP de la CPFGPE de l&rsquo;AQCS<\/strong><\/li>\n<\/ul>\n[\/vc_column_text]<div class=\"verve_spacer clearfix\" style=\"height:18px;\"><\/div><div class=\"verve_spacer clearfix\" style=\"height:18px;\"><\/div><div class=\"ghost_theme_button colored prk_medium wpb_animate_when_almost_visible wpb_bottom-to-top vrv_shortcoded\"><a href=\"http:\/\/www.accompagnementfga.ca\/carrefourfga\/implantation\/calendrier-equipe-choc-pedagogique\/\" target=\"_self\" class=\"verve_anchor\" style=\"width:100%; \">Calendrier de l'\u00e9quipe-choc p\u00e9dagogique \u2192<\/a><\/div><div class=\"ghost_theme_button colored prk_medium wpb_animate_when_almost_visible wpb_bottom-to-top vrv_shortcoded\"><a href=\"http:\/\/www.accompagnementfga.ca\/carrefourfga\/evenements\" target=\"_self\" class=\"verve_anchor\" style=\"width:100%; \">Calendrier d'\u00e9v\u00e8nements \u2192<\/a><\/div><div class=\"colored_theme_button prk_medium wpb_animate_when_almost_visible wpb_verve_fade_waypoint vrv_shortcoded\"><a href=\"http:\/\/www.accompagnementfga.ca\/carrefourfga\/portfolios\/implantation\/\" target=\"_self\" class=\"verve_anchor\" style=\"width:100%; background-color:#000000;\">\u2190 Implantation du nouveau curriculum<\/a><\/div>[vc_single_image image=\u00a0\u00bb1693&Prime; img_size=\u00a0\u00bbfull\u00a0\u00bb css_animation=\u00a0\u00bbbottom-to-top\u00a0\u00bb]<div class=\"verve_spacer clearfix\" style=\"height:18px;\"><\/div>[\/vc_column][\/vc_row][vc_row][vc_column width=\u00a0\u00bb1\/3&Prime;][\/vc_column][vc_column width=\u00a0\u00bb1\/3&Prime;]<div class=\"verve_spacer clearfix\" style=\"height:100px;\"><\/div>[\/vc_column][vc_column width=\u00a0\u00bb1\/3&Prime;][\/vc_column][\/vc_row][vc_row][vc_column][vc_column_text]\n[\/vc_column_text][\/vc_column][\/vc_row]\n","protected":false},"excerpt":{"rendered":"<p>[vc_row bk_type=\u00a0\u00bbverve_full_row\u00a0\u00bb bk_element=\u00a0\u00bbimage\u00a0\u00bb bg_image_repeat=\u00a0\u00bbverve_cover_top\u00a0\u00bb css_animation=\u00a0\u00bbverve_fade_waypoint\u00a0\u00bb bg_color=\u00a0\u00bb#efefef\u00a0\u00bb bg_image=\u00a0\u00bb190&Prime;][vc_column width=\u00a0\u00bb1\/1&Prime;][vc_row_inner][vc_column_inner width=\u00a0\u00bb1\/4&Prime;][\/vc_column_inner][vc_column_inner width=\u00a0\u00bb2\/4&Prime;][vc_column_text custom_css=\u00a0\u00bbletter-spacing: 8px;\u00a0\u00bb] CALENDRIER D&rsquo;IMPLANTATION [\/vc_column_text][\/vc_column_inner][vc_column_inner width=\u00a0\u00bb1\/4&Prime;][\/vc_column_inner][\/vc_row_inner][\/vc_column][\/vc_row][vc_row][vc_column width=\u00a0\u00bb1\/1&Prime;][\/vc_column][\/vc_row][vc_row][vc_column width=\u00a0\u00bb1\/1&Prime;][vc_row_inner][vc_column_inner][\/vc_column_inner][\/vc_row_inner][\/vc_column][\/vc_row][vc_row][vc_column width=\u00a0\u00bb1\/2&Prime;][vc_column_text css_animation=\u00a0\u00bbbottom-to-top\u00a0\u00bb css_delay=\u00a0\u00bb\u00a0\u00bb]VIA de la DEAFC pour les gestionnaires 30 septembre 2016 Plan d&rsquo;action national\u00a0(pptx) 19 octobre 2016 Ordre du jour 18 janvier 2017 22 mars 2017 14 juin\u00a02017 [\/vc_column_text][vc_column_text css_animation=\u00a0\u00bbbottom-to-top\u00a0\u00bb css_delay=\u00a0\u00bb\u00a0\u00bb]Calendrier du Projet d&rsquo;accompagnement en MATFBD [&hellip;]<\/p>\n","protected":false},"author":1,"featured_media":0,"parent":343,"menu_order":0,"comment_status":"closed","ping_status":"closed","template":"","meta":{"footnotes":""},"_links":{"self":[{"href":"http:\/\/www.accompagnementfga.ca\/carrefourfga\/wp-json\/wp\/v2\/pages\/1641"}],"collection":[{"href":"http:\/\/www.accompagnementfga.ca\/carrefourfga\/wp-json\/wp\/v2\/pages"}],"about":[{"href":"http:\/\/www.accompagnementfga.ca\/carrefourfga\/wp-json\/wp\/v2\/types\/page"}],"author":[{"embeddable":true,"href":"http:\/\/www.accompagnementfga.ca\/carrefourfga\/wp-json\/wp\/v2\/users\/1"}],"replies":[{"embeddable":true,"href":"http:\/\/www.accompagnementfga.ca\/carrefourfga\/wp-json\/wp\/v2\/comments?post=1641"}],"version-history":[{"count":68,"href":"http:\/\/www.accompagnementfga.ca\/carrefourfga\/wp-json\/wp\/v2\/pages\/1641\/revisions"}],"predecessor-version":[{"id":1719,"href":"http:\/\/www.accompagnementfga.ca\/carrefourfga\/wp-json\/wp\/v2\/pages\/1641\/revisions\/1719"}],"up":[{"embeddable":true,"href":"http:\/\/www.accompagnementfga.ca\/carrefourfga\/wp-json\/wp\/v2\/pages\/343"}],"wp:attachment":[{"href":"http:\/\/www.accompagnementfga.ca\/carrefourfga\/wp-json\/wp\/v2\/media?parent=1641"}],"curies":[{"name":"wp","href":"https:\/\/api.w.org\/{rel}","templated":true}]}}