{"id":1588,"date":"2017-05-03T08:51:31","date_gmt":"2017-05-03T13:51:31","guid":{"rendered":"http:\/\/www.accompagnementfga.ca\/carrefourfga\/?page_id=1588"},"modified":"2017-05-03T10:00:35","modified_gmt":"2017-05-03T15:00:35","slug":"liens-utiles-fle","status":"publish","type":"page","link":"http:\/\/www.accompagnementfga.ca\/carrefourfga\/liens-utiles-fle\/","title":{"rendered":"Liens utiles \/ FLE"},"content":{"rendered":"[vc_row bottom_padding=\u00a0\u00bb300px\u00a0\u00bb margin_bottom=\u00a0\u00bb\u00a0\u00bb bk_element=\u00a0\u00bbimage\u00a0\u00bb bg_image_repeat=\u00a0\u00bbverve_cover\u00a0\u00bb bg_image=\u00a0\u00bb894&Prime;][vc_column width=\u00a0\u00bb1\/1&Prime;][\/vc_column][\/vc_row][vc_row custom_css=\u00a0\u00bbpadding:25px;\u00a0\u00bb bg_color=\u00a0\u00bbrgba(255,255,255,0.03)\u00a0\u00bb][vc_column column_height=\u00a0\u00bbverve_forced_clm verve_vertical_clm\u00a0\u00bb bg_image_vt_align=\u00a0\u00bbverve_vt_top\u00a0\u00bb width=\u00a0\u00bb2\/3&Prime;]<div class=\"prk_shortcode-title prk_break_word verve_left_align h5_sized\"><div class=\"custom_font zero_color prk_vc_title\"><h5 style=\"font-weight:400;\">LIENS UTILES PAR PROGRAMME<\/h5><\/div><div class=\"clearfix\"><\/div><\/div><div class=\"prk_shortcode-title prk_break_word verve_left_align h3_sized\"><div class=\"header_font zero_color prk_vc_title\" style=\"margin-bottom:20px;\"><h3 style=\"font-weight:700;\">FRAN\u00c7AIS LANGUE D\u2019ENSEIGNEMENT<\/h3><\/div><div class=\"simple_line colored thick columns small-centered forced_mobile\" style=\"width:70px;\"><\/div><div class=\"clearfix\"><\/div><\/div><div class=\"verve_spacer clearfix\" style=\"height:6px;\"><\/div><div class=\"ghost_theme_button colored prk_medium wpb_animate_when_almost_visible wpb_verve_fade_waypoint vrv_shortcoded\"><a href=\"http:\/\/www.accompagnementfga.ca\/fle\/\" target=\"_blank\" class=\"verve_anchor\" style=\"width:100%;\">Site d'accompagnement en Fran\u00e7ais, langue d\u2019enseignement de la DEAFC<\/a><\/div><div class=\"ghost_theme_button colored prk_medium wpb_animate_when_almost_visible wpb_verve_fade_waypoint vrv_shortcoded\"><a href=\"https:\/\/moodle.ticfga.ca\/login\/index.php\" target=\"_blank\" class=\"verve_anchor\" style=\"width:100%;\">Forum de fran\u00e7ais langue d\u2019enseignement dans Moodle<\/a><\/div><div class=\"ghost_theme_button colored prk_medium wpb_animate_when_almost_visible wpb_verve_fade_waypoint vrv_shortcoded\"><a href=\"http:\/\/www.strategieslectureecriture.com\/\" target=\"_blank\" class=\"verve_anchor\" style=\"width:100%;\">Travaux d\u2019\u00c9rick Falardeau de l\u2019universit\u00e9 Laval<\/a><\/div><div class=\"ghost_theme_button colored prk_medium wpb_animate_when_almost_visible wpb_verve_fade_waypoint vrv_shortcoded\"><a href=\"http:\/\/www.fgamonteregie.qc.ca\/spip.php?article1900\" target=\"_blank\" class=\"verve_anchor\" style=\"width:100%;\">R\u00e9f\u00e9rentiel sur les 4 D de la lecture<\/a><\/div><div class=\"ghost_theme_button colored prk_medium wpb_animate_when_almost_visible wpb_verve_fade_waypoint vrv_shortcoded\"><a href=\"http:\/\/www.enseignementdufrancais.fse.ulaval.ca\/fichiers\/site_ens_francais\/modules\/document_section_fichier\/fichier__a0567d2e5539__Caracteristiques_50_genres.pdf\" target=\"_blank\" class=\"verve_anchor\" style=\"width:100%;\">Caract\u00e9ristiques de 50 genres pour d\u00e9velopper les comp\u00e9tences langagi\u00e8res en fran\u00e7ais <\/a><\/div><div class=\"ghost_theme_button colored prk_medium wpb_animate_when_almost_visible wpb_verve_fade_waypoint vrv_shortcoded\"><a href=\"http:\/\/correspo.ccdmd.qc.ca\/index.php\/document\/relire-le-rapport-parent\/enseigner-a-justifier-ses-propos-de-lecole-a-luniversite\/\" target=\"_blank\" class=\"verve_anchor\" style=\"width:100%;\">Enseigner \u00e0 justifier ses propos, de l\u2019\u00e9cole \u00e0 l\u2019universit\u00e9<\/a><\/div><div class=\"ghost_theme_button colored prk_medium wpb_animate_when_almost_visible wpb_verve_fade_waypoint vrv_shortcoded\"><a href=\"http:\/\/legoutdufrancais.org\/wp-content\/uploads\/2016\/01\/TableauSuggestionsReperesCulturels_re%CC%81vise%CC%81-MoisCulture2010.pdf\" target=\"_blank\" class=\"verve_anchor\" style=\"width:100%;\">Tableau de suggestions de rep\u00e8res culturels<\/a><\/div>[\/vc_column][vc_column width=\u00a0\u00bb1\/3&Prime;]<div class=\"colored_theme_button prk_medium wpb_animate_when_almost_visible wpb_verve_fade_waypoint vrv_shortcoded\"><a href=\"http:\/\/www.accompagnementfga.ca\/carrefourfga\/portfolios\/implantation\/\" target=\"_self\" class=\"verve_anchor\" style=\"width:100%; background-color:#000000;\">\u2190 Implantation du nouveau curriculum<\/a><\/div>[vc_single_image image=\u00a0\u00bb289&Prime; img_size=\u00a0\u00bbfull\u00a0\u00bb css_animation=\u00a0\u00bbbottom-to-top\u00a0\u00bb]<div class=\"verve_spacer clearfix\" style=\"height:30px;\"><\/div><div class=\"verve_spacer clearfix\" style=\"height:6px;\"><\/div>[vc_row_inner][vc_column_inner][\/vc_column_inner][\/vc_row_inner][vc_column_text]Autres liens utiles par programme \u00e0 venir.[\/vc_column_text]<div class=\"verve_spacer clearfix\" style=\"height:50px;\"><\/div>[\/vc_column][\/vc_row][vc_row custom_css=\u00a0\u00bbpadding:25px;\u00a0\u00bb bg_color=\u00a0\u00bbrgba(255,255,255,0.03)\u00a0\u00bb][vc_column column_height=\u00a0\u00bbverve_forced_clm verve_vertical_clm\u00a0\u00bb bg_image_vt_align=\u00a0\u00bbverve_vt_top\u00a0\u00bb width=\u00a0\u00bb2\/3&Prime;]<div class=\"prk_shortcode-title prk_break_word verve_left_align h5_sized\"><div class=\"custom_font zero_color prk_vc_title\"><h5 style=\"font-weight:400;\">\u00c0 D\u00c9COUVRIR<\/h5><\/div><div class=\"clearfix\"><\/div><\/div><div class=\"prk_shortcode-title prk_break_word verve_left_align h3_sized\"><div class=\"header_font zero_color prk_vc_title\" style=\"margin-bottom:20px;\"><h3 style=\"font-weight:700;\">ACCOMPAGNEMENT NATIONAL<\/h3><\/div><div class=\"simple_line colored thick columns small-centered forced_mobile\" style=\"width:70px;\"><\/div><div class=\"clearfix\"><\/div><\/div>[vc_column_text]Afin d\u2019apporter le support n\u00e9cessaire aux enseignantes et aux enseignants dans le cadre de la mise en \u0153uvre des nouveaux programmes, la DEAFC offre cette ann\u00e9e un accompagnement portant sur diff\u00e9rents aspects du programme d\u2019\u00e9tudes et de l\u2019\u00e9valuation.[\/vc_column_text][vc_row_inner custom_css=\u00a0\u00bbmargin-top:10px;\u00a0\u00bb][vc_column_inner width=\u00a0\u00bb1\/2&Prime;][vc_column_text css_animation=\u00a0\u00bbtop-to-bottom\u00a0\u00bb]<a href=\"http:\/\/www.accompagnementfga.ca\/carrefourfga\/accompagnement-national\/esl\">\u2192 English as a Second Language<br \/>\n<\/a><a href=\"http:\/\/www.accompagnementfga.ca\/carrefourfga\/accompagnement-national\/FLE\">\u2192 Fran\u00e7ais, langue d&rsquo;enseignement<br \/>\n<\/a><a href=\"http:\/\/www.accompagnementfga.ca\/carrefourfga\/accompagnement-national\/FLS\">\u2192 Fran\u00e7ais, langue seconde<br \/>\n<\/a><a href=\"http:\/\/www.accompagnementfga.ca\/carrefourfga\/accompagnement-national\/francisation\">\u2192 Francisation<br \/>\n<\/a><a href=\"http:\/\/www.accompagnementfga.ca\/carrefourfga\/accompagnement-national\/Informatique\">\u2192 Informatique<\/a>[\/vc_column_text][\/vc_column_inner][vc_column_inner width=\u00a0\u00bb1\/2&Prime;][vc_column_text css_animation=\u00a0\u00bbtop-to-bottom\u00a0\u00bb]<a href=\"http:\/\/www.accompagnementfga.ca\/carrefourfga\/accompagnement-national\/ISP\">\u2192 Int\u00e9gration socioprofessionnelle<br \/>\n<\/a><a href=\"http:\/\/www.mathematiquefga.ca\/\" target=\"_blank\" rel=\"noopener noreferrer\">\u2192 Math\u00e9matiques 2014-2016<br \/>\n<\/a><a href=\"http:\/\/www.accompagnementfga.ca\/carrefourfga\/accompagnement-national\/mathematique\/\">\u2192 Math\u00e9matiques 2016-2017<br \/>\n<\/a><a href=\"http:\/\/www.accompagnementfga.ca\/carrefourfga\/accompagnement-national\/univers-social\/\">\u2192 Univers social<br \/>\n<\/a><a href=\"http:\/\/www.accompagnementfga.ca\/carrefourfga\/accompagnement-national\/stcpb\">\u2192 Science et technologie<\/a>[\/vc_column_text][\/vc_column_inner][\/vc_row_inner][vc_row_inner custom_css=\u00a0\u00bbmargin-top:20px;\u00a0\u00bb][vc_column_inner][vc_column_text css_animation=\u00a0\u00bbtop-to-bottom\u00a0\u00bb]<div class=\"symple-toggle state-closed \"><h3 class=\"symple-toggle-trigger \">Documents Int\u00e9gration sociale<\/h3><div class=\"symple-toggle-container symple-clearfix\"><a href=\"http:\/\/www.carrefourfga.com\/documents\/Rencontre%20nationale%2026-27%20janvier%202017.pdf\" target=\"_blank\" rel=\"noopener noreferrer\">Rencontre nationale des gestionnaires et des responsables du soutien p\u00e9dagogique (26-27 janvier 2017)<br \/>\nLes adultes vis\u00e9s par le programme d&rsquo;\u00e9tudes Int\u00e9gration sociale de la formation g\u00e9n\u00e9rale des adultes<\/a><\/p>\n<p><a href=\"http:\/\/www.carrefourfga.com\/documents\/DHS%20en%20integration%20sociale.pdf\" target=\"_blank\" rel=\"noopener noreferrer\">Cours du d\u00e9veloppement des habilet\u00e9s sp\u00e9cifiques (DHS) en int\u00e9gration sociale<\/a><\/p>\n<\/div><\/div><div class=\"symple-toggle state-closed \"><h3 class=\"symple-toggle-trigger \">Grille d&#039;appr\u00e9ciation du mat\u00e9riel d&#039;apprentissage<\/h3><div class=\"symple-toggle-container symple-clearfix\">La direction de l\u2019\u00e9ducation des adultes et de la formation continue du MEES, en collaboration avec le r\u00e9seau, a d\u00e9velopp\u00e9 une grille d\u2019appr\u00e9ciation du mat\u00e9riel d\u2019apprentissage pour aider les enseignants et les conseillers p\u00e9dagogiques \u00e0 choisir leur mat\u00e9riel didactique.<\/p>\n<p class=\"desc\">Il s\u2019agit d\u2019un <strong>outil non prescrit<\/strong> qui <strong>peut \u00eatre adapt\u00e9 ou modifi\u00e9<\/strong> en fonction des besoins.<\/p>\n<p class=\"desc\">\u00c0 la demande du r\u00e9seau, cette grille est rendue disponible en <strong>version provisoire<\/strong>, en attendant que la version finale soit d\u00e9pos\u00e9e, accompagn\u00e9e d\u2019un guide d\u2019accompagnement qui apportera des pr\u00e9cisions sur l\u2019utilisation de la grille.<\/p>\n<p class=\"desc\">Une deuxi\u00e8me version de la grille a \u00e9t\u00e9 con\u00e7ue pour permettre l&rsquo;appr\u00e9ciation des guides dont les situations d\u2019apprentissage, les t\u00e2ches ou les activit\u00e9s ne sont pas pr\u00e9sent\u00e9es selon les\u00a0phases de pr\u00e9paration, de r\u00e9alisation et d\u2019int\u00e9gration. Elle contient g\u00e9n\u00e9ralement les m\u00eames \u00e9nonc\u00e9s que ceux de la premi\u00e8re grille, mais regroup\u00e9s diff\u00e9remment.<\/p>\n<p class=\"desc\">Vous pouvez <a href=\"http:\/\/www.carrefourfga.com\/documents\/PPT_atelier.pdf\" target=\"_blank\" rel=\"noopener noreferrer\">consulter\u00a0le PowerPoint<\/a> qui a \u00e9t\u00e9 utilis\u00e9 pour pr\u00e9senter l&rsquo;outil lors de la Rencontre nationale des gestionnaires et des responsables du soutien p\u00e9dagogique (27 janvier 2017)<\/p>\n<ul>\n<li><a href=\"http:\/\/www.carrefourfga.com\/documents\/Grille_FGA_13fevrier2017_phases.xlsx\">Grille d&rsquo;appr\u00e9ciation du mat\u00e9riel d&rsquo;apprentissage<\/a><\/li>\n<li><a href=\"http:\/\/www.carrefourfga.com\/documents\/Grille_FGA_13fevrier2017.xlsx\">Grille d&rsquo;appr\u00e9ciation du mat\u00e9riel d&rsquo;apprentissage<br \/>\n(version sans les phases de pr\u00e9paration, de r\u00e9alisation et d&rsquo;int\u00e9gration)<\/a><\/li>\n<\/ul>\n<\/div><\/div>[\/vc_column_text][\/vc_column_inner][\/vc_row_inner][\/vc_column][vc_column width=\u00a0\u00bb1\/3&Prime;][vc_single_image image=\u00a0\u00bb288&Prime; img_size=\u00a0\u00bbfull\u00a0\u00bb css_animation=\u00a0\u00bbbottom-to-top\u00a0\u00bb]<div class=\"verve_spacer clearfix\" style=\"height:30px;\"><\/div><div class=\"verve_spacer clearfix\" style=\"height:6px;\"><\/div>[vc_row_inner][vc_column_inner][\/vc_column_inner][\/vc_row_inner][vc_column_text css_animation=\u00a0\u00bbtop-to-bottom\u00a0\u00bb]<strong>\u00c0 venir<\/strong><br \/>\n\u2192 English, Language Arts[\/vc_column_text]<div class=\"verve_spacer clearfix\" style=\"height:50px;\"><\/div>[\/vc_column][\/vc_row]\n","protected":false},"excerpt":{"rendered":"<p>[vc_row bottom_padding=\u00a0\u00bb300px\u00a0\u00bb margin_bottom=\u00a0\u00bb\u00a0\u00bb bk_element=\u00a0\u00bbimage\u00a0\u00bb bg_image_repeat=\u00a0\u00bbverve_cover\u00a0\u00bb bg_image=\u00a0\u00bb894&Prime;][vc_column width=\u00a0\u00bb1\/1&Prime;][\/vc_column][\/vc_row][vc_row custom_css=\u00a0\u00bbpadding:25px;\u00a0\u00bb bg_color=\u00a0\u00bbrgba(255,255,255,0.03)\u00a0\u00bb][vc_column column_height=\u00a0\u00bbverve_forced_clm verve_vertical_clm\u00a0\u00bb bg_image_vt_align=\u00a0\u00bbverve_vt_top\u00a0\u00bb width=\u00a0\u00bb2\/3&Prime;][\/vc_column][vc_column width=\u00a0\u00bb1\/3&Prime;][vc_single_image image=\u00a0\u00bb289&Prime; img_size=\u00a0\u00bbfull\u00a0\u00bb css_animation=\u00a0\u00bbbottom-to-top\u00a0\u00bb][vc_row_inner][vc_column_inner][\/vc_column_inner][\/vc_row_inner][vc_column_text]Autres liens utiles par programme \u00e0 venir.[\/vc_column_text][\/vc_column][\/vc_row][vc_row custom_css=\u00a0\u00bbpadding:25px;\u00a0\u00bb bg_color=\u00a0\u00bbrgba(255,255,255,0.03)\u00a0\u00bb][vc_column column_height=\u00a0\u00bbverve_forced_clm verve_vertical_clm\u00a0\u00bb bg_image_vt_align=\u00a0\u00bbverve_vt_top\u00a0\u00bb width=\u00a0\u00bb2\/3&Prime;][vc_column_text]Afin d\u2019apporter le support n\u00e9cessaire aux enseignantes et aux enseignants dans le cadre de la mise en \u0153uvre des nouveaux programmes, la DEAFC offre cette ann\u00e9e un [&hellip;]<\/p>\n","protected":false},"author":1,"featured_media":0,"parent":0,"menu_order":0,"comment_status":"closed","ping_status":"closed","template":"","meta":{"footnotes":""},"_links":{"self":[{"href":"http:\/\/www.accompagnementfga.ca\/carrefourfga\/wp-json\/wp\/v2\/pages\/1588"}],"collection":[{"href":"http:\/\/www.accompagnementfga.ca\/carrefourfga\/wp-json\/wp\/v2\/pages"}],"about":[{"href":"http:\/\/www.accompagnementfga.ca\/carrefourfga\/wp-json\/wp\/v2\/types\/page"}],"author":[{"embeddable":true,"href":"http:\/\/www.accompagnementfga.ca\/carrefourfga\/wp-json\/wp\/v2\/users\/1"}],"replies":[{"embeddable":true,"href":"http:\/\/www.accompagnementfga.ca\/carrefourfga\/wp-json\/wp\/v2\/comments?post=1588"}],"version-history":[{"count":34,"href":"http:\/\/www.accompagnementfga.ca\/carrefourfga\/wp-json\/wp\/v2\/pages\/1588\/revisions"}],"predecessor-version":[{"id":1630,"href":"http:\/\/www.accompagnementfga.ca\/carrefourfga\/wp-json\/wp\/v2\/pages\/1588\/revisions\/1630"}],"wp:attachment":[{"href":"http:\/\/www.accompagnementfga.ca\/carrefourfga\/wp-json\/wp\/v2\/media?parent=1588"}],"curies":[{"name":"wp","href":"https:\/\/api.w.org\/{rel}","templated":true}]}}