{"id":1513,"date":"2017-05-01T13:44:28","date_gmt":"2017-05-01T18:44:28","guid":{"rendered":"http:\/\/www.accompagnementfga.ca\/carrefourfga\/?page_id=1513"},"modified":"2017-05-23T12:50:50","modified_gmt":"2017-05-23T17:50:50","slug":"calendrier-equipe-choc-pedagogique","status":"publish","type":"page","link":"http:\/\/www.accompagnementfga.ca\/carrefourfga\/implantation\/calendrier-equipe-choc-pedagogique\/","title":{"rendered":"Calendrier"},"content":{"rendered":"[vc_row bk_type=\u00a0\u00bbverve_full_row\u00a0\u00bb bk_element=\u00a0\u00bbimage\u00a0\u00bb bg_image_repeat=\u00a0\u00bbverve_cover_top\u00a0\u00bb css_animation=\u00a0\u00bbverve_fade_waypoint\u00a0\u00bb bg_color=\u00a0\u00bb#efefef\u00a0\u00bb bg_image=\u00a0\u00bb190&Prime;][vc_column width=\u00a0\u00bb1\/1&Prime;]<div class=\"verve_spacer clearfix\" style=\"height:18px;\"><\/div><div class=\"verve_spacer clearfix\" style=\"height:18px;\"><\/div>[vc_row_inner][vc_column_inner width=\u00a0\u00bb1\/4&Prime;][\/vc_column_inner][vc_column_inner width=\u00a0\u00bb2\/4&Prime;][vc_single_image image=\u00a0\u00bb1516&Prime; img_size=\u00a0\u00bbfull\u00a0\u00bb]<div class=\"verve_spacer clearfix\" style=\"height:15px;\"><\/div>[vc_column_text custom_css=\u00a0\u00bbletter-spacing: 8px;\u00a0\u00bb]\n<h1 style=\"text-align: center;\"><span style=\"color: #ffffff;\">CALENDRIER<\/span><\/h1>\n[\/vc_column_text][\/vc_column_inner][vc_column_inner width=\u00a0\u00bb1\/4&Prime;][\/vc_column_inner][\/vc_row_inner]<div class=\"verve_spacer clearfix\" style=\"height:18px;\"><\/div><div class=\"verve_spacer clearfix\" style=\"height:18px;\"><\/div>[\/vc_column][\/vc_row][vc_row][vc_column width=\u00a0\u00bb1\/1&Prime;]<div class=\"verve_spacer clearfix\" style=\"height:18px;\"><\/div><div class=\"verve_spacer clearfix\" style=\"height:18px;\"><\/div>[\/vc_column][\/vc_row][vc_row][vc_column width=\u00a0\u00bb1\/3&Prime;][\/vc_column][vc_column width=\u00a0\u00bb1\/3&Prime;][\/vc_column][vc_column width=\u00a0\u00bb1\/3&Prime;][\/vc_column][\/vc_row][vc_row][vc_column width=\u00a0\u00bb1\/3&Prime;]<div class=\"prk_service prk_service_left verve_bigger_service wpb_animate_when_almost_visible wpb_bottom-to-top\" data-color=\"default\" data-default=\"#1074bc\"><i class=\"verve_fa-calendar colored_link_icon small_headings_color\" style=\"color:#1074bc\"><\/i><div class=\"clearfix\"><\/div><div class=\"prk_service_ctt\"><h4 class=\"big zero_color header_font prk_heavier_600\">F\u00c9VRIER 2017<\/h4><div class=\"clearfix\"><\/div><div class=\"verve_service_desc wpb_text_column prk_9_em\"><\/div><\/div><\/div><div class=\"verve_spacer clearfix\" style=\"height:15px;\"><\/div>[vc_column_text css_animation=\u00a0\u00bbbottom-to-top\u00a0\u00bb css_delay=\u00a0\u00bb\u00a0\u00bb]\n<ul>\n<li><strong>24 f\u00e9vrier 2017<\/strong><br \/>\n<strong>CSMV<\/strong><br \/>\nFrancisation<\/li>\n<\/ul>\n[\/vc_column_text]<div class=\"verve_spacer clearfix\" style=\"height:18px;\"><\/div><div class=\"prk_service prk_service_left verve_bigger_service wpb_animate_when_almost_visible wpb_bottom-to-top\" data-color=\"default\" data-default=\"#1074bc\"><i class=\"verve_fa-calendar colored_link_icon small_headings_color\" style=\"color:#1074bc\"><\/i><div class=\"clearfix\"><\/div><div class=\"prk_service_ctt\"><h4 class=\"big zero_color header_font prk_heavier_600\">MARS 2017<\/h4><div class=\"clearfix\"><\/div><div class=\"verve_service_desc wpb_text_column prk_9_em\"><\/div><\/div><\/div><div class=\"verve_spacer clearfix\" style=\"height:15px;\"><\/div>[vc_column_text css_animation=\u00a0\u00bbbottom-to-top\u00a0\u00bb css_delay=\u00a0\u00bb\u00a0\u00bb]\n<ul>\n<li><strong>7 mars 2017<\/strong><br \/>\n<strong>CSPI<\/strong><br \/>\nFran\u00e7ais, langue d&rsquo;enseignement<\/li>\n<li><strong>17 mars 2017<\/strong><br \/>\n<strong>Rencontre nationale des<br \/>\nservices \u00e9ducatifs en milieu carc\u00e9ral<\/strong><br \/>\nFran\u00e7ais, langue d&rsquo;enseignement<br \/>\nAnglais, langue seconde<\/li>\n<li><strong>24 mars 2017<\/strong><br \/>\n<strong>CSHC<\/strong><br \/>\nScience et technologie<\/li>\n<li><strong>24 mars 2017<\/strong><br \/>\n<strong>CSBF<\/strong><br \/>\nFran\u00e7ais, langue d&rsquo;enseignement<br \/>\nAnglais, langue seconde<br \/>\nMath\u00e9matique<br \/>\nScience et technologie<br \/>\nFrancisation<\/li>\n<li><strong>31 mars<\/strong><br \/>\n<strong>CS des Laurentides<\/strong><br \/>\nScience et technologie<\/li>\n<\/ul>\n[\/vc_column_text]<div class=\"verve_spacer clearfix\" style=\"height:18px;\"><\/div>[\/vc_column][vc_column width=\u00a0\u00bb1\/3&Prime;]<div class=\"prk_service prk_service_left verve_bigger_service wpb_animate_when_almost_visible wpb_bottom-to-top\" data-color=\"default\" data-default=\"#1074bc\"><i class=\"verve_fa-calendar colored_link_icon small_headings_color\" style=\"color:#1074bc\"><\/i><div class=\"clearfix\"><\/div><div class=\"prk_service_ctt\"><h4 class=\"big zero_color header_font prk_heavier_600\">AVRIL 2017<\/h4><div class=\"clearfix\"><\/div><div class=\"verve_service_desc wpb_text_column prk_9_em\"><\/div><\/div><\/div><div class=\"verve_spacer clearfix\" style=\"height:15px;\"><\/div>[vc_column_text css_animation=\u00a0\u00bbbottom-to-top\u00a0\u00bb css_delay=\u00a0\u00bb\u00a0\u00bb]\n<ul>\n<li><strong>27 avril<\/strong><br \/>\n<strong>R\u00e9gions 03-12<\/strong><br \/>\nUnivers social<\/li>\n<li><strong>28 avril<\/strong><br \/>\n<strong>Mont\u00e9r\u00e9gie<\/strong><br \/>\nAnglais, langue seconde<\/li>\n<\/ul>\n[\/vc_column_text]<div class=\"verve_spacer clearfix\" style=\"height:18px;\"><\/div><div class=\"prk_service prk_service_left verve_bigger_service wpb_animate_when_almost_visible wpb_bottom-to-top\" data-color=\"default\" data-default=\"#1074bc\"><i class=\"verve_fa-calendar colored_link_icon small_headings_color\" style=\"color:#1074bc\"><\/i><div class=\"clearfix\"><\/div><div class=\"prk_service_ctt\"><h4 class=\"big zero_color header_font prk_heavier_600\">MAI 2017<\/h4><div class=\"clearfix\"><\/div><div class=\"verve_service_desc wpb_text_column prk_9_em\"><\/div><\/div><\/div><div class=\"verve_spacer clearfix\" style=\"height:15px;\"><\/div>[vc_column_text css_animation=\u00a0\u00bbbottom-to-top\u00a0\u00bb css_delay=\u00a0\u00bb\u00a0\u00bb]\n<ul>\n<li><strong>3 mai <\/strong><br \/>\n<strong>CSDM<\/strong><br \/>\nFran\u00e7ais, langue d&rsquo;enseignement<\/li>\n<li><strong>8 mai <\/strong><br \/>\n<strong>R\u00e9gions 03-12<\/strong><br \/>\nUnivers social<\/li>\n<li><strong>11 mai <\/strong><br \/>\n<strong>CSDM<\/strong><br \/>\nMath\u00e9matique<\/li>\n<li><strong>18 mai<br \/>\nCSDA<\/strong><br \/>\nFran\u00e7ais, langue d&rsquo;enseignement<\/li>\n<li><strong>19 mai<br \/>\nCSBF<\/strong><br \/>\nFrancisation<\/li>\n<li><strong>19 mai<br \/>\nCS de l&rsquo;\u00c9nergie<\/strong><br \/>\nUnivers social<\/li>\n<li><strong>24 mai <\/strong><br \/>\n<strong>Milieu carc\u00e9ral (f\u00e9d\u00e9ral)<\/strong><br \/>\nScience et technologie<\/li>\n<li><strong>24 mai <\/strong><br \/>\n<strong>R\u00e9gions 03-12<\/strong><br \/>\nUnivers social<\/li>\n<li><strong>25 mai <\/strong><br \/>\n<strong>CSDM<\/strong><br \/>\nScience et technologie<\/li>\n<li><strong>26 mai <\/strong><br \/>\n<b>Centre r\u00e9gional Uashat mak Mani-Utenam<\/b><br \/>\nMath\u00e9matique<\/li>\n<\/ul>\n[\/vc_column_text]<div class=\"verve_spacer clearfix\" style=\"height:18px;\"><\/div>[\/vc_column][vc_column width=\u00a0\u00bb1\/3&Prime;]<div class=\"prk_service prk_service_left verve_bigger_service wpb_animate_when_almost_visible wpb_bottom-to-top\" data-color=\"default\" data-default=\"#1074bc\"><i class=\"verve_fa-calendar colored_link_icon small_headings_color\" style=\"color:#1074bc\"><\/i><div class=\"clearfix\"><\/div><div class=\"prk_service_ctt\"><h4 class=\"big zero_color header_font prk_heavier_600\">JUIN 2017<\/h4><div class=\"clearfix\"><\/div><div class=\"verve_service_desc wpb_text_column prk_9_em\"><\/div><\/div><\/div><div class=\"verve_spacer clearfix\" style=\"height:15px;\"><\/div>[vc_column_text css_animation=\u00a0\u00bbbottom-to-top\u00a0\u00bb css_delay=\u00a0\u00bb\u00a0\u00bb]\n<ul>\n<li><b>8-9 juin<\/b><br \/>\n<strong>Centre r\u00e9gional Uashat mak Mani-utenam<\/strong><br \/>\nFran\u00e7ais, langue d&rsquo;enseignement<br \/>\nUnivers social<br \/>\nScience et technologie<\/li>\n<li><strong>12\u00a0juin<br \/>\nWestern Quebec<\/strong><br \/>\nScience et technologie<\/li>\n<li><strong>15\u00a0juin<br \/>\nEastern Townships<br \/>\n<\/strong>Science et technologie<\/li>\n<li><strong>Date \u00e0 venir<\/strong><br \/>\n<strong>CS Crie<\/strong><br \/>\nMultimat\u00ec\u00e8res<\/li>\n<\/ul>\n[\/vc_column_text]<div class=\"verve_spacer clearfix\" style=\"height:18px;\"><\/div><div class=\"prk_service prk_service_left verve_bigger_service wpb_animate_when_almost_visible wpb_bottom-to-top\" data-color=\"default\" data-default=\"#1074bc\"><i class=\"verve_fa-calendar colored_link_icon small_headings_color\" style=\"color:#1074bc\"><\/i><div class=\"clearfix\"><\/div><div class=\"prk_service_ctt\"><h4 class=\"big zero_color header_font prk_heavier_600\">Septembre 2017<\/h4><div class=\"clearfix\"><\/div><div class=\"verve_service_desc wpb_text_column prk_9_em\"><\/div><\/div><\/div>[vc_column_text css_animation=\u00a0\u00bbbottom-to-top\u00a0\u00bb css_delay=\u00a0\u00bb\u00a0\u00bb]\n<ul>\n<li><strong>7\u00a0septembre 2017<\/strong><br \/>\n<strong>CSSMI<\/strong><br \/>\nFran\u00e7ais, langue d&rsquo;enseignement<\/li>\n<\/ul>\n[\/vc_column_text]<div class=\"prk_service prk_service_left verve_bigger_service wpb_animate_when_almost_visible wpb_bottom-to-top\" data-color=\"default\" data-default=\"#1074bc\"><i class=\"verve_fa-calendar colored_link_icon small_headings_color\" style=\"color:#1074bc\"><\/i><div class=\"clearfix\"><\/div><div class=\"prk_service_ctt\"><h4 class=\"big zero_color header_font prk_heavier_600\">\u00c0 VENIR<\/h4><div class=\"clearfix\"><\/div><div class=\"verve_service_desc wpb_text_column prk_9_em\"><\/div><\/div><\/div><div class=\"verve_spacer clearfix\" style=\"height:15px;\"><\/div>[vc_column_text css_animation=\u00a0\u00bbbottom-to-top\u00a0\u00bb css_delay=\u00a0\u00bb\u00a0\u00bb]\n<ul>\n<li><strong>CSDC<\/strong><br \/>\nFran\u00e7ais, langue d&rsquo;enseignement<\/li>\n<li><strong>CS de Charlevoix<\/strong><br \/>\nMultimati\u00e8res<\/li>\n<li><strong>Automne 2017<\/strong><br \/>\nCS des Draveurs<br \/>\nFrancisation<\/li>\n<\/ul>\n[\/vc_column_text]<div class=\"verve_spacer clearfix\" style=\"height:18px;\"><\/div><div class=\"ghost_theme_button colored prk_medium wpb_animate_when_almost_visible wpb_bottom-to-top vrv_shortcoded\"><a href=\"http:\/\/www.accompagnementfga.ca\/carrefourfga\/implantation\/calendrier-dimplantation\/\" target=\"_self\" class=\"verve_anchor\" style=\"width:100%; \">Calendrier d'implantation<\/a><\/div><div class=\"ghost_theme_button colored prk_medium wpb_animate_when_almost_visible wpb_bottom-to-top vrv_shortcoded\"><a href=\"http:\/\/www.accompagnementfga.ca\/carrefourfga\/evenements\" target=\"_self\" class=\"verve_anchor\" style=\"width:100%; \">Calendrier d'\u00e9v\u00e8nements<\/a><\/div><div class=\"colored_theme_button prk_medium wpb_animate_when_almost_visible wpb_verve_fade_waypoint vrv_shortcoded\"><a href=\"http:\/\/www.accompagnementfga.ca\/carrefourfga\/portfolios\/implantation\/\" target=\"_self\" class=\"verve_anchor\" style=\"width:100%; background-color:#000000;\">\u2190 Implantation du nouveau curriculum<\/a><\/div><div class=\"verve_spacer clearfix\" style=\"height:18px;\"><\/div>[\/vc_column][\/vc_row][vc_row][vc_column width=\u00a0\u00bb1\/3&Prime;][\/vc_column][vc_column width=\u00a0\u00bb1\/3&Prime;]<div class=\"verve_spacer clearfix\" style=\"height:100px;\"><\/div>[\/vc_column][vc_column width=\u00a0\u00bb1\/3&Prime;][\/vc_column][\/vc_row][vc_row][vc_column width=\u00a0\u00bb1\/3&Prime;][\/vc_column][vc_column width=\u00a0\u00bb1\/3&Prime;][\/vc_column][vc_column width=\u00a0\u00bb1\/3&Prime;][\/vc_column][\/vc_row][vc_row][vc_column][vc_column_text]\n[\/vc_column_text][\/vc_column][\/vc_row]\n","protected":false},"excerpt":{"rendered":"<p>[vc_row bk_type=\u00a0\u00bbverve_full_row\u00a0\u00bb bk_element=\u00a0\u00bbimage\u00a0\u00bb bg_image_repeat=\u00a0\u00bbverve_cover_top\u00a0\u00bb css_animation=\u00a0\u00bbverve_fade_waypoint\u00a0\u00bb bg_color=\u00a0\u00bb#efefef\u00a0\u00bb bg_image=\u00a0\u00bb190&Prime;][vc_column width=\u00a0\u00bb1\/1&Prime;][vc_row_inner][vc_column_inner width=\u00a0\u00bb1\/4&Prime;][\/vc_column_inner][vc_column_inner width=\u00a0\u00bb2\/4&Prime;][vc_single_image image=\u00a0\u00bb1516&Prime; img_size=\u00a0\u00bbfull\u00a0\u00bb][vc_column_text custom_css=\u00a0\u00bbletter-spacing: 8px;\u00a0\u00bb] CALENDRIER [\/vc_column_text][\/vc_column_inner][vc_column_inner width=\u00a0\u00bb1\/4&Prime;][\/vc_column_inner][\/vc_row_inner][\/vc_column][\/vc_row][vc_row][vc_column width=\u00a0\u00bb1\/1&Prime;][\/vc_column][\/vc_row][vc_row][vc_column width=\u00a0\u00bb1\/3&Prime;][\/vc_column][vc_column width=\u00a0\u00bb1\/3&Prime;][\/vc_column][vc_column width=\u00a0\u00bb1\/3&Prime;][\/vc_column][\/vc_row][vc_row][vc_column width=\u00a0\u00bb1\/3&Prime;][vc_column_text css_animation=\u00a0\u00bbbottom-to-top\u00a0\u00bb css_delay=\u00a0\u00bb\u00a0\u00bb] 24 f\u00e9vrier 2017 CSMV Francisation [\/vc_column_text][vc_column_text css_animation=\u00a0\u00bbbottom-to-top\u00a0\u00bb css_delay=\u00a0\u00bb\u00a0\u00bb] 7 mars 2017 CSPI Fran\u00e7ais, langue d&rsquo;enseignement 17 mars 2017 Rencontre nationale des services \u00e9ducatifs en milieu carc\u00e9ral Fran\u00e7ais, langue d&rsquo;enseignement Anglais, langue [&hellip;]<\/p>\n","protected":false},"author":2,"featured_media":0,"parent":343,"menu_order":0,"comment_status":"closed","ping_status":"closed","template":"","meta":{"footnotes":""},"_links":{"self":[{"href":"http:\/\/www.accompagnementfga.ca\/carrefourfga\/wp-json\/wp\/v2\/pages\/1513"}],"collection":[{"href":"http:\/\/www.accompagnementfga.ca\/carrefourfga\/wp-json\/wp\/v2\/pages"}],"about":[{"href":"http:\/\/www.accompagnementfga.ca\/carrefourfga\/wp-json\/wp\/v2\/types\/page"}],"author":[{"embeddable":true,"href":"http:\/\/www.accompagnementfga.ca\/carrefourfga\/wp-json\/wp\/v2\/users\/2"}],"replies":[{"embeddable":true,"href":"http:\/\/www.accompagnementfga.ca\/carrefourfga\/wp-json\/wp\/v2\/comments?post=1513"}],"version-history":[{"count":38,"href":"http:\/\/www.accompagnementfga.ca\/carrefourfga\/wp-json\/wp\/v2\/pages\/1513\/revisions"}],"predecessor-version":[{"id":1737,"href":"http:\/\/www.accompagnementfga.ca\/carrefourfga\/wp-json\/wp\/v2\/pages\/1513\/revisions\/1737"}],"up":[{"embeddable":true,"href":"http:\/\/www.accompagnementfga.ca\/carrefourfga\/wp-json\/wp\/v2\/pages\/343"}],"wp:attachment":[{"href":"http:\/\/www.accompagnementfga.ca\/carrefourfga\/wp-json\/wp\/v2\/media?parent=1513"}],"curies":[{"name":"wp","href":"https:\/\/api.w.org\/{rel}","templated":true}]}}