{"id":1290,"date":"2017-04-19T18:56:54","date_gmt":"2017-04-19T23:56:54","guid":{"rendered":"http:\/\/www.accompagnementfga.ca\/carrefourfga\/?page_id=1290"},"modified":"2017-04-20T13:55:27","modified_gmt":"2017-04-20T18:55:27","slug":"liens-2","status":"publish","type":"page","link":"http:\/\/www.accompagnementfga.ca\/carrefourfga\/liens-2\/","title":{"rendered":"Liens utiles"},"content":{"rendered":"[vc_row top_padding=\u00a0\u00bb186px\u00a0\u00bb bottom_padding=\u00a0\u00bb196px\u00a0\u00bb bk_element=\u00a0\u00bbimage\u00a0\u00bb preload_bk=\u00a0\u00bbyes\u00a0\u00bb bg_image_repeat=\u00a0\u00bbverve_cover_bottom\u00a0\u00bb bg_image=\u00a0\u00bb680&Prime;][vc_column width=\u00a0\u00bb1\/1&Prime;]<div class=\"prk_shortcode-title prk_break_word verve_center_align h1_sized\"><div class=\"header_font zero_color prk_vc_title\" style=\"color:#ffffff;border-bottom-color:rgba(255, 255, 255,0.9);text-shadow:0px 0px 1px rgba(255, 255, 255,0.2);\"><h1 style=\"font-weight:700;\">LIENS UTILES<\/h1><\/div><div class=\"clearfix\"><\/div><\/div><div class=\"prk_shortcode-title prk_break_word verve_center_align h2_sized\"><div class=\"header_font zero_color prk_vc_title\" style=\"color:#ffffff;border-bottom-color:rgba(255, 255, 255,0.9);text-shadow:0px 0px 1px rgba(255, 255, 255,0.2);\"><h2 style=\"font-weight:400;\">Voici les liens sugg\u00e9r\u00e9s par les membres du r\u00e9seau.<\/h2><\/div><div class=\"clearfix\"><\/div><\/div>[\/vc_column][\/vc_row][vc_row top_padding=\u00a0\u00bb72px\u00a0\u00bb][vc_column width=\u00a0\u00bb1\/3&Prime;]<div class=\"prk_service prk_service_left verve_smaller_service wpb_animate_when_almost_visible wpb_bottom-to-top\" data-color=\"default\" data-default=\"#0ab6d1\"><i class=\"verve_fa-apple colored_link_icon small_headings_color\" style=\"color:#0ab6d1\"><\/i><div class=\"clearfix\"><\/div><div class=\"prk_service_ctt\"><h4 class=\"big zero_color header_font prk_heavier_600\">AMEQ<\/h4><div class=\"clearfix\"><\/div><div class=\"service_inner_desc verve_service_desc wpb_text_column prk_9_em\">AMEQ en ligne est un portail d'informations et de ressources en \u00e9ducation en emplois et en formation.<\/div><div class=\"simple_line thick special_size\"><\/div><div class=\"service_lnk prk_heavier_600 header_font\"><a class=\"zero_color verve_anchor\" href=\"http:\/\/www.ameqenligne.com\/index.php\"><\/a><\/div><\/div><\/div>[\/vc_column][vc_column width=\u00a0\u00bb1\/3&Prime;]<div class=\"prk_service prk_service_left verve_smaller_service wpb_animate_when_almost_visible wpb_bottom-to-top delay-200\" data-color=\"default\" data-default=\"#0ab6d1\"><i class=\"mdi mdi-laptop colored_link_icon small_headings_color\" style=\"color:#0ab6d1\"><\/i><div class=\"clearfix\"><\/div><div class=\"prk_service_ctt\"><h4 class=\"big zero_color header_font prk_heavier_600\">Apr\u00e8s-cours FGA<\/h4><div class=\"clearfix\"><\/div><div class=\"service_inner_desc verve_service_desc wpb_text_column prk_9_em\">``La mission des APC est d\u2019accompagner et soutenir les acteurs de la FGA dans leur d\u00e9marche de formation continue visant l\u2019int\u00e9gration des technologies de l\u2019information et des communications dans les sph\u00e8res de leur travail.`` Tir\u00e9 du site<\/div><div class=\"simple_line thick special_size\"><\/div><div class=\"service_lnk prk_heavier_600 header_font\"><a class=\"zero_color verve_anchor\" href=\"http:\/\/aprescours.ticfga.ca\/\"><\/a><\/div><\/div><\/div>[\/vc_column][vc_column width=\u00a0\u00bb1\/3&Prime;]<div class=\"prk_service prk_service_left verve_smaller_service wpb_animate_when_almost_visible wpb_bottom-to-top delay-400\" data-color=\"default\" data-default=\"#0ab6d1\"><i class=\"verve_fa-globe colored_link_icon small_headings_color\" style=\"color:#0ab6d1\"><\/i><div class=\"clearfix\"><\/div><div class=\"prk_service_ctt\"><h4 class=\"big zero_color header_font prk_heavier_600\">AQIFGA<\/h4><div class=\"clearfix\"><\/div><div class=\"service_inner_desc verve_service_desc wpb_text_column prk_9_em\">Association qu\u00e9b\u00e9coise des intervenants en formation g\u00e9n\u00e9rale des adultes Cette association travaille \u00e0 faciliter le r\u00e9seautage parmi les intervenants de la FGA afin de promouvoir le partage d\u2019expertise ainsi que la formation continue au sein de la FGA.<\/div><div class=\"simple_line thick special_size\"><\/div><div class=\"service_lnk prk_heavier_600 header_font\"><a class=\"zero_color verve_anchor\" href=\"http:\/\/www.aqifga.com\/spip\/\"><\/a><\/div><\/div><\/div>[\/vc_column][\/vc_row][vc_row top_padding=\u00a0\u00bb72px\u00a0\u00bb][vc_column width=\u00a0\u00bb1\/3&Prime;]<div class=\"prk_service prk_service_left verve_smaller_service wpb_animate_when_almost_visible wpb_bottom-to-top\" data-color=\"default\" data-default=\"#0ab6d1\"><i class=\"verve_fa-android colored_link_icon small_headings_color\" style=\"color:#0ab6d1\"><\/i><div class=\"clearfix\"><\/div><div class=\"prk_service_ctt\"><h4 class=\"big zero_color header_font prk_heavier_600\">AQUOPS<\/h4><div class=\"clearfix\"><\/div><div class=\"service_inner_desc verve_service_desc wpb_text_column prk_9_em\">Association Qu\u00e9b\u00e9coise des Utilisateurs de l\u2019Ordinateur au Primaire et au Secondaire<\/div><div class=\"simple_line thick special_size\"><\/div><div class=\"service_lnk prk_heavier_600 header_font\"><a class=\"zero_color verve_anchor\" href=\"http:\/\/www.aquops.qc.ca\/\"><\/a><\/div><\/div><\/div>[\/vc_column][vc_column width=\u00a0\u00bb1\/3&Prime;]<div class=\"prk_service prk_service_left verve_smaller_service wpb_animate_when_almost_visible wpb_bottom-to-top delay-200\" data-color=\"default\" data-default=\"#0ab6d1\"><i class=\"mdi mdi-laptop colored_link_icon small_headings_color\" style=\"color:#0ab6d1\"><\/i><div class=\"clearfix\"><\/div><div class=\"prk_service_ctt\"><h4 class=\"big zero_color header_font prk_heavier_600\">BAnQ Biblioth\u00e8que et Archives nationales du Qu\u00e9bec<\/h4><div class=\"clearfix\"><\/div><div class=\"service_inner_desc verve_service_desc wpb_text_column prk_9_em\">Biblioth\u00e8que et Archives nationales du Qu\u00e9bec (BAnQ), c\u2019est \u00e0 la fois une biblioth\u00e8que nationale, des archives nationales, la plus grande biblioth\u00e8que publique de l\u2019espace francophone. Vous y trouverez entre autre la revue Vie P\u00e9dagogique.<\/div><div class=\"simple_line thick special_size\"><\/div><div class=\"service_lnk prk_heavier_600 header_font\"><a class=\"zero_color verve_anchor\" href=\"http:\/\/www.banq.qc.ca\/accueil\/\"><\/a><\/div><\/div><\/div>[\/vc_column][vc_column width=\u00a0\u00bb1\/3&Prime;]<div class=\"prk_service prk_service_left verve_smaller_service wpb_animate_when_almost_visible wpb_bottom-to-top delay-400\" data-color=\"default\" data-default=\"#0ab6d1\"><i class=\"verve_fa-users colored_link_icon small_headings_color\" style=\"color:#0ab6d1\"><\/i><div class=\"clearfix\"><\/div><div class=\"prk_service_ctt\"><h4 class=\"big zero_color header_font prk_heavier_600\">BIM<\/h4><div class=\"clearfix\"><\/div><div class=\"service_inner_desc verve_service_desc wpb_text_column prk_9_em\">BIM d\u00e9veloppe des \u00e9preuves et des situations d'\u00e9valuation pour les cours dont l\u2019\u00e9valuation est de responsabilit\u00e9 locale. Avec l\u2019arriv\u00e9e du renouveau p\u00e9dagogique, l\u2019\u00e9quipe des conseillers de BIM s\u2019associe aux conseillers p\u00e9dagogiques et aux enseignants pour l\u2019\u00e9laboration de situations d\u2019\u00e9valuation dans le cadre du programme de formation de base commune (FBC) et du programme de formation diversifi\u00e9e (FBD). <\/div><div class=\"simple_line thick special_size\"><\/div><div class=\"service_lnk prk_heavier_600 header_font\"><a class=\"zero_color verve_anchor\" href=\"http:\/\/bimenligne.qc.ca\/fr\/Pages\/Default.aspx\"><\/a><\/div><\/div><\/div>[\/vc_column][\/vc_row][vc_row top_padding=\u00a0\u00bb72px\u00a0\u00bb][vc_column width=\u00a0\u00bb1\/3&Prime;]<div class=\"prk_service prk_service_left verve_smaller_service wpb_animate_when_almost_visible wpb_bottom-to-top\" data-color=\"default\" data-default=\"#0ab6d1\"><i class=\"verve_fa-book colored_link_icon small_headings_color\" style=\"color:#0ab6d1\"><\/i><div class=\"clearfix\"><\/div><div class=\"prk_service_ctt\"><h4 class=\"big zero_color header_font prk_heavier_600\">CDEACF<\/h4><div class=\"clearfix\"><\/div><div class=\"service_inner_desc verve_service_desc wpb_text_column prk_9_em\">Sp\u00e9cialiste de la documentation et de l\u2019information, le CD\u00c9ACF est la r\u00e9f\u00e9rence francophone pour trouver, s\u2019outiller et partager en :<br \/>\nalphab\u00e9tisation et comp\u00e9tences essentielles;<br \/>\ncondition des femmes;<br \/>\nen \u00e9ducation des adultes.<\/div><div class=\"simple_line thick special_size\"><\/div><div class=\"service_lnk prk_heavier_600 header_font\"><a class=\"zero_color verve_anchor\" href=\"http:\/\/cdeacf.ca\/\"><\/a><\/div><\/div><\/div>[\/vc_column][vc_column width=\u00a0\u00bb1\/3&Prime;]<div class=\"prk_service prk_service_left verve_smaller_service wpb_animate_when_almost_visible wpb_bottom-to-top delay-200\" data-color=\"default\" data-default=\"#0ab6d1\"><i class=\"mdi mdi-responsive colored_link_icon small_headings_color\" style=\"color:#0ab6d1\"><\/i><div class=\"clearfix\"><\/div><div class=\"prk_service_ctt\"><h4 class=\"big zero_color header_font prk_heavier_600\">CEFRIO<\/h4><div class=\"clearfix\"><\/div><div class=\"service_inner_desc verve_service_desc wpb_text_column prk_9_em\">Centre facilitant la recherche et l\u2019innovation dans les organisations, \u00e0 l\u2019aide des technologies de l\u2019information et de la communication (TIC).<\/div><div class=\"simple_line thick special_size\"><\/div><div class=\"service_lnk prk_heavier_600 header_font\"><a class=\"zero_color verve_anchor\" href=\"http:\/\/www.cefrio.qc.ca\/cefrio\/\"><\/a><\/div><\/div><\/div>[\/vc_column][vc_column width=\u00a0\u00bb1\/3&Prime;]<div class=\"prk_service prk_service_left verve_smaller_service wpb_animate_when_almost_visible wpb_bottom-to-top delay-400\" data-color=\"default\" data-default=\"#0ab6d1\"><i class=\"verve_fa-cloud colored_link_icon small_headings_color\" style=\"color:#0ab6d1\"><\/i><div class=\"clearfix\"><\/div><div class=\"prk_service_ctt\"><h4 class=\"big zero_color header_font prk_heavier_600\">Didacti-CIEL<\/h4><div class=\"clearfix\"><\/div><div class=\"service_inner_desc verve_service_desc wpb_text_column prk_9_em\">Cours d'informatique en ligne des centres Christ-Roi et l'Impact !<br \/>\nCe site est destin\u00e9 principalement aux \u00e9tudiants qui ont entam\u00e9 un parcours de formation dans un centre d'\u00e9ducation pour adultes. Il peut cependant aussi \u00eatre utile \u00e0 toute personne qui souhaite d\u00e9velopper ses connaissances en informatique ou en bureautique.<\/div><div class=\"simple_line thick special_size\"><\/div><div class=\"service_lnk prk_heavier_600 header_font\"><a class=\"zero_color verve_anchor\" href=\"http:\/\/www.cspn.qc.ca\/ccr_formation\/\"><\/a><\/div><\/div><\/div>[\/vc_column][\/vc_row][vc_row top_padding=\u00a0\u00bb72px\u00a0\u00bb][vc_column width=\u00a0\u00bb1\/3&Prime;]<div class=\"prk_service prk_service_left verve_smaller_service wpb_animate_when_almost_visible wpb_bottom-to-top\" data-color=\"default\" data-default=\"#0ab6d1\"><i class=\"verve_fa-retweet colored_link_icon small_headings_color\" style=\"color:#0ab6d1\"><\/i><div class=\"clearfix\"><\/div><div class=\"prk_service_ctt\"><h4 class=\"big zero_color header_font prk_heavier_600\">FGA Mont\u00e9r\u00e9gie<\/h4><div class=\"clearfix\"><\/div><div class=\"service_inner_desc verve_service_desc wpb_text_column prk_9_em\">Site de partage de documents, d\u2019information et de r\u00e9f\u00e9rences en lien avec la formation g\u00e9n\u00e9rale des adultes.<\/div><div class=\"simple_line thick special_size\"><\/div><div class=\"service_lnk prk_heavier_600 header_font\"><a class=\"zero_color verve_anchor\" href=\"http:\/\/www.fgamonteregie.qc.ca\/\"><\/a><\/div><\/div><\/div>[\/vc_column][vc_column width=\u00a0\u00bb1\/3&Prime;]<div class=\"prk_service prk_service_left verve_smaller_service wpb_animate_when_almost_visible wpb_bottom-to-top delay-200\" data-color=\"default\" data-default=\"#0ab6d1\"><i class=\"mdi mdi-puzzle colored_link_icon small_headings_color\" style=\"color:#0ab6d1\"><\/i><div class=\"clearfix\"><\/div><div class=\"prk_service_ctt\"><h4 class=\"big zero_color header_font prk_heavier_600\"> Fiches pour la FP et la FGA<\/h4><div class=\"clearfix\"><\/div><div class=\"service_inner_desc verve_service_desc wpb_text_column prk_9_em\">Fiches pour la formation professionnelle (FP) et la formation g\u00e9n\u00e9rale des adultes (FGA)<\/div><div class=\"simple_line thick special_size\"><\/div><div class=\"service_lnk prk_heavier_600 header_font\"><a class=\"zero_color verve_anchor\" href=\"http:\/\/blogueapartcfgacsrdn.blogspot.ca\/p\/bienvenue.html\"><\/a><\/div><\/div><\/div>[\/vc_column][vc_column width=\u00a0\u00bb1\/3&Prime;]<div class=\"prk_service prk_service_left verve_smaller_service wpb_animate_when_almost_visible wpb_bottom-to-top delay-400\" data-color=\"default\" data-default=\"#0ab6d1\"><i class=\"verve_fa-graduation-cap colored_link_icon small_headings_color\" style=\"color:#0ab6d1\"><\/i><div class=\"clearfix\"><\/div><div class=\"prk_service_ctt\"><h4 class=\"big zero_color header_font prk_heavier_600\">Formation \u00c9ducation Des Adultes<\/h4><div class=\"clearfix\"><\/div><div class=\"service_inner_desc verve_service_desc wpb_text_column prk_9_em\">Un site qui offre plusieurs ressources. Notions des cours \u00e0 l'\u00e9ducation des adultes. Exercices en ligne. Situation d'apprentissage et d'\u00e9valuation pour les cours de la fbc. Pr\u00e9-tests, exercices suppl\u00e9mentaires, etc. Vid\u00e9os et animations. Domaines d'examens qui d\u00e9crivent les objets d'\u00e9valuation. Et bien plus...<\/div><div class=\"simple_line thick special_size\"><\/div><div class=\"service_lnk prk_heavier_600 header_font\"><a class=\"zero_color verve_anchor\" href=\"http:\/\/www.formationeda.com\/\"><\/a><\/div><\/div><\/div>[\/vc_column][\/vc_row][vc_row top_padding=\u00a0\u00bb72px\u00a0\u00bb][vc_column width=\u00a0\u00bb1\/3&Prime;]<div class=\"prk_service prk_service_left verve_smaller_service wpb_animate_when_almost_visible wpb_bottom-to-top\" data-color=\"default\" data-default=\"#0ab6d1\"><i class=\"mdi mdi-leaf colored_link_icon small_headings_color\" style=\"color:#0ab6d1\"><\/i><div class=\"clearfix\"><\/div><div class=\"prk_service_ctt\"><h4 class=\"big zero_color header_font prk_heavier_600\">ICEA<\/h4><div class=\"clearfix\"><\/div><div class=\"service_inner_desc verve_service_desc wpb_text_column prk_9_em\">L'Institut de coop\u00e9ration pour l'\u00e9ducation des adultes (IC\u00c9A) est un organisme d\u00e9mocratique constitu\u00e9 en 1946 et qui regroupe diff\u00e9rents r\u00e9seaux et organisations de la soci\u00e9t\u00e9 civile actifs en \u00e9ducation et en formation des adultes.<\/div><div class=\"simple_line thick special_size\"><\/div><div class=\"service_lnk prk_heavier_600 header_font\"><a class=\"zero_color verve_anchor\" href=\"http:\/\/www.icea.qc.ca\/site\/\"><\/a><\/div><\/div><\/div>[\/vc_column][vc_column width=\u00a0\u00bb1\/3&Prime;]<div class=\"prk_service prk_service_left verve_smaller_service wpb_animate_when_almost_visible wpb_bottom-to-top\" data-color=\"default\" data-default=\"#0ab6d1\"><i class=\"verve_fa-building-o colored_link_icon small_headings_color\" style=\"color:#0ab6d1\"><\/i><div class=\"clearfix\"><\/div><div class=\"prk_service_ctt\"><h4 class=\"big zero_color header_font prk_heavier_600\">Infobourg<\/h4><div class=\"clearfix\"><\/div><div class=\"service_inner_desc verve_service_desc wpb_text_column prk_9_em\">L\u2019\u00c9cole branch\u00e9e est un organisme sans but lucratif qui \u00e9dite le magazine du m\u00eame nom ainsi que le site d\u2019actualit\u00e9 Infobourg.com, le site d\u2019images libres de droits pour l\u2019\u00e9ducation Picto et le service d\u2019activit\u00e9s p\u00e9dagogiques SCOOP! Apprendre avec l\u2019actualit\u00e9.<\/div><div class=\"simple_line thick special_size\"><\/div><div class=\"service_lnk prk_heavier_600 header_font\"><a class=\"zero_color verve_anchor\" href=\"http:\/\/www.infobourg.com\/\"><\/a><\/div><\/div><\/div>[\/vc_column][vc_column width=\u00a0\u00bb1\/3&Prime;]<div class=\"prk_service prk_service_left verve_smaller_service wpb_animate_when_almost_visible wpb_bottom-to-top delay-400\" data-color=\"default\" data-default=\"#0ab6d1\"><i class=\"verve_fa-road colored_link_icon small_headings_color\" style=\"color:#0ab6d1\"><\/i><div class=\"clearfix\"><\/div><div class=\"prk_service_ctt\"><h4 class=\"big zero_color header_font prk_heavier_600\">Inforoute FPT<\/h4><div class=\"clearfix\"><\/div><div class=\"service_inner_desc verve_service_desc wpb_text_column prk_9_em\">En constante \u00e9volution, l'Inforoute FPT est devenue la r\u00e9f\u00e9rence par excellence dans le domaine de la formation professionnelle et technique au Qu\u00e9bec. Le site couvre de nombreux dossiers MEESR et offre une multitude de produits et services directement li\u00e9s \u00e0 l'\u00e9ducation.<\/div><div class=\"simple_line thick special_size\"><\/div><div class=\"service_lnk prk_heavier_600 header_font\"><a class=\"zero_color verve_anchor\" href=\"https:\/\/www.inforoutefpt.org\/\"><\/a><\/div><\/div><\/div>[\/vc_column][\/vc_row][vc_row top_padding=\u00a0\u00bb72px\u00a0\u00bb][vc_column width=\u00a0\u00bb1\/3&Prime;]<div class=\"prk_service prk_service_left verve_smaller_service wpb_animate_when_almost_visible wpb_bottom-to-top\" data-color=\"default\" data-default=\"#0ab6d1\"><i class=\"mdi mdi-bank colored_link_icon small_headings_color\" style=\"color:#0ab6d1\"><\/i><div class=\"clearfix\"><\/div><div class=\"prk_service_ctt\"><h4 class=\"big zero_color header_font prk_heavier_600\">MEES<\/h4><div class=\"clearfix\"><\/div><div class=\"service_inner_desc verve_service_desc wpb_text_column prk_9_em\">Minist\u00e8re de l'\u00c9ducation et de l'Enseignement sup\u00e9rieur<\/div><div class=\"simple_line thick special_size\"><\/div><div class=\"service_lnk prk_heavier_600 header_font\"><a class=\"zero_color verve_anchor\" href=\"http:\/\/www.education.gouv.qc.ca\/\"><\/a><\/div><\/div><\/div>[vc_column_text custom_css=\u00a0\u00bbmargin-left:50px;\u00a0\u00bb]Lieu pour trouver des documents de r\u00e9f\u00e9rences tels que <a href=\"http:\/\/www.education.gouv.qc.ca\/fileadmin\/site_web\/documents\/publications\/anterieur\/formation_ens.pdf\" target=\"_new\">La formation \u00e0 l&rsquo;enseignement-Les orientations et les comp\u00e9tences professionnelles<\/a>, les <a href=\"http:\/\/www.education.gouv.qc.ca\/references\/lois-et-reglements\" target=\"_new\">lois et r\u00e8glements<\/a>, les <a href=\"http:\/\/www.education.gouv.qc.ca\/references\/lois-et-reglements\/regimes-pedagogiques\" target=\"_new\">r\u00e9gimes p\u00e9dagogiques<\/a>, la <a href=\"http:\/\/www.education.gouv.qc.ca\/references\/lois-et-reglements\/reglements-administres-par-le-ministere-de-leducation-du-loisir-et-du-sport\/education-prescolaire-enseignement-primaire-et-secondaire\" target=\"_new\">charte de la langue fran\u00e7aise<\/a>, la <a href=\"http:\/\/www2.publicationsduquebec.gouv.qc.ca\/dynamicSearch\/telecharge.php?type=2&amp;file=\/I_13_3\/I13_3.html\" target=\"_new\">loi sur l&rsquo;instruction publique<\/a> et le <a href=\"https:\/\/www7.meesr.gouv.qc.ca\/dc\/evaluation\" target=\"_new\">cadre d&rsquo;\u00e9valuation des apprentissages<\/a>.[\/vc_column_text][\/vc_column][vc_column width=\u00a0\u00bb1\/3&Prime;]<div class=\"prk_service prk_service_left verve_smaller_service wpb_animate_when_almost_visible wpb_bottom-to-top\" data-color=\"default\" data-default=\"#0ab6d1\"><i class=\"mdi mdi-book-open colored_link_icon small_headings_color\" style=\"color:#0ab6d1\"><\/i><div class=\"clearfix\"><\/div><div class=\"prk_service_ctt\"><h4 class=\"big zero_color header_font prk_heavier_600\">PROCEDE<\/h4><div class=\"clearfix\"><\/div><div class=\"service_inner_desc verve_service_desc wpb_text_column prk_9_em\">L\u2019Association provinciale des directeurs des services de l\u2019\u00e9ducation permanente, secteur anglophone (PROCEDE) a \u00e9t\u00e9 \u00e9tablie en 1976 pour appuyer le d\u00e9veloppement et la dispense d\u2019\u00e9ducation aux adultes et de la formation professionnelle en anglais.<\/div><div class=\"simple_line thick special_size\"><\/div><div class=\"service_lnk prk_heavier_600 header_font\"><a class=\"zero_color verve_anchor\" href=\"http:\/\/procede-lifelonglearning.ca\/fr\/\"><\/a><\/div><\/div><\/div>[\/vc_column][vc_column width=\u00a0\u00bb1\/3&Prime;]<div class=\"prk_service prk_service_left verve_smaller_service wpb_animate_when_almost_visible wpb_bottom-to-top delay-400\" data-color=\"default\" data-default=\"#0ab6d1\"><i class=\"verve_fa-location-arrow colored_link_icon small_headings_color\" style=\"color:#0ab6d1\"><\/i><div class=\"clearfix\"><\/div><div class=\"prk_service_ctt\"><h4 class=\"big zero_color header_font prk_heavier_600\">REP\u00c8RES<\/h4><div class=\"clearfix\"><\/div><div class=\"service_inner_desc verve_service_desc wpb_text_column prk_9_em\">Rep\u00e8res est un site d'information sur les professions, les programmes de formation, les \u00e9tablissements scolaire, etc. Il n\u00e9cessite l'achat d'un abonnement.<\/div><div class=\"simple_line thick special_size\"><\/div><div class=\"service_lnk prk_heavier_600 header_font\"><a class=\"zero_color verve_anchor\" href=\"https:\/\/www.reperes.qc.ca\/asp\/reperes.aspx\"><\/a><\/div><\/div><\/div>[\/vc_column][\/vc_row][vc_row top_padding=\u00a0\u00bb72px\u00a0\u00bb][vc_column width=\u00a0\u00bb1\/3&Prime;]<div class=\"prk_service prk_service_left verve_smaller_service wpb_animate_when_almost_visible wpb_bottom-to-top\" data-color=\"default\" data-default=\"#0ab6d1\"><i class=\"mdi mdi-math-compass colored_link_icon small_headings_color\" style=\"color:#0ab6d1\"><\/i><div class=\"clearfix\"><\/div><div class=\"prk_service_ctt\"><h4 class=\"big zero_color header_font prk_heavier_600\">Ressources en math\u00e9matiques FBD<\/h4><div class=\"clearfix\"><\/div><div class=\"service_inner_desc verve_service_desc wpb_text_column prk_9_em\">Ce site cr\u00e9\u00e9 par France Garnier pr\u00e9sente une panoplie de ressources en math\u00e9matiques FBD qui pourraient s'av\u00e9rer utiles dans la pr\u00e9paration des nouveaux cours.<\/div><div class=\"simple_line thick special_size\"><\/div><div class=\"service_lnk prk_heavier_600 header_font\"><a class=\"zero_color verve_anchor\" href=\"http:\/\/fgaressourcesmathsfbd.weebly.com\/\"><\/a><\/div><\/div><\/div>[\/vc_column][vc_column width=\u00a0\u00bb1\/3&Prime;]<div class=\"prk_service prk_service_left verve_smaller_service wpb_animate_when_almost_visible wpb_bottom-to-top\" data-color=\"default\" data-default=\"#0ab6d1\"><i class=\"mdi mdi-tooltip-edit colored_link_icon small_headings_color\" style=\"color:#0ab6d1\"><\/i><div class=\"clearfix\"><\/div><div class=\"prk_service_ctt\"><h4 class=\"big zero_color header_font prk_heavier_600\">Service national du R\u00c9CIT en formation professionnelle<\/h4><div class=\"clearfix\"><\/div><div class=\"service_inner_desc verve_service_desc wpb_text_column prk_9_em\">Le service national du R\u00c9CIT en formation professionnelle a pour mandat de favoriser le d\u00e9veloppement de comp\u00e9tences chez les enseignants et les \u00e9tudiants de FP par l\u2019utilisation p\u00e9dagogique des TIC (technologies de l\u2019information et des communications).<\/div><div class=\"simple_line thick special_size\"><\/div><div class=\"service_lnk prk_heavier_600 header_font\"><a class=\"zero_color verve_anchor\" href=\"http:\/\/www.recitfp.qc.ca\/\"><\/a><\/div><\/div><\/div>[\/vc_column][vc_column width=\u00a0\u00bb1\/3&Prime;]<div class=\"prk_service prk_service_left verve_smaller_service wpb_animate_when_almost_visible wpb_bottom-to-top delay-400\" data-color=\"default\" data-default=\"#0ab6d1\"><i class=\"verve_fa-weixin colored_link_icon small_headings_color\" style=\"color:#0ab6d1\"><\/i><div class=\"clearfix\"><\/div><div class=\"prk_service_ctt\"><h4 class=\"big zero_color header_font prk_heavier_600\">REFAD<\/h4><div class=\"clearfix\"><\/div><div class=\"service_inner_desc verve_service_desc wpb_text_column prk_9_em\">``Depuis 1988, le REFAD r\u00e9unit les personnes et les organisations int\u00e9ress\u00e9es \u00e0 promouvoir et d\u00e9velopper l'\u00e9ducation en fran\u00e7ais par le biais de l'\u00e9ducation \u00e0 distance.`` Tir\u00e9 du site<\/div><div class=\"simple_line thick special_size\"><\/div><div class=\"service_lnk prk_heavier_600 header_font\"><a class=\"zero_color verve_anchor\" href=\"http:\/\/www.refad.ca\/\"><\/a><\/div><\/div><\/div>[\/vc_column][\/vc_row][vc_row top_padding=\u00a0\u00bb72px\u00a0\u00bb][vc_column width=\u00a0\u00bb1\/3&Prime;]<div class=\"prk_service prk_service_left verve_smaller_service wpb_animate_when_almost_visible wpb_bottom-to-top\" data-color=\"default\" data-default=\"#0ab6d1\"><i class=\"mdi mdi-access-point colored_link_icon small_headings_color\" style=\"color:#0ab6d1\"><\/i><div class=\"clearfix\"><\/div><div class=\"prk_service_ctt\"><h4 class=\"big zero_color header_font prk_heavier_600\">RIRE<\/h4><div class=\"clearfix\"><\/div><div class=\"service_inner_desc verve_service_desc wpb_text_column prk_9_em\">Le R\u00e9seau d\u2019information pour la r\u00e9ussite \u00e9ducative (RIRE) diffuse de l\u2019information susceptible de r\u00e9pondre aux besoins des acteurs de la r\u00e9ussite \u00e9ducative. Cette information est rep\u00e9r\u00e9e gr\u00e2ce aux activit\u00e9s de veille du Centre de transfert pour la r\u00e9ussite \u00e9ducative du Qu\u00e9bec (CTREQ).<\/div><div class=\"simple_line thick special_size\"><\/div><div class=\"service_lnk prk_heavier_600 header_font\"><a class=\"zero_color verve_anchor\" href=\"http:\/\/rire.ctreq.qc.ca\/\"><\/a><\/div><\/div><\/div>[\/vc_column][vc_column width=\u00a0\u00bb1\/3&Prime;]<div class=\"prk_service prk_service_left verve_smaller_service wpb_animate_when_almost_visible wpb_bottom-to-top\" data-color=\"default\" data-default=\"#0ab6d1\"><i class=\"mdi mdi-account-multiple-outline colored_link_icon small_headings_color\" style=\"color:#0ab6d1\"><\/i><div class=\"clearfix\"><\/div><div class=\"prk_service_ctt\"><h4 class=\"big zero_color header_font prk_heavier_600\">TR\u00c9AQFP<\/h4><div class=\"clearfix\"><\/div><div class=\"service_inner_desc verve_service_desc wpb_text_column prk_9_em\">Table des responsables de l\u2019\u00e9ducation des adultes et de la formation professionnelle des commissions scolaires du Qu\u00e9bec. Ce site s\u2019adresse plus particuli\u00e8rement \u00e0 tous les cadres et hors cadres des services et des centres d'\u00e9ducation des adultes, de formation professionnelle et de services aux entreprises.<\/div><div class=\"simple_line thick special_size\"><\/div><div class=\"service_lnk prk_heavier_600 header_font\"><a class=\"zero_color verve_anchor\" href=\"http:\/\/treaqfp.qc.ca\/\"><\/a><\/div><\/div><\/div>[\/vc_column][vc_column width=\u00a0\u00bb1\/3&Prime;]<div class=\"prk_service prk_service_left verve_smaller_service wpb_animate_when_almost_visible wpb_bottom-to-top delay-400\" data-color=\"default\" data-default=\"#0ab6d1\"><i class=\"verve_fa-universal-access colored_link_icon small_headings_color\" style=\"color:#0ab6d1\"><\/i><div class=\"clearfix\"><\/div><div class=\"prk_service_ctt\"><h4 class=\"big zero_color header_font prk_heavier_600\">Thot Cursus<\/h4><div class=\"clearfix\"><\/div><div class=\"service_inner_desc verve_service_desc wpb_text_column prk_9_em\">Ce site est d\u00e9di\u00e9 \u00e0 la promotion de la formation et de l'utilisation des outils num\u00e9riques pour l'\u00e9ducation et la culture.<\/div><div class=\"simple_line thick special_size\"><\/div><div class=\"service_lnk prk_heavier_600 header_font\"><a class=\"zero_color verve_anchor\" href=\"http:\/\/cursus.edu\/\"><\/a><\/div><\/div><\/div>[\/vc_column][\/vc_row][vc_row top_padding=\u00a0\u00bb54px\u00a0\u00bb][vc_column width=\u00a0\u00bb1\/3&Prime;]<div class=\"prk_service prk_service_left verve_smaller_service wpb_animate_when_almost_visible wpb_bottom-to-top\" data-color=\"default\" data-default=\"#0ab6d1\"><i class=\"verve_fa-user colored_link_icon small_headings_color\" style=\"color:#0ab6d1\"><\/i><div class=\"clearfix\"><\/div><div class=\"prk_service_ctt\"><h4 class=\"big zero_color header_font prk_heavier_600\">Pinterest de Marc-Andr\u00e9<\/h4><div class=\"clearfix\"><\/div><div class=\"service_inner_desc verve_service_desc wpb_text_column prk_9_em\">Get on ``boards`` and access the videos and other material the RECIT Provincial Service for FGA has curated for every educator's professional development. Furthermore, if you haven't discovered Pinterest yet, you'll instantly see how you can use this amazingly simple tool to curate material for your classes.<\/div><div class=\"simple_line thick special_size\"><\/div><div class=\"service_lnk prk_heavier_600 header_font\"><a class=\"zero_color verve_anchor\" href=\"https:\/\/www.pinterest.com\/lalandema\/\"><\/a><\/div><\/div><\/div><div class=\"verve_spacer clearfix\" style=\"height:18px;\"><\/div>[\/vc_column][vc_column width=\u00a0\u00bb1\/3&Prime;]<div class=\"prk_service prk_service_left verve_smaller_service wpb_animate_when_almost_visible wpb_bottom-to-top\" data-color=\"default\" data-default=\"#0ab6d1\"><i class=\"mdi mdi-thumb-up-outline colored_link_icon small_headings_color\" style=\"color:#0ab6d1\"><\/i><div class=\"clearfix\"><\/div><div class=\"prk_service_ctt\"><h4 class=\"big zero_color header_font prk_heavier_600\">Suggestion?<\/h4><div class=\"clearfix\"><\/div><div class=\"service_inner_desc verve_service_desc wpb_text_column prk_9_em\">Un lien utile \u00e0 nous sugg\u00e9rer?<\/div><div class=\"simple_line thick special_size\"><\/div><div class=\"service_lnk prk_heavier_600 header_font\"><a class=\"zero_color verve_anchor\" href=\"http:\/\/www.accompagnementfga.ca\/carrefourfga\/#nousjoindre\">Nous joindre<\/a><\/div><\/div><\/div><div class=\"verve_spacer clearfix\" style=\"height:18px;\"><\/div>[\/vc_column][vc_column width=\u00a0\u00bb1\/3&Prime;][vc_single_image image=\u00a0\u00bb1155&Prime; img_size=\u00a0\u00bbfull\u00a0\u00bb]<div class=\"verve_spacer clearfix\" style=\"height:18px;\"><\/div>[\/vc_column][\/vc_row][vc_row top_padding=\u00a0\u00bb90px\u00a0\u00bb bottom_padding=\u00a0\u00bb82px\u00a0\u00bb bk_element=\u00a0\u00bbimage\u00a0\u00bb bg_image_repeat=\u00a0\u00bbverve_cover\u00a0\u00bb el_class=\u00a0\u00bbverve_retina\u00a0\u00bb bg_image=\u00a0\u00bb8&Prime;][vc_column width=\u00a0\u00bb1\/1&Prime;]<div class=\"verve_spacer clearfix\" style=\"height:18px;\"><\/div>[\/vc_column][\/vc_row]\n","protected":false},"excerpt":{"rendered":"<p>[vc_row top_padding=\u00a0\u00bb186px\u00a0\u00bb bottom_padding=\u00a0\u00bb196px\u00a0\u00bb bk_element=\u00a0\u00bbimage\u00a0\u00bb preload_bk=\u00a0\u00bbyes\u00a0\u00bb bg_image_repeat=\u00a0\u00bbverve_cover_bottom\u00a0\u00bb bg_image=\u00a0\u00bb680&Prime;][vc_column width=\u00a0\u00bb1\/1&Prime;][\/vc_column][\/vc_row][vc_row top_padding=\u00a0\u00bb72px\u00a0\u00bb][vc_column width=\u00a0\u00bb1\/3&Prime;][\/vc_column][vc_column width=\u00a0\u00bb1\/3&Prime;][\/vc_column][vc_column width=\u00a0\u00bb1\/3&Prime;][\/vc_column][\/vc_row][vc_row top_padding=\u00a0\u00bb72px\u00a0\u00bb][vc_column width=\u00a0\u00bb1\/3&Prime;][\/vc_column][vc_column width=\u00a0\u00bb1\/3&Prime;][\/vc_column][vc_column width=\u00a0\u00bb1\/3&Prime;][\/vc_column][\/vc_row][vc_row top_padding=\u00a0\u00bb72px\u00a0\u00bb][vc_column width=\u00a0\u00bb1\/3&Prime;][\/vc_column][vc_column width=\u00a0\u00bb1\/3&Prime;][\/vc_column][vc_column width=\u00a0\u00bb1\/3&Prime;][\/vc_column][\/vc_row][vc_row top_padding=\u00a0\u00bb72px\u00a0\u00bb][vc_column width=\u00a0\u00bb1\/3&Prime;][\/vc_column][vc_column width=\u00a0\u00bb1\/3&Prime;][\/vc_column][vc_column width=\u00a0\u00bb1\/3&Prime;][\/vc_column][\/vc_row][vc_row top_padding=\u00a0\u00bb72px\u00a0\u00bb][vc_column width=\u00a0\u00bb1\/3&Prime;][\/vc_column][vc_column width=\u00a0\u00bb1\/3&Prime;][\/vc_column][vc_column width=\u00a0\u00bb1\/3&Prime;][\/vc_column][\/vc_row][vc_row top_padding=\u00a0\u00bb72px\u00a0\u00bb][vc_column width=\u00a0\u00bb1\/3&Prime;][vc_column_text custom_css=\u00a0\u00bbmargin-left:50px;\u00a0\u00bb]Lieu pour trouver des documents de r\u00e9f\u00e9rences tels que La formation \u00e0 l&rsquo;enseignement-Les orientations et les comp\u00e9tences professionnelles, les lois et r\u00e8glements, les r\u00e9gimes p\u00e9dagogiques, [&hellip;]<\/p>\n","protected":false},"author":1,"featured_media":0,"parent":0,"menu_order":0,"comment_status":"closed","ping_status":"closed","template":"","meta":{"footnotes":""},"_links":{"self":[{"href":"http:\/\/www.accompagnementfga.ca\/carrefourfga\/wp-json\/wp\/v2\/pages\/1290"}],"collection":[{"href":"http:\/\/www.accompagnementfga.ca\/carrefourfga\/wp-json\/wp\/v2\/pages"}],"about":[{"href":"http:\/\/www.accompagnementfga.ca\/carrefourfga\/wp-json\/wp\/v2\/types\/page"}],"author":[{"embeddable":true,"href":"http:\/\/www.accompagnementfga.ca\/carrefourfga\/wp-json\/wp\/v2\/users\/1"}],"replies":[{"embeddable":true,"href":"http:\/\/www.accompagnementfga.ca\/carrefourfga\/wp-json\/wp\/v2\/comments?post=1290"}],"version-history":[{"count":21,"href":"http:\/\/www.accompagnementfga.ca\/carrefourfga\/wp-json\/wp\/v2\/pages\/1290\/revisions"}],"predecessor-version":[{"id":1389,"href":"http:\/\/www.accompagnementfga.ca\/carrefourfga\/wp-json\/wp\/v2\/pages\/1290\/revisions\/1389"}],"wp:attachment":[{"href":"http:\/\/www.accompagnementfga.ca\/carrefourfga\/wp-json\/wp\/v2\/media?parent=1290"}],"curies":[{"name":"wp","href":"https:\/\/api.w.org\/{rel}","templated":true}]}}